{"id":23631,"date":"2017-12-25T18:58:39","date_gmt":"2017-12-25T17:58:39","guid":{"rendered":"https:\/\/www.ern.org\/?page_id=3400"},"modified":"2026-04-10T07:43:31","modified_gmt":"2026-04-10T05:43:31","slug":"big-jump-survol","status":"publish","type":"page","link":"https:\/\/www.ern.org\/fr\/big-jump-survol\/","title":{"rendered":"Big Jump survol"},"content":{"rendered":"\n<style type=\"text\/css\" data-created_by=\"avia_inline_auto\" id=\"style-css-av-39dw8p-dce17751be8c296b258eee8874e0a238\">\n#top .av_textblock_section.av-39dw8p-dce17751be8c296b258eee8874e0a238 .avia_textblock{\nfont-size:18px;\n}\n<\/style>\n<section  class='av_textblock_section av-39dw8p-dce17751be8c296b258eee8874e0a238 '   itemscope=\"itemscope\" itemtype=\"https:\/\/schema.org\/CreativeWork\" ><div class='avia_textblock'  itemprop=\"text\" ><h2 style=\"text-align: center;\"><img loading=\"lazy\" decoding=\"async\" class=\"alignnone wp-image-3382\" src=\"http:\/\/www.ern.org\/wp-content\/uploads\/2017\/12\/big-jump-EFD.jpg\" alt=\"\" width=\"800\" height=\"416\" \/><br \/>\nJourn\u00e9es europ\u00e9ennes de la baignade en rivi\u00e8re<\/h2>\n<p style=\"text-align: center;\">Dans l&rsquo;Eau &#8211; pour l&rsquo;Eau et pour des rivi\u00e8res vivantes !<br \/>\nToute\u00a0le monde se baigne, se mouille, informe ou proteste le m\u00eame jour, \u00e0 la m\u00eame heure, dans toutes les rivi\u00e8res d&rsquo;Europe, partout, des sources et glaciers jusqu&rsquo;\u00e0 l\u2019oc\u00e9an.\u00a0Depuis 2005 \u00a0plus de 2 000 \u00e9v\u00e9nements dans 34 pays ont r\u00e9unit plus de 200 000 citoyennes et citoyens.<\/p>\n<h1 style=\"text-align: center;\">chaque ann\u00e9e le deuxi\u00e8me dimanche de juillet<\/h1>\n<h1 style=\"text-align: center;\"><span style=\"color: #ff0000;\"><span style=\"color: #000000;\">Plus d&rsquo;infos :\u00a0<\/span><\/span><strong><span style=\"color: #ff0000;\"><br \/>\n<a href=\"https:\/\/www.bigjump.org\/fr\/\">www.bigjump.org\u00a0<\/a><\/span><\/strong><\/h1>\n<\/div><\/section>\n\n<style type=\"text\/css\" data-created_by=\"avia_inline_auto\" id=\"style-css-av-4l4uyw-4ac35ef561cfc1fb66d16986aacd84e7\">\n.flex_column.av-4l4uyw-4ac35ef561cfc1fb66d16986aacd84e7{\nborder-radius:0px 0px 0px 0px;\npadding:0px 0px 0px 0px;\n}\n<\/style>\n<div  class='flex_column av-4l4uyw-4ac35ef561cfc1fb66d16986aacd84e7 av_one_full  avia-builder-el-1  el_after_av_textblock  el_before_av_one_full  first flex_column_div av-zero-column-padding  column-top-margin'     ><p>\n<style type=\"text\/css\" data-created_by=\"avia_inline_auto\" id=\"style-css-av-k5gteyn5-e2e0f2ee79f9603be7c86a725ecb07b6\">\n#top .av-special-heading.av-k5gteyn5-e2e0f2ee79f9603be7c86a725ecb07b6{\npadding-bottom:10px;\n}\nbody .av-special-heading.av-k5gteyn5-e2e0f2ee79f9603be7c86a725ecb07b6 .av-special-heading-tag .heading-char{\nfont-size:25px;\n}\n.av-special-heading.av-k5gteyn5-e2e0f2ee79f9603be7c86a725ecb07b6 .av-subheading{\nfont-size:15px;\n}\n<\/style>\n<div  class='av-special-heading av-k5gteyn5-e2e0f2ee79f9603be7c86a725ecb07b6 av-special-heading-h2 blockquote modern-quote  avia-builder-el-2  el_before_av_hr  avia-builder-el-first '><div class='av-subheading av-subheading_above'><p>Big Jump<\/p>\n<\/div><h2 class='av-special-heading-tag '  itemprop=\"headline\"  >Actualit\u00e9s<\/h2><div class=\"special-heading-border\"><div class=\"special-heading-inner-border\"><\/div><\/div><\/div><br \/>\n<div  class='hr av-23f1tk-a330432c6d23cf46884561f2742fdf40 hr-default  avia-builder-el-3  el_after_av_heading  el_before_av_blog '><span class='hr-inner '><span class=\"hr-inner-style\"><\/span><\/span><\/div><br \/>\n<div  data-slideshow-options=\"{&quot;animation&quot;:&quot;fade&quot;,&quot;autoplay&quot;:false,&quot;loop_autoplay&quot;:&quot;once&quot;,&quot;interval&quot;:5,&quot;loop_manual&quot;:&quot;manual-endless&quot;,&quot;autoplay_stopper&quot;:false,&quot;noNavigation&quot;:false,&quot;show_slide_delay&quot;:90}\" class='avia-content-slider avia-content-grid-active avia-content-slider1 avia-content-slider-even  avia-builder-el-4  el_after_av_hr  avia-builder-el-last  av-slideshow-ui av-control-default   av-no-slider-navigation av-slideshow-manual av-loop-once av-loop-manual-endless '  itemscope=\"itemscope\" itemtype=\"https:\/\/schema.org\/Blog\" ><div class=\"avia-content-slider-inner\"><div class=\"slide-entry-wrap\"><article class='slide-entry flex_column  post-entry post-entry-23937 slide-entry-overview slide-loop-1 slide-parity-odd  av_one_fourth first real-thumbnail posttype-post post-format-standard'  itemscope=\"itemscope\" itemtype=\"https:\/\/schema.org\/CreativeWork\" ><a href='https:\/\/www.ern.org\/fr\/une-centaine-de-big-jump-enregistre-dans-toute-leurope\/' data-rel='slide-1' class='slide-image' title='Une centaine de Big Jump enregistr\u00e9 dans toute l&rsquo;Europe'><img decoding=\"async\" fetchpriority=\"high\" width=\"260\" height=\"185\" src=\"https:\/\/www.ern.org\/wp-content\/uploads\/2017\/12\/big-jump-EFD-e1594741817569-1-260x185.jpg\" class=\"wp-image-18686 avia-img-lazy-loading-not-18686 attachment-portfolio_small size-portfolio_small wp-post-image\" alt=\"Logo Big Jump\" \/><\/a><div class=\"slide-content\"><header class=\"entry-content-header\" aria-label=\"Slide: Une centaine de Big Jump enregistr\u00e9 dans toute l&#039;Europe\"><h3 class='slide-entry-title entry-title '  itemprop=\"headline\" ><a href='https:\/\/www.ern.org\/fr\/une-centaine-de-big-jump-enregistre-dans-toute-leurope\/' title='Une centaine de Big Jump enregistr\u00e9 dans toute l&rsquo;Europe'>Une centaine de Big Jump enregistr\u00e9 dans toute l&rsquo;Europe<\/a><\/h3><span class=\"av-vertical-delimiter\"><\/span><\/header><div class=\"slide-meta\"><time class='slide-meta-time updated'  itemprop=\"datePublished\" datetime=\"2024-07-18T17:29:03+02:00\" >juillet 18, 2024<\/time><div class=\"slide-meta-del\">\/<\/div><div class=\"slide-meta-comments\"><a href='https:\/\/www.ern.org\/fr\/une-centaine-de-big-jump-enregistre-dans-toute-leurope\/#respond'>0 Commentaires<\/a><\/div><\/div><div class='slide-entry-excerpt entry-content'  itemprop=\"text\" ><div class=\"read-more-link\"><a href=\"https:\/\/www.ern.org\/fr\/une-centaine-de-big-jump-enregistre-dans-toute-leurope\/\" class=\"more-link\">Lire la suite<span class='more-link-arrow avia-svg-icon avia-font-svg_entypo-fontello' data-av_svg_icon='right-open-big' data-av_iconset='svg_entypo-fontello'><svg version=\"1.1\" xmlns=\"http:\/\/www.w3.org\/2000\/svg\" width=\"15\" height=\"32\" viewBox=\"0 0 15 32\" preserveAspectRatio=\"xMidYMid meet\" role=\"graphics-symbol\" aria-hidden=\"true\">\n<path d=\"M0.416 27.84l11.456-11.84-11.456-11.904q-0.832-0.832 0-1.536 0.832-0.832 1.536 0l12.544 12.608q0.768 0.832 0 1.6l-12.544 12.608q-0.704 0.832-1.536 0-0.832-0.704 0-1.536z\"><\/path>\n<\/svg><\/span><\/a><\/div><\/div><\/div><footer class=\"entry-footer\"><\/footer><span class='hidden'>\n\t\t\t\t<span class='av-structured-data'  itemprop=\"image\" itemscope=\"itemscope\" itemtype=\"https:\/\/schema.org\/ImageObject\" >\n\t\t\t\t\t\t<span itemprop='url'>https:\/\/www.ern.org\/wp-content\/uploads\/2017\/12\/big-jump-EFD-e1594741817569-1.jpg<\/span>\n\t\t\t\t\t\t<span itemprop='height'>260<\/span>\n\t\t\t\t\t\t<span itemprop='width'>500<\/span>\n\t\t\t\t<\/span>\n\t\t\t\t<span class='av-structured-data'  itemprop=\"publisher\" itemtype=\"https:\/\/schema.org\/Organization\" itemscope=\"itemscope\" >\n\t\t\t\t\t\t<span itemprop='name'>ERN<\/span>\n\t\t\t\t\t\t<span itemprop='logo' itemscope itemtype='https:\/\/schema.org\/ImageObject'>\n\t\t\t\t\t\t\t<span itemprop='url'>https:\/\/www.ern.org\/wp-content\/uploads\/2026\/03\/ERN_logo-300x226.webp<\/span>\n\t\t\t\t\t\t<\/span>\n\t\t\t\t<\/span><span class='av-structured-data'  itemprop=\"author\" itemscope=\"itemscope\" itemtype=\"https:\/\/schema.org\/Person\" ><span itemprop='name'>ERN<\/span><\/span><span class='av-structured-data'  itemprop=\"datePublished\" datetime=\"2017-12-25T18:58:39+01:00\" >2024-07-18 17:29:03<\/span><span class='av-structured-data'  itemprop=\"dateModified\" itemtype=\"https:\/\/schema.org\/dateModified\" >2026-04-16 14:03:04<\/span><span class='av-structured-data'  itemprop=\"mainEntityOfPage\" itemtype=\"https:\/\/schema.org\/mainEntityOfPage\" ><span itemprop='name'>Une centaine de Big Jump enregistr\u00e9 dans toute l&rsquo;Europe<\/span><\/span><\/span><\/article><article class='slide-entry flex_column  post-entry post-entry-23932 slide-entry-overview slide-loop-2 slide-parity-even  av_one_fourth  real-thumbnail posttype-post post-format-standard'  itemscope=\"itemscope\" itemtype=\"https:\/\/schema.org\/CreativeWork\" ><a href='https:\/\/www.ern.org\/fr\/un-nouveau-rapport-du-wwf-france-alerte-sur-le-declin-de-la-biodiversite-dans-les-rivieres-francaises-hexagonales\/' data-rel='slide-1' class='slide-image' title='Un nouveau rapport du WWF France alerte sur le d\u00e9clin de la biodiversit\u00e9 dans les rivi\u00e8res fran\u00e7aises hexagonales'><img decoding=\"async\" fetchpriority=\"high\" width=\"150\" height=\"185\" src=\"https:\/\/www.ern.org\/wp-content\/uploads\/2017\/01\/WWF-e1615062635185-1-150x185.gif\" class=\"wp-image-1456 avia-img-lazy-loading-not-1456 attachment-portfolio_small size-portfolio_small wp-post-image\" alt=\"\" \/><\/a><div class=\"slide-content\"><header class=\"entry-content-header\" aria-label=\"Slide: Un nouveau rapport du WWF France alerte sur le d\u00e9clin de la biodiversit\u00e9 dans les rivi\u00e8res fran\u00e7aises hexagonales\"><h3 class='slide-entry-title entry-title '  itemprop=\"headline\" ><a href='https:\/\/www.ern.org\/fr\/un-nouveau-rapport-du-wwf-france-alerte-sur-le-declin-de-la-biodiversite-dans-les-rivieres-francaises-hexagonales\/' title='Un nouveau rapport du WWF France alerte sur le d\u00e9clin de la biodiversit\u00e9 dans les rivi\u00e8res fran\u00e7aises hexagonales'>Un nouveau rapport du WWF France alerte sur le d\u00e9clin de la biodiversit\u00e9 dans les rivi\u00e8res fran\u00e7aises hexagonales<\/a><\/h3><span class=\"av-vertical-delimiter\"><\/span><\/header><div class=\"slide-meta\"><time class='slide-meta-time updated'  itemprop=\"datePublished\" datetime=\"2024-05-23T17:03:33+02:00\" >mai 23, 2024<\/time><div class=\"slide-meta-del\">\/<\/div><div class=\"slide-meta-comments\"><a href='https:\/\/www.ern.org\/fr\/un-nouveau-rapport-du-wwf-france-alerte-sur-le-declin-de-la-biodiversite-dans-les-rivieres-francaises-hexagonales\/#respond'>0 Commentaires<\/a><\/div><\/div><div class='slide-entry-excerpt entry-content'  itemprop=\"text\" ><div class=\"read-more-link\"><a href=\"https:\/\/www.ern.org\/fr\/un-nouveau-rapport-du-wwf-france-alerte-sur-le-declin-de-la-biodiversite-dans-les-rivieres-francaises-hexagonales\/\" class=\"more-link\">Lire la suite<span class='more-link-arrow avia-svg-icon avia-font-svg_entypo-fontello' data-av_svg_icon='right-open-big' data-av_iconset='svg_entypo-fontello'><svg version=\"1.1\" xmlns=\"http:\/\/www.w3.org\/2000\/svg\" width=\"15\" height=\"32\" viewBox=\"0 0 15 32\" preserveAspectRatio=\"xMidYMid meet\" role=\"graphics-symbol\" aria-hidden=\"true\">\n<path d=\"M0.416 27.84l11.456-11.84-11.456-11.904q-0.832-0.832 0-1.536 0.832-0.832 1.536 0l12.544 12.608q0.768 0.832 0 1.6l-12.544 12.608q-0.704 0.832-1.536 0-0.832-0.704 0-1.536z\"><\/path>\n<\/svg><\/span><\/a><\/div><\/div><\/div><footer class=\"entry-footer\"><\/footer><span class='hidden'>\n\t\t\t\t<span class='av-structured-data'  itemprop=\"image\" itemscope=\"itemscope\" itemtype=\"https:\/\/schema.org\/ImageObject\" >\n\t\t\t\t\t\t<span itemprop='url'>https:\/\/www.ern.org\/wp-content\/uploads\/2017\/01\/WWF-e1615062635185-1.gif<\/span>\n\t\t\t\t\t\t<span itemprop='height'>223<\/span>\n\t\t\t\t\t\t<span itemprop='width'>150<\/span>\n\t\t\t\t<\/span>\n\t\t\t\t<span class='av-structured-data'  itemprop=\"publisher\" itemtype=\"https:\/\/schema.org\/Organization\" itemscope=\"itemscope\" >\n\t\t\t\t\t\t<span itemprop='name'>ERN<\/span>\n\t\t\t\t\t\t<span itemprop='logo' itemscope itemtype='https:\/\/schema.org\/ImageObject'>\n\t\t\t\t\t\t\t<span itemprop='url'>https:\/\/www.ern.org\/wp-content\/uploads\/2026\/03\/ERN_logo-300x226.webp<\/span>\n\t\t\t\t\t\t<\/span>\n\t\t\t\t<\/span><span class='av-structured-data'  itemprop=\"author\" itemscope=\"itemscope\" itemtype=\"https:\/\/schema.org\/Person\" ><span itemprop='name'>ERN<\/span><\/span><span class='av-structured-data'  itemprop=\"datePublished\" datetime=\"2017-12-25T18:58:39+01:00\" >2024-05-23 17:03:33<\/span><span class='av-structured-data'  itemprop=\"dateModified\" itemtype=\"https:\/\/schema.org\/dateModified\" >2026-04-16 14:03:20<\/span><span class='av-structured-data'  itemprop=\"mainEntityOfPage\" itemtype=\"https:\/\/schema.org\/mainEntityOfPage\" ><span itemprop='name'>Un nouveau rapport du WWF France alerte sur le d\u00e9clin de la biodiversit\u00e9 dans les rivi\u00e8res fran\u00e7aises hexagonales<\/span><\/span><\/span><\/article><article class='slide-entry flex_column  post-entry post-entry-23929 slide-entry-overview slide-loop-3 slide-parity-odd  av_one_fourth  fake-thumbnail posttype-post post-format-standard'  itemscope=\"itemscope\" itemtype=\"https:\/\/schema.org\/CreativeWork\" ><a href='https:\/\/www.ern.org\/fr\/bientot-le-big-jump-preparez-vos-animations\/' data-rel='slide-1' class='slide-image' title='Bient\u00f4t le Big Jump ! Pr\u00e9parez vos animations'><span class='fallback-post-type-icon avia-svg-icon avia-font-svg_entypo-fontello' data-av_svg_icon='pencil' data-av_iconset='svg_entypo-fontello'><svg version=\"1.1\" xmlns=\"http:\/\/www.w3.org\/2000\/svg\" width=\"25\" height=\"32\" viewBox=\"0 0 25 32\" preserveAspectRatio=\"xMidYMid meet\" role=\"graphics-symbol\" aria-hidden=\"true\">\n<path d=\"M22.976 5.44q1.024 1.024 1.504 2.048t0.48 1.536v0.512l-8.064 8.064-9.28 9.216-7.616 1.664 1.6-7.68 9.28-9.216 8.064-8.064q1.728-0.384 4.032 1.92zM7.168 25.92l0.768-0.768q-0.064-1.408-1.664-3.008-0.704-0.704-1.44-1.12t-1.12-0.416l-0.448-0.064-0.704 0.768-0.576 2.56q0.896 0.512 1.472 1.088 0.768 0.768 1.152 1.536z\"><\/path>\n<\/svg><\/span><span class='slider-fallback-image'><img decoding=\"async\" fetchpriority=\"high\" width=\"260\" height=\"185\" src=\"https:\/\/www.ern.org\/wp-content\/uploads\/2021\/06\/twitter_map-1-260x185.jpg\" class=\"wp-image-14842 avia-img-lazy-loading-not-14842 attachment-portfolio_small size-portfolio_small wp-post-image\" alt=\"\" \/><\/span><\/a><div class=\"slide-content\"><header class=\"entry-content-header\" aria-label=\"Slide: Bient\u00f4t le Big Jump ! Pr\u00e9parez vos animations\"><h3 class='slide-entry-title entry-title '  itemprop=\"headline\" ><a href='https:\/\/www.ern.org\/fr\/bientot-le-big-jump-preparez-vos-animations\/' title='Bient\u00f4t le Big Jump ! Pr\u00e9parez vos animations'>Bient\u00f4t le Big Jump ! Pr\u00e9parez vos animations<\/a><\/h3><span class=\"av-vertical-delimiter\"><\/span><\/header><div class=\"slide-meta\"><time class='slide-meta-time updated'  itemprop=\"datePublished\" datetime=\"2024-05-02T12:15:49+02:00\" >mai 2, 2024<\/time><div class=\"slide-meta-del\">\/<\/div><div class=\"slide-meta-comments\"><a href='https:\/\/www.ern.org\/fr\/bientot-le-big-jump-preparez-vos-animations\/#respond'>0 Commentaires<\/a><\/div><\/div><div class='slide-entry-excerpt entry-content'  itemprop=\"text\" ><div class=\"read-more-link\"><a href=\"https:\/\/www.ern.org\/fr\/bientot-le-big-jump-preparez-vos-animations\/\" class=\"more-link\">Lire la suite<span class='more-link-arrow avia-svg-icon avia-font-svg_entypo-fontello' data-av_svg_icon='right-open-big' data-av_iconset='svg_entypo-fontello'><svg version=\"1.1\" xmlns=\"http:\/\/www.w3.org\/2000\/svg\" width=\"15\" height=\"32\" viewBox=\"0 0 15 32\" preserveAspectRatio=\"xMidYMid meet\" role=\"graphics-symbol\" aria-hidden=\"true\">\n<path d=\"M0.416 27.84l11.456-11.84-11.456-11.904q-0.832-0.832 0-1.536 0.832-0.832 1.536 0l12.544 12.608q0.768 0.832 0 1.6l-12.544 12.608q-0.704 0.832-1.536 0-0.832-0.704 0-1.536z\"><\/path>\n<\/svg><\/span><\/a><\/div><\/div><\/div><footer class=\"entry-footer\"><\/footer><span class='hidden'>\n\t\t\t\t<span class='av-structured-data'  itemprop=\"image\" itemscope=\"itemscope\" itemtype=\"https:\/\/schema.org\/ImageObject\" >\n\t\t\t\t\t\t<span itemprop='url'>https:\/\/www.ern.org\/wp-content\/uploads\/2026\/03\/ERN_logo-300x226.webp<\/span>\n\t\t\t\t\t\t<span itemprop='height'>0<\/span>\n\t\t\t\t\t\t<span itemprop='width'>0<\/span>\n\t\t\t\t<\/span>\n\t\t\t\t<span class='av-structured-data'  itemprop=\"publisher\" itemtype=\"https:\/\/schema.org\/Organization\" itemscope=\"itemscope\" >\n\t\t\t\t\t\t<span itemprop='name'>ERN<\/span>\n\t\t\t\t\t\t<span itemprop='logo' itemscope itemtype='https:\/\/schema.org\/ImageObject'>\n\t\t\t\t\t\t\t<span itemprop='url'>https:\/\/www.ern.org\/wp-content\/uploads\/2026\/03\/ERN_logo-300x226.webp<\/span>\n\t\t\t\t\t\t<\/span>\n\t\t\t\t<\/span><span class='av-structured-data'  itemprop=\"author\" itemscope=\"itemscope\" itemtype=\"https:\/\/schema.org\/Person\" ><span itemprop='name'>ERN<\/span><\/span><span class='av-structured-data'  itemprop=\"datePublished\" datetime=\"2017-12-25T18:58:39+01:00\" >2024-05-02 12:15:49<\/span><span class='av-structured-data'  itemprop=\"dateModified\" itemtype=\"https:\/\/schema.org\/dateModified\" >2026-04-16 14:03:34<\/span><span class='av-structured-data'  itemprop=\"mainEntityOfPage\" itemtype=\"https:\/\/schema.org\/mainEntityOfPage\" ><span itemprop='name'>Bient\u00f4t le Big Jump ! Pr\u00e9parez vos animations<\/span><\/span><\/span><\/article><article class='slide-entry flex_column  post-entry post-entry-23917 slide-entry-overview slide-loop-4 slide-parity-even  av_one_fourth  real-thumbnail posttype-post post-format-standard'  itemscope=\"itemscope\" itemtype=\"https:\/\/schema.org\/CreativeWork\" ><a href='https:\/\/www.ern.org\/fr\/lettre-ouverte-la-resilience-dans-le-domaine-de-leau-ne-peut-pas-attendre\/' data-rel='slide-1' class='slide-image' title='Lettre ouverte : La r\u00e9silience dans le domaine de l&rsquo;eau ne peut pas attendre'><img decoding=\"async\" fetchpriority=\"high\" width=\"260\" height=\"185\" src=\"https:\/\/www.ern.org\/wp-content\/uploads\/2018\/07\/LR_1-2-260x185.png\" class=\"wp-image-7060 avia-img-lazy-loading-not-7060 attachment-portfolio_small size-portfolio_small wp-post-image\" alt=\"logo Living Rivers Europe\" \/><\/a><div class=\"slide-content\"><header class=\"entry-content-header\" aria-label=\"Slide: Lettre ouverte : La r\u00e9silience dans le domaine de l&#039;eau ne peut pas attendre\"><h3 class='slide-entry-title entry-title '  itemprop=\"headline\" ><a href='https:\/\/www.ern.org\/fr\/lettre-ouverte-la-resilience-dans-le-domaine-de-leau-ne-peut-pas-attendre\/' title='Lettre ouverte : La r\u00e9silience dans le domaine de l&rsquo;eau ne peut pas attendre'>Lettre ouverte : La r\u00e9silience dans le domaine de l&rsquo;eau ne peut pas attendre<\/a><\/h3><span class=\"av-vertical-delimiter\"><\/span><\/header><div class=\"slide-meta\"><time class='slide-meta-time updated'  itemprop=\"datePublished\" datetime=\"2024-03-05T14:08:09+01:00\" >mars 5, 2024<\/time><div class=\"slide-meta-del\">\/<\/div><div class=\"slide-meta-comments\"><a href='https:\/\/www.ern.org\/fr\/lettre-ouverte-la-resilience-dans-le-domaine-de-leau-ne-peut-pas-attendre\/#respond'>0 Commentaires<\/a><\/div><\/div><div class='slide-entry-excerpt entry-content'  itemprop=\"text\" ><div class=\"read-more-link\"><a href=\"https:\/\/www.ern.org\/fr\/lettre-ouverte-la-resilience-dans-le-domaine-de-leau-ne-peut-pas-attendre\/\" class=\"more-link\">Lire la suite<span class='more-link-arrow avia-svg-icon avia-font-svg_entypo-fontello' data-av_svg_icon='right-open-big' data-av_iconset='svg_entypo-fontello'><svg version=\"1.1\" xmlns=\"http:\/\/www.w3.org\/2000\/svg\" width=\"15\" height=\"32\" viewBox=\"0 0 15 32\" preserveAspectRatio=\"xMidYMid meet\" role=\"graphics-symbol\" aria-hidden=\"true\">\n<path d=\"M0.416 27.84l11.456-11.84-11.456-11.904q-0.832-0.832 0-1.536 0.832-0.832 1.536 0l12.544 12.608q0.768 0.832 0 1.6l-12.544 12.608q-0.704 0.832-1.536 0-0.832-0.704 0-1.536z\"><\/path>\n<\/svg><\/span><\/a><\/div><\/div><\/div><footer class=\"entry-footer\"><\/footer><span class='hidden'>\n\t\t\t\t<span class='av-structured-data'  itemprop=\"image\" itemscope=\"itemscope\" itemtype=\"https:\/\/schema.org\/ImageObject\" >\n\t\t\t\t\t\t<span itemprop='url'>https:\/\/www.ern.org\/wp-content\/uploads\/2018\/07\/LR_1-2.png<\/span>\n\t\t\t\t\t\t<span itemprop='height'>1054<\/span>\n\t\t\t\t\t\t<span itemprop='width'>2347<\/span>\n\t\t\t\t<\/span>\n\t\t\t\t<span class='av-structured-data'  itemprop=\"publisher\" itemtype=\"https:\/\/schema.org\/Organization\" itemscope=\"itemscope\" >\n\t\t\t\t\t\t<span itemprop='name'>ERN<\/span>\n\t\t\t\t\t\t<span itemprop='logo' itemscope itemtype='https:\/\/schema.org\/ImageObject'>\n\t\t\t\t\t\t\t<span itemprop='url'>https:\/\/www.ern.org\/wp-content\/uploads\/2026\/03\/ERN_logo-300x226.webp<\/span>\n\t\t\t\t\t\t<\/span>\n\t\t\t\t<\/span><span class='av-structured-data'  itemprop=\"author\" itemscope=\"itemscope\" itemtype=\"https:\/\/schema.org\/Person\" ><span itemprop='name'>ERN<\/span><\/span><span class='av-structured-data'  itemprop=\"datePublished\" datetime=\"2017-12-25T18:58:39+01:00\" >2024-03-05 14:08:09<\/span><span class='av-structured-data'  itemprop=\"dateModified\" itemtype=\"https:\/\/schema.org\/dateModified\" >2026-04-16 14:04:36<\/span><span class='av-structured-data'  itemprop=\"mainEntityOfPage\" itemtype=\"https:\/\/schema.org\/mainEntityOfPage\" ><span itemprop='name'>Lettre ouverte : La r\u00e9silience dans le domaine de l&rsquo;eau ne peut pas attendre<\/span><\/span><\/span><\/article><\/div><div class=\"slide-entry-wrap\"><article class='slide-entry flex_column  post-entry post-entry-19301 slide-entry-overview slide-loop-5 slide-parity-odd  av_one_fourth first real-thumbnail posttype-post post-format-standard'  itemscope=\"itemscope\" itemtype=\"https:\/\/schema.org\/CreativeWork\" ><a href='https:\/\/www.ern.org\/fr\/soulagement-apres-ladoption-de-la-loi-europeenne-pour-la-restauration-de-la-nature\/' data-rel='slide-1' class='slide-image' title='Soulagement apr\u00e8s l&rsquo;adoption de la Loi Europ\u00e9enne pour la restauration de la nature'><img decoding=\"async\" fetchpriority=\"high\" width=\"260\" height=\"185\" src=\"https:\/\/www.ern.org\/wp-content\/uploads\/2023\/06\/Move4Nature-web-banner-2039-\u00d7-1050-px-3-1-260x185.png\" class=\"wp-image-18268 avia-img-lazy-loading-not-18268 attachment-portfolio_small size-portfolio_small wp-post-image\" alt=\"\" \/><\/a><div class=\"slide-content\"><header class=\"entry-content-header\" aria-label=\"Slide: Soulagement apr\u00e8s l&#039;adoption de la Loi Europ\u00e9enne pour la restauration de la nature\"><h3 class='slide-entry-title entry-title '  itemprop=\"headline\" ><a href='https:\/\/www.ern.org\/fr\/soulagement-apres-ladoption-de-la-loi-europeenne-pour-la-restauration-de-la-nature\/' title='Soulagement apr\u00e8s l&rsquo;adoption de la Loi Europ\u00e9enne pour la restauration de la nature'>Soulagement apr\u00e8s l&rsquo;adoption de la Loi Europ\u00e9enne pour la restauration de la nature<\/a><\/h3><span class=\"av-vertical-delimiter\"><\/span><\/header><div class=\"slide-meta\"><time class='slide-meta-time updated'  itemprop=\"datePublished\" datetime=\"2024-02-27T18:37:05+01:00\" >f\u00e9vrier 27, 2024<\/time><div class=\"slide-meta-del\">\/<\/div><div class=\"slide-meta-comments\"><a href='https:\/\/www.ern.org\/fr\/soulagement-apres-ladoption-de-la-loi-europeenne-pour-la-restauration-de-la-nature\/#respond'>0 Commentaires<\/a><\/div><\/div><div class='slide-entry-excerpt entry-content'  itemprop=\"text\" ><div class=\"read-more-link\"><a href=\"https:\/\/www.ern.org\/fr\/soulagement-apres-ladoption-de-la-loi-europeenne-pour-la-restauration-de-la-nature\/\" class=\"more-link\">Lire la suite<span class='more-link-arrow avia-svg-icon avia-font-svg_entypo-fontello' data-av_svg_icon='right-open-big' data-av_iconset='svg_entypo-fontello'><svg version=\"1.1\" xmlns=\"http:\/\/www.w3.org\/2000\/svg\" width=\"15\" height=\"32\" viewBox=\"0 0 15 32\" preserveAspectRatio=\"xMidYMid meet\" role=\"graphics-symbol\" aria-hidden=\"true\">\n<path d=\"M0.416 27.84l11.456-11.84-11.456-11.904q-0.832-0.832 0-1.536 0.832-0.832 1.536 0l12.544 12.608q0.768 0.832 0 1.6l-12.544 12.608q-0.704 0.832-1.536 0-0.832-0.704 0-1.536z\"><\/path>\n<\/svg><\/span><\/a><\/div><\/div><\/div><footer class=\"entry-footer\"><\/footer><span class='hidden'>\n\t\t\t\t<span class='av-structured-data'  itemprop=\"image\" itemscope=\"itemscope\" itemtype=\"https:\/\/schema.org\/ImageObject\" >\n\t\t\t\t\t\t<span itemprop='url'>https:\/\/www.ern.org\/wp-content\/uploads\/2023\/06\/Move4Nature-web-banner-2039-\u00d7-1050-px-3-1.png<\/span>\n\t\t\t\t\t\t<span itemprop='height'>457<\/span>\n\t\t\t\t\t\t<span itemprop='width'>1200<\/span>\n\t\t\t\t<\/span>\n\t\t\t\t<span class='av-structured-data'  itemprop=\"publisher\" itemtype=\"https:\/\/schema.org\/Organization\" itemscope=\"itemscope\" >\n\t\t\t\t\t\t<span itemprop='name'>ERN<\/span>\n\t\t\t\t\t\t<span itemprop='logo' itemscope itemtype='https:\/\/schema.org\/ImageObject'>\n\t\t\t\t\t\t\t<span itemprop='url'>https:\/\/www.ern.org\/wp-content\/uploads\/2026\/03\/ERN_logo-300x226.webp<\/span>\n\t\t\t\t\t\t<\/span>\n\t\t\t\t<\/span><span class='av-structured-data'  itemprop=\"author\" itemscope=\"itemscope\" itemtype=\"https:\/\/schema.org\/Person\" ><span itemprop='name'>ERN<\/span><\/span><span class='av-structured-data'  itemprop=\"datePublished\" datetime=\"2017-12-25T18:58:39+01:00\" >2024-02-27 18:37:05<\/span><span class='av-structured-data'  itemprop=\"dateModified\" itemtype=\"https:\/\/schema.org\/dateModified\" >2026-02-06 07:47:09<\/span><span class='av-structured-data'  itemprop=\"mainEntityOfPage\" itemtype=\"https:\/\/schema.org\/mainEntityOfPage\" ><span itemprop='name'>Soulagement apr\u00e8s l&rsquo;adoption de la Loi Europ\u00e9enne pour la restauration de la nature<\/span><\/span><\/span><\/article><article class='slide-entry flex_column  post-entry post-entry-19051 slide-entry-overview slide-loop-6 slide-parity-even  av_one_fourth  real-thumbnail posttype-post post-format-standard'  itemscope=\"itemscope\" itemtype=\"https:\/\/schema.org\/CreativeWork\" ><a href='https:\/\/www.ern.org\/fr\/j-15-avant-le-2-fevrier-journee-mondiale-des-zones-humides\/' data-rel='slide-1' class='slide-image' title='J-15 avant le 2 f\u00e9vrier, Journ\u00e9e mondiale des zones humides  !'><img decoding=\"async\" fetchpriority=\"high\" width=\"260\" height=\"185\" src=\"https:\/\/www.ern.org\/wp-content\/uploads\/2024\/01\/FR-WWD24_Banner_web_0-scaled-1-260x185.jpg\" class=\"wp-image-19052 avia-img-lazy-loading-not-19052 attachment-portfolio_small size-portfolio_small wp-post-image\" alt=\"\" \/><\/a><div class=\"slide-content\"><header class=\"entry-content-header\" aria-label=\"Slide: J-15 avant le 2 f\u00e9vrier, Journ\u00e9e mondiale des zones humides  !\"><h3 class='slide-entry-title entry-title '  itemprop=\"headline\" ><a href='https:\/\/www.ern.org\/fr\/j-15-avant-le-2-fevrier-journee-mondiale-des-zones-humides\/' title='J-15 avant le 2 f\u00e9vrier, Journ\u00e9e mondiale des zones humides  !'>J-15 avant le 2 f\u00e9vrier, Journ\u00e9e mondiale des zones humides  !<\/a><\/h3><span class=\"av-vertical-delimiter\"><\/span><\/header><div class=\"slide-meta\"><time class='slide-meta-time updated'  itemprop=\"datePublished\" datetime=\"2024-01-19T17:22:31+01:00\" >janvier 19, 2024<\/time><div class=\"slide-meta-del\">\/<\/div><div class=\"slide-meta-comments\"><a href='https:\/\/www.ern.org\/fr\/j-15-avant-le-2-fevrier-journee-mondiale-des-zones-humides\/#respond'>0 Commentaires<\/a><\/div><\/div><div class='slide-entry-excerpt entry-content'  itemprop=\"text\" ><div class=\"read-more-link\"><a href=\"https:\/\/www.ern.org\/fr\/j-15-avant-le-2-fevrier-journee-mondiale-des-zones-humides\/\" class=\"more-link\">Lire la suite<span class='more-link-arrow avia-svg-icon avia-font-svg_entypo-fontello' data-av_svg_icon='right-open-big' data-av_iconset='svg_entypo-fontello'><svg version=\"1.1\" xmlns=\"http:\/\/www.w3.org\/2000\/svg\" width=\"15\" height=\"32\" viewBox=\"0 0 15 32\" preserveAspectRatio=\"xMidYMid meet\" role=\"graphics-symbol\" aria-hidden=\"true\">\n<path d=\"M0.416 27.84l11.456-11.84-11.456-11.904q-0.832-0.832 0-1.536 0.832-0.832 1.536 0l12.544 12.608q0.768 0.832 0 1.6l-12.544 12.608q-0.704 0.832-1.536 0-0.832-0.704 0-1.536z\"><\/path>\n<\/svg><\/span><\/a><\/div><\/div><\/div><footer class=\"entry-footer\"><\/footer><span class='hidden'>\n\t\t\t\t<span class='av-structured-data'  itemprop=\"image\" itemscope=\"itemscope\" itemtype=\"https:\/\/schema.org\/ImageObject\" >\n\t\t\t\t\t\t<span itemprop='url'>https:\/\/www.ern.org\/wp-content\/uploads\/2024\/01\/FR-WWD24_Banner_web_0-scaled-1.jpg<\/span>\n\t\t\t\t\t\t<span itemprop='height'>853<\/span>\n\t\t\t\t\t\t<span itemprop='width'>2560<\/span>\n\t\t\t\t<\/span>\n\t\t\t\t<span class='av-structured-data'  itemprop=\"publisher\" itemtype=\"https:\/\/schema.org\/Organization\" itemscope=\"itemscope\" >\n\t\t\t\t\t\t<span itemprop='name'>ERN<\/span>\n\t\t\t\t\t\t<span itemprop='logo' itemscope itemtype='https:\/\/schema.org\/ImageObject'>\n\t\t\t\t\t\t\t<span itemprop='url'>https:\/\/www.ern.org\/wp-content\/uploads\/2026\/03\/ERN_logo-300x226.webp<\/span>\n\t\t\t\t\t\t<\/span>\n\t\t\t\t<\/span><span class='av-structured-data'  itemprop=\"author\" itemscope=\"itemscope\" itemtype=\"https:\/\/schema.org\/Person\" ><span itemprop='name'>ERN<\/span><\/span><span class='av-structured-data'  itemprop=\"datePublished\" datetime=\"2017-12-25T18:58:39+01:00\" >2024-01-19 17:22:31<\/span><span class='av-structured-data'  itemprop=\"dateModified\" itemtype=\"https:\/\/schema.org\/dateModified\" >2026-02-06 07:47:03<\/span><span class='av-structured-data'  itemprop=\"mainEntityOfPage\" itemtype=\"https:\/\/schema.org\/mainEntityOfPage\" ><span itemprop='name'>J-15 avant le 2 f\u00e9vrier, Journ\u00e9e mondiale des zones humides  !<\/span><\/span><\/span><\/article><article class='slide-entry flex_column  post-entry post-entry-18607 slide-entry-overview slide-loop-7 slide-parity-odd  av_one_fourth  real-thumbnail posttype-post post-format-standard'  itemscope=\"itemscope\" itemtype=\"https:\/\/schema.org\/CreativeWork\" ><a href='https:\/\/www.ern.org\/fr\/la-marche-citoyenne-pour-leau-vient-de-se-terminer-et-le-dialogue-entre-les-acteurs-commence\/' data-rel='slide-1' class='slide-image' title='La marche citoyenne pour l&rsquo;eau vient de se terminer\u00a0et le dialogue entre les acteurs commence'><img decoding=\"async\" fetchpriority=\"high\" width=\"260\" height=\"185\" src=\"https:\/\/www.ern.org\/wp-content\/uploads\/2023\/04\/Schema-1-260x185.png\" class=\"wp-image-18080 avia-img-lazy-loading-not-18080 attachment-portfolio_small size-portfolio_small wp-post-image\" alt=\"\" \/><\/a><div class=\"slide-content\"><header class=\"entry-content-header\" aria-label=\"Slide: La marche citoyenne pour l&#039;eau vient de se terminer\u00a0et le dialogue entre les acteurs commence\"><h3 class='slide-entry-title entry-title '  itemprop=\"headline\" ><a href='https:\/\/www.ern.org\/fr\/la-marche-citoyenne-pour-leau-vient-de-se-terminer-et-le-dialogue-entre-les-acteurs-commence\/' title='La marche citoyenne pour l&rsquo;eau vient de se terminer\u00a0et le dialogue entre les acteurs commence'>La marche citoyenne pour l&rsquo;eau vient de se terminer\u00a0et le dialogue entre les acteurs commence<\/a><\/h3><span class=\"av-vertical-delimiter\"><\/span><\/header><div class=\"slide-meta\"><time class='slide-meta-time updated'  itemprop=\"datePublished\" datetime=\"2023-07-10T17:51:14+02:00\" >juillet 10, 2023<\/time><div class=\"slide-meta-del\">\/<\/div><div class=\"slide-meta-comments\"><a href='https:\/\/www.ern.org\/fr\/la-marche-citoyenne-pour-leau-vient-de-se-terminer-et-le-dialogue-entre-les-acteurs-commence\/#respond'>0 Commentaires<\/a><\/div><\/div><div class='slide-entry-excerpt entry-content'  itemprop=\"text\" ><div class=\"read-more-link\"><a href=\"https:\/\/www.ern.org\/fr\/la-marche-citoyenne-pour-leau-vient-de-se-terminer-et-le-dialogue-entre-les-acteurs-commence\/\" class=\"more-link\">Lire la suite<span class='more-link-arrow avia-svg-icon avia-font-svg_entypo-fontello' data-av_svg_icon='right-open-big' data-av_iconset='svg_entypo-fontello'><svg version=\"1.1\" xmlns=\"http:\/\/www.w3.org\/2000\/svg\" width=\"15\" height=\"32\" viewBox=\"0 0 15 32\" preserveAspectRatio=\"xMidYMid meet\" role=\"graphics-symbol\" aria-hidden=\"true\">\n<path d=\"M0.416 27.84l11.456-11.84-11.456-11.904q-0.832-0.832 0-1.536 0.832-0.832 1.536 0l12.544 12.608q0.768 0.832 0 1.6l-12.544 12.608q-0.704 0.832-1.536 0-0.832-0.704 0-1.536z\"><\/path>\n<\/svg><\/span><\/a><\/div><\/div><\/div><footer class=\"entry-footer\"><\/footer><span class='hidden'>\n\t\t\t\t<span class='av-structured-data'  itemprop=\"image\" itemscope=\"itemscope\" itemtype=\"https:\/\/schema.org\/ImageObject\" >\n\t\t\t\t\t\t<span itemprop='url'>https:\/\/www.ern.org\/wp-content\/uploads\/2023\/04\/Schema-1-scaled.png<\/span>\n\t\t\t\t\t\t<span itemprop='height'>1361<\/span>\n\t\t\t\t\t\t<span itemprop='width'>2560<\/span>\n\t\t\t\t<\/span>\n\t\t\t\t<span class='av-structured-data'  itemprop=\"publisher\" itemtype=\"https:\/\/schema.org\/Organization\" itemscope=\"itemscope\" >\n\t\t\t\t\t\t<span itemprop='name'>ERN<\/span>\n\t\t\t\t\t\t<span itemprop='logo' itemscope itemtype='https:\/\/schema.org\/ImageObject'>\n\t\t\t\t\t\t\t<span itemprop='url'>https:\/\/www.ern.org\/wp-content\/uploads\/2026\/03\/ERN_logo-300x226.webp<\/span>\n\t\t\t\t\t\t<\/span>\n\t\t\t\t<\/span><span class='av-structured-data'  itemprop=\"author\" itemscope=\"itemscope\" itemtype=\"https:\/\/schema.org\/Person\" ><span itemprop='name'>ERN<\/span><\/span><span class='av-structured-data'  itemprop=\"datePublished\" datetime=\"2017-12-25T18:58:39+01:00\" >2023-07-10 17:51:14<\/span><span class='av-structured-data'  itemprop=\"dateModified\" itemtype=\"https:\/\/schema.org\/dateModified\" >2026-02-06 07:46:56<\/span><span class='av-structured-data'  itemprop=\"mainEntityOfPage\" itemtype=\"https:\/\/schema.org\/mainEntityOfPage\" ><span itemprop='name'>La marche citoyenne pour l&rsquo;eau vient de se terminer\u00a0et le dialogue entre les acteurs commence<\/span><\/span><\/span><\/article><article class='slide-entry flex_column  post-entry post-entry-23902 slide-entry-overview slide-loop-8 slide-parity-even  av_one_fourth  fake-thumbnail posttype-post post-format-standard'  itemscope=\"itemscope\" itemtype=\"https:\/\/schema.org\/CreativeWork\" ><a href='https:\/\/www.ern.org\/fr\/big-jump-2023-120-evenements-ont-ete-organises-a-travers-leurope\/' data-rel='slide-1' class='slide-image' title='Big Jump 2023 : 120 \u00e9v\u00e9nements ont \u00e9t\u00e9 organis\u00e9s \u00e0 travers l&rsquo;Europe'><span class='fallback-post-type-icon avia-svg-icon avia-font-svg_entypo-fontello' data-av_svg_icon='pencil' data-av_iconset='svg_entypo-fontello'><svg version=\"1.1\" xmlns=\"http:\/\/www.w3.org\/2000\/svg\" width=\"25\" height=\"32\" viewBox=\"0 0 25 32\" preserveAspectRatio=\"xMidYMid meet\" role=\"graphics-symbol\" aria-hidden=\"true\">\n<path d=\"M22.976 5.44q1.024 1.024 1.504 2.048t0.48 1.536v0.512l-8.064 8.064-9.28 9.216-7.616 1.664 1.6-7.68 9.28-9.216 8.064-8.064q1.728-0.384 4.032 1.92zM7.168 25.92l0.768-0.768q-0.064-1.408-1.664-3.008-0.704-0.704-1.44-1.12t-1.12-0.416l-0.448-0.064-0.704 0.768-0.576 2.56q0.896 0.512 1.472 1.088 0.768 0.768 1.152 1.536z\"><\/path>\n<\/svg><\/span><span class='slider-fallback-image'><img decoding=\"async\" fetchpriority=\"high\" width=\"260\" height=\"185\" src=\"https:\/\/www.ern.org\/wp-content\/uploads\/2021\/06\/twitter_map-1-260x185.jpg\" class=\"wp-image-14842 avia-img-lazy-loading-not-14842 attachment-portfolio_small size-portfolio_small wp-post-image\" alt=\"\" \/><\/span><\/a><div class=\"slide-content\"><header class=\"entry-content-header\" aria-label=\"Slide: Big Jump 2023 : 120 \u00e9v\u00e9nements ont \u00e9t\u00e9 organis\u00e9s \u00e0 travers l&#039;Europe\"><h3 class='slide-entry-title entry-title '  itemprop=\"headline\" ><a href='https:\/\/www.ern.org\/fr\/big-jump-2023-120-evenements-ont-ete-organises-a-travers-leurope\/' title='Big Jump 2023 : 120 \u00e9v\u00e9nements ont \u00e9t\u00e9 organis\u00e9s \u00e0 travers l&rsquo;Europe'>Big Jump 2023 : 120 \u00e9v\u00e9nements ont \u00e9t\u00e9 organis\u00e9s \u00e0 travers l&rsquo;Europe<\/a><\/h3><span class=\"av-vertical-delimiter\"><\/span><\/header><div class=\"slide-meta\"><time class='slide-meta-time updated'  itemprop=\"datePublished\" datetime=\"2023-07-09T11:32:45+02:00\" >juillet 9, 2023<\/time><div class=\"slide-meta-del\">\/<\/div><div class=\"slide-meta-comments\"><a href='https:\/\/www.ern.org\/fr\/big-jump-2023-120-evenements-ont-ete-organises-a-travers-leurope\/#respond'>0 Commentaires<\/a><\/div><\/div><div class='slide-entry-excerpt entry-content'  itemprop=\"text\" ><div class=\"read-more-link\"><a href=\"https:\/\/www.ern.org\/fr\/big-jump-2023-120-evenements-ont-ete-organises-a-travers-leurope\/\" class=\"more-link\">Lire la suite<span class='more-link-arrow avia-svg-icon avia-font-svg_entypo-fontello' data-av_svg_icon='right-open-big' data-av_iconset='svg_entypo-fontello'><svg version=\"1.1\" xmlns=\"http:\/\/www.w3.org\/2000\/svg\" width=\"15\" height=\"32\" viewBox=\"0 0 15 32\" preserveAspectRatio=\"xMidYMid meet\" role=\"graphics-symbol\" aria-hidden=\"true\">\n<path d=\"M0.416 27.84l11.456-11.84-11.456-11.904q-0.832-0.832 0-1.536 0.832-0.832 1.536 0l12.544 12.608q0.768 0.832 0 1.6l-12.544 12.608q-0.704 0.832-1.536 0-0.832-0.704 0-1.536z\"><\/path>\n<\/svg><\/span><\/a><\/div><\/div><\/div><footer class=\"entry-footer\"><\/footer><span class='hidden'>\n\t\t\t\t<span class='av-structured-data'  itemprop=\"image\" itemscope=\"itemscope\" itemtype=\"https:\/\/schema.org\/ImageObject\" >\n\t\t\t\t\t\t<span itemprop='url'>https:\/\/www.ern.org\/wp-content\/uploads\/2026\/03\/ERN_logo-300x226.webp<\/span>\n\t\t\t\t\t\t<span itemprop='height'>0<\/span>\n\t\t\t\t\t\t<span itemprop='width'>0<\/span>\n\t\t\t\t<\/span>\n\t\t\t\t<span class='av-structured-data'  itemprop=\"publisher\" itemtype=\"https:\/\/schema.org\/Organization\" itemscope=\"itemscope\" >\n\t\t\t\t\t\t<span itemprop='name'>Roberto Epple<\/span>\n\t\t\t\t\t\t<span itemprop='logo' itemscope itemtype='https:\/\/schema.org\/ImageObject'>\n\t\t\t\t\t\t\t<span itemprop='url'>https:\/\/www.ern.org\/wp-content\/uploads\/2026\/03\/ERN_logo-300x226.webp<\/span>\n\t\t\t\t\t\t<\/span>\n\t\t\t\t<\/span><span class='av-structured-data'  itemprop=\"author\" itemscope=\"itemscope\" itemtype=\"https:\/\/schema.org\/Person\" ><span itemprop='name'>Roberto Epple<\/span><\/span><span class='av-structured-data'  itemprop=\"datePublished\" datetime=\"2017-12-25T18:58:39+01:00\" >2023-07-09 11:32:45<\/span><span class='av-structured-data'  itemprop=\"dateModified\" itemtype=\"https:\/\/schema.org\/dateModified\" >2026-03-03 07:48:49<\/span><span class='av-structured-data'  itemprop=\"mainEntityOfPage\" itemtype=\"https:\/\/schema.org\/mainEntityOfPage\" ><span itemprop='name'>Big Jump 2023 : 120 \u00e9v\u00e9nements ont \u00e9t\u00e9 organis\u00e9s \u00e0 travers l&rsquo;Europe<\/span><\/span><\/span><\/article><\/div><div class=\"slide-entry-wrap\"><article class='slide-entry flex_column  post-entry post-entry-23894 slide-entry-overview slide-loop-9 slide-parity-odd  av_one_fourth first real-thumbnail posttype-post post-format-standard'  itemscope=\"itemscope\" itemtype=\"https:\/\/schema.org\/CreativeWork\" ><a href='https:\/\/www.ern.org\/fr\/patagonia-lance-une-campagne-pour-sauver-les-oceans\/' data-rel='slide-1' class='slide-image' title='Patagonia lance une campagne pour sauver les oc\u00e9ans !'><img decoding=\"async\" fetchpriority=\"high\" width=\"260\" height=\"185\" src=\"https:\/\/www.ern.org\/wp-content\/uploads\/2019\/01\/PATAGONIA_lowres-1-260x185.jpg\" class=\"wp-image-7197 avia-img-lazy-loading-not-7197 attachment-portfolio_small size-portfolio_small wp-post-image\" alt=\"\" \/><\/a><div class=\"slide-content\"><header class=\"entry-content-header\" aria-label=\"Slide: Patagonia lance une campagne pour sauver les oc\u00e9ans !\"><h3 class='slide-entry-title entry-title '  itemprop=\"headline\" ><a href='https:\/\/www.ern.org\/fr\/patagonia-lance-une-campagne-pour-sauver-les-oceans\/' title='Patagonia lance une campagne pour sauver les oc\u00e9ans !'>Patagonia lance une campagne pour sauver les oc\u00e9ans !<\/a><\/h3><span class=\"av-vertical-delimiter\"><\/span><\/header><div class=\"slide-meta\"><time class='slide-meta-time updated'  itemprop=\"datePublished\" datetime=\"2023-06-09T11:50:01+02:00\" >juin 9, 2023<\/time><div class=\"slide-meta-del\">\/<\/div><div class=\"slide-meta-comments\"><a href='https:\/\/www.ern.org\/fr\/patagonia-lance-une-campagne-pour-sauver-les-oceans\/#respond'>0 Commentaires<\/a><\/div><\/div><div class='slide-entry-excerpt entry-content'  itemprop=\"text\" ><div class=\"read-more-link\"><a href=\"https:\/\/www.ern.org\/fr\/patagonia-lance-une-campagne-pour-sauver-les-oceans\/\" class=\"more-link\">Lire la suite<span class='more-link-arrow avia-svg-icon avia-font-svg_entypo-fontello' data-av_svg_icon='right-open-big' data-av_iconset='svg_entypo-fontello'><svg version=\"1.1\" xmlns=\"http:\/\/www.w3.org\/2000\/svg\" width=\"15\" height=\"32\" viewBox=\"0 0 15 32\" preserveAspectRatio=\"xMidYMid meet\" role=\"graphics-symbol\" aria-hidden=\"true\">\n<path d=\"M0.416 27.84l11.456-11.84-11.456-11.904q-0.832-0.832 0-1.536 0.832-0.832 1.536 0l12.544 12.608q0.768 0.832 0 1.6l-12.544 12.608q-0.704 0.832-1.536 0-0.832-0.704 0-1.536z\"><\/path>\n<\/svg><\/span><\/a><\/div><\/div><\/div><footer class=\"entry-footer\"><\/footer><span class='hidden'>\n\t\t\t\t<span class='av-structured-data'  itemprop=\"image\" itemscope=\"itemscope\" itemtype=\"https:\/\/schema.org\/ImageObject\" >\n\t\t\t\t\t\t<span itemprop='url'>https:\/\/www.ern.org\/wp-content\/uploads\/2019\/01\/PATAGONIA_lowres-1.jpg<\/span>\n\t\t\t\t\t\t<span itemprop='height'>682<\/span>\n\t\t\t\t\t\t<span itemprop='width'>1024<\/span>\n\t\t\t\t<\/span>\n\t\t\t\t<span class='av-structured-data'  itemprop=\"publisher\" itemtype=\"https:\/\/schema.org\/Organization\" itemscope=\"itemscope\" >\n\t\t\t\t\t\t<span itemprop='name'>ERN<\/span>\n\t\t\t\t\t\t<span itemprop='logo' itemscope itemtype='https:\/\/schema.org\/ImageObject'>\n\t\t\t\t\t\t\t<span itemprop='url'>https:\/\/www.ern.org\/wp-content\/uploads\/2026\/03\/ERN_logo-300x226.webp<\/span>\n\t\t\t\t\t\t<\/span>\n\t\t\t\t<\/span><span class='av-structured-data'  itemprop=\"author\" itemscope=\"itemscope\" itemtype=\"https:\/\/schema.org\/Person\" ><span itemprop='name'>ERN<\/span><\/span><span class='av-structured-data'  itemprop=\"datePublished\" datetime=\"2017-12-25T18:58:39+01:00\" >2023-06-09 11:50:01<\/span><span class='av-structured-data'  itemprop=\"dateModified\" itemtype=\"https:\/\/schema.org\/dateModified\" >2026-03-03 07:48:46<\/span><span class='av-structured-data'  itemprop=\"mainEntityOfPage\" itemtype=\"https:\/\/schema.org\/mainEntityOfPage\" ><span itemprop='name'>Patagonia lance une campagne pour sauver les oc\u00e9ans !<\/span><\/span><\/span><\/article><article class='slide-entry flex_column  post-entry post-entry-23892 slide-entry-overview slide-loop-10 slide-parity-even  av_one_fourth  fake-thumbnail posttype-post post-format-standard'  itemscope=\"itemscope\" itemtype=\"https:\/\/schema.org\/CreativeWork\" ><a href='https:\/\/www.ern.org\/fr\/18166\/' data-rel='slide-1' class='slide-image' title='La date du prochain Big Jump approche'><span class='fallback-post-type-icon avia-svg-icon avia-font-svg_entypo-fontello' data-av_svg_icon='pencil' data-av_iconset='svg_entypo-fontello'><svg version=\"1.1\" xmlns=\"http:\/\/www.w3.org\/2000\/svg\" width=\"25\" height=\"32\" viewBox=\"0 0 25 32\" preserveAspectRatio=\"xMidYMid meet\" role=\"graphics-symbol\" aria-hidden=\"true\">\n<path d=\"M22.976 5.44q1.024 1.024 1.504 2.048t0.48 1.536v0.512l-8.064 8.064-9.28 9.216-7.616 1.664 1.6-7.68 9.28-9.216 8.064-8.064q1.728-0.384 4.032 1.92zM7.168 25.92l0.768-0.768q-0.064-1.408-1.664-3.008-0.704-0.704-1.44-1.12t-1.12-0.416l-0.448-0.064-0.704 0.768-0.576 2.56q0.896 0.512 1.472 1.088 0.768 0.768 1.152 1.536z\"><\/path>\n<\/svg><\/span><span class='slider-fallback-image'><img decoding=\"async\" fetchpriority=\"high\" width=\"260\" height=\"185\" src=\"https:\/\/www.ern.org\/wp-content\/uploads\/2021\/06\/twitter_map-1-260x185.jpg\" class=\"wp-image-14842 avia-img-lazy-loading-not-14842 attachment-portfolio_small size-portfolio_small wp-post-image\" alt=\"\" \/><\/span><\/a><div class=\"slide-content\"><header class=\"entry-content-header\" aria-label=\"Slide: La date du prochain Big Jump approche\"><h3 class='slide-entry-title entry-title '  itemprop=\"headline\" ><a href='https:\/\/www.ern.org\/fr\/18166\/' title='La date du prochain Big Jump approche'>La date du prochain Big Jump approche<\/a><\/h3><span class=\"av-vertical-delimiter\"><\/span><\/header><div class=\"slide-meta\"><time class='slide-meta-time updated'  itemprop=\"datePublished\" datetime=\"2023-05-31T18:38:54+02:00\" >mai 31, 2023<\/time><div class=\"slide-meta-del\">\/<\/div><div class=\"slide-meta-comments\"><a href='https:\/\/www.ern.org\/fr\/18166\/#respond'>0 Commentaires<\/a><\/div><\/div><div class='slide-entry-excerpt entry-content'  itemprop=\"text\" ><div class=\"read-more-link\"><a href=\"https:\/\/www.ern.org\/fr\/18166\/\" class=\"more-link\">Lire la suite<span class='more-link-arrow avia-svg-icon avia-font-svg_entypo-fontello' data-av_svg_icon='right-open-big' data-av_iconset='svg_entypo-fontello'><svg version=\"1.1\" xmlns=\"http:\/\/www.w3.org\/2000\/svg\" width=\"15\" height=\"32\" viewBox=\"0 0 15 32\" preserveAspectRatio=\"xMidYMid meet\" role=\"graphics-symbol\" aria-hidden=\"true\">\n<path d=\"M0.416 27.84l11.456-11.84-11.456-11.904q-0.832-0.832 0-1.536 0.832-0.832 1.536 0l12.544 12.608q0.768 0.832 0 1.6l-12.544 12.608q-0.704 0.832-1.536 0-0.832-0.704 0-1.536z\"><\/path>\n<\/svg><\/span><\/a><\/div><\/div><\/div><footer class=\"entry-footer\"><\/footer><span class='hidden'>\n\t\t\t\t<span class='av-structured-data'  itemprop=\"image\" itemscope=\"itemscope\" itemtype=\"https:\/\/schema.org\/ImageObject\" >\n\t\t\t\t\t\t<span itemprop='url'>https:\/\/www.ern.org\/wp-content\/uploads\/2026\/03\/ERN_logo-300x226.webp<\/span>\n\t\t\t\t\t\t<span itemprop='height'>0<\/span>\n\t\t\t\t\t\t<span itemprop='width'>0<\/span>\n\t\t\t\t<\/span>\n\t\t\t\t<span class='av-structured-data'  itemprop=\"publisher\" itemtype=\"https:\/\/schema.org\/Organization\" itemscope=\"itemscope\" >\n\t\t\t\t\t\t<span itemprop='name'>Roberto Epple<\/span>\n\t\t\t\t\t\t<span itemprop='logo' itemscope itemtype='https:\/\/schema.org\/ImageObject'>\n\t\t\t\t\t\t\t<span itemprop='url'>https:\/\/www.ern.org\/wp-content\/uploads\/2026\/03\/ERN_logo-300x226.webp<\/span>\n\t\t\t\t\t\t<\/span>\n\t\t\t\t<\/span><span class='av-structured-data'  itemprop=\"author\" itemscope=\"itemscope\" itemtype=\"https:\/\/schema.org\/Person\" ><span itemprop='name'>Roberto Epple<\/span><\/span><span class='av-structured-data'  itemprop=\"datePublished\" datetime=\"2017-12-25T18:58:39+01:00\" >2023-05-31 18:38:54<\/span><span class='av-structured-data'  itemprop=\"dateModified\" itemtype=\"https:\/\/schema.org\/dateModified\" >2026-03-03 07:48:45<\/span><span class='av-structured-data'  itemprop=\"mainEntityOfPage\" itemtype=\"https:\/\/schema.org\/mainEntityOfPage\" ><span itemprop='name'>La date du prochain Big Jump approche<\/span><\/span><\/span><\/article><article class='slide-entry flex_column  post-entry post-entry-23882 slide-entry-overview slide-loop-11 slide-parity-odd  av_one_fourth  fake-thumbnail posttype-post post-format-standard'  itemscope=\"itemscope\" itemtype=\"https:\/\/schema.org\/CreativeWork\" ><a href='https:\/\/www.ern.org\/fr\/envie-de-co-creer-un-big-jump-ligerien-2023\/' data-rel='slide-1' class='slide-image' title='Envie de co-cr\u00e9er un Big Jump lig\u00e9rien 2023 ?'><span class='fallback-post-type-icon avia-svg-icon avia-font-svg_entypo-fontello' data-av_svg_icon='pencil' data-av_iconset='svg_entypo-fontello'><svg version=\"1.1\" xmlns=\"http:\/\/www.w3.org\/2000\/svg\" width=\"25\" height=\"32\" viewBox=\"0 0 25 32\" preserveAspectRatio=\"xMidYMid meet\" role=\"graphics-symbol\" aria-hidden=\"true\">\n<path d=\"M22.976 5.44q1.024 1.024 1.504 2.048t0.48 1.536v0.512l-8.064 8.064-9.28 9.216-7.616 1.664 1.6-7.68 9.28-9.216 8.064-8.064q1.728-0.384 4.032 1.92zM7.168 25.92l0.768-0.768q-0.064-1.408-1.664-3.008-0.704-0.704-1.44-1.12t-1.12-0.416l-0.448-0.064-0.704 0.768-0.576 2.56q0.896 0.512 1.472 1.088 0.768 0.768 1.152 1.536z\"><\/path>\n<\/svg><\/span><span class='slider-fallback-image'><img decoding=\"async\" fetchpriority=\"high\" width=\"260\" height=\"185\" src=\"https:\/\/www.ern.org\/wp-content\/uploads\/2021\/06\/twitter_map-1-260x185.jpg\" class=\"wp-image-14842 avia-img-lazy-loading-not-14842 attachment-portfolio_small size-portfolio_small wp-post-image\" alt=\"\" \/><\/span><\/a><div class=\"slide-content\"><header class=\"entry-content-header\" aria-label=\"Slide: Envie de co-cr\u00e9er un Big Jump lig\u00e9rien 2023 ?\"><h3 class='slide-entry-title entry-title '  itemprop=\"headline\" ><a href='https:\/\/www.ern.org\/fr\/envie-de-co-creer-un-big-jump-ligerien-2023\/' title='Envie de co-cr\u00e9er un Big Jump lig\u00e9rien 2023 ?'>Envie de co-cr\u00e9er un Big Jump lig\u00e9rien 2023 ?<\/a><\/h3><span class=\"av-vertical-delimiter\"><\/span><\/header><div class=\"slide-meta\"><time class='slide-meta-time updated'  itemprop=\"datePublished\" datetime=\"2022-12-03T16:49:57+01:00\" >d\u00e9cembre 3, 2022<\/time><div class=\"slide-meta-del\">\/<\/div><div class=\"slide-meta-comments\"><a href='https:\/\/www.ern.org\/fr\/envie-de-co-creer-un-big-jump-ligerien-2023\/#respond'>0 Commentaires<\/a><\/div><\/div><div class='slide-entry-excerpt entry-content'  itemprop=\"text\" ><div class=\"read-more-link\"><a href=\"https:\/\/www.ern.org\/fr\/envie-de-co-creer-un-big-jump-ligerien-2023\/\" class=\"more-link\">Lire la suite<span class='more-link-arrow avia-svg-icon avia-font-svg_entypo-fontello' data-av_svg_icon='right-open-big' data-av_iconset='svg_entypo-fontello'><svg version=\"1.1\" xmlns=\"http:\/\/www.w3.org\/2000\/svg\" width=\"15\" height=\"32\" viewBox=\"0 0 15 32\" preserveAspectRatio=\"xMidYMid meet\" role=\"graphics-symbol\" aria-hidden=\"true\">\n<path d=\"M0.416 27.84l11.456-11.84-11.456-11.904q-0.832-0.832 0-1.536 0.832-0.832 1.536 0l12.544 12.608q0.768 0.832 0 1.6l-12.544 12.608q-0.704 0.832-1.536 0-0.832-0.704 0-1.536z\"><\/path>\n<\/svg><\/span><\/a><\/div><\/div><\/div><footer class=\"entry-footer\"><\/footer><span class='hidden'>\n\t\t\t\t<span class='av-structured-data'  itemprop=\"image\" itemscope=\"itemscope\" itemtype=\"https:\/\/schema.org\/ImageObject\" >\n\t\t\t\t\t\t<span itemprop='url'>https:\/\/www.ern.org\/wp-content\/uploads\/2026\/03\/ERN_logo-300x226.webp<\/span>\n\t\t\t\t\t\t<span itemprop='height'>0<\/span>\n\t\t\t\t\t\t<span itemprop='width'>0<\/span>\n\t\t\t\t<\/span>\n\t\t\t\t<span class='av-structured-data'  itemprop=\"publisher\" itemtype=\"https:\/\/schema.org\/Organization\" itemscope=\"itemscope\" >\n\t\t\t\t\t\t<span itemprop='name'>Roberto Epple<\/span>\n\t\t\t\t\t\t<span itemprop='logo' itemscope itemtype='https:\/\/schema.org\/ImageObject'>\n\t\t\t\t\t\t\t<span itemprop='url'>https:\/\/www.ern.org\/wp-content\/uploads\/2026\/03\/ERN_logo-300x226.webp<\/span>\n\t\t\t\t\t\t<\/span>\n\t\t\t\t<\/span><span class='av-structured-data'  itemprop=\"author\" itemscope=\"itemscope\" itemtype=\"https:\/\/schema.org\/Person\" ><span itemprop='name'>Roberto Epple<\/span><\/span><span class='av-structured-data'  itemprop=\"datePublished\" datetime=\"2017-12-25T18:58:39+01:00\" >2022-12-03 16:49:57<\/span><span class='av-structured-data'  itemprop=\"dateModified\" itemtype=\"https:\/\/schema.org\/dateModified\" >2026-03-03 07:48:42<\/span><span class='av-structured-data'  itemprop=\"mainEntityOfPage\" itemtype=\"https:\/\/schema.org\/mainEntityOfPage\" ><span itemprop='name'>Envie de co-cr\u00e9er un Big Jump lig\u00e9rien 2023 ?<\/span><\/span><\/span><\/article><article class='slide-entry flex_column  post-entry post-entry-23870 slide-entry-overview slide-loop-12 slide-parity-even  av_one_fourth  fake-thumbnail posttype-post post-format-standard'  itemscope=\"itemscope\" itemtype=\"https:\/\/schema.org\/CreativeWork\" ><a href='https:\/\/www.ern.org\/fr\/superbe-big-jump-2022-pour-le-moment-nous-avons-conaissance-de-plus-de-120-evenements\/' data-rel='slide-1' class='slide-image' title='Superbe Big Jump 2022 : pour le moment nous avons conaissance de plus de 120 \u00e9v\u00e8nements !'><span class='fallback-post-type-icon avia-svg-icon avia-font-svg_entypo-fontello' data-av_svg_icon='pencil' data-av_iconset='svg_entypo-fontello'><svg version=\"1.1\" xmlns=\"http:\/\/www.w3.org\/2000\/svg\" width=\"25\" height=\"32\" viewBox=\"0 0 25 32\" preserveAspectRatio=\"xMidYMid meet\" role=\"graphics-symbol\" aria-hidden=\"true\">\n<path d=\"M22.976 5.44q1.024 1.024 1.504 2.048t0.48 1.536v0.512l-8.064 8.064-9.28 9.216-7.616 1.664 1.6-7.68 9.28-9.216 8.064-8.064q1.728-0.384 4.032 1.92zM7.168 25.92l0.768-0.768q-0.064-1.408-1.664-3.008-0.704-0.704-1.44-1.12t-1.12-0.416l-0.448-0.064-0.704 0.768-0.576 2.56q0.896 0.512 1.472 1.088 0.768 0.768 1.152 1.536z\"><\/path>\n<\/svg><\/span><span class='slider-fallback-image'><img decoding=\"async\" fetchpriority=\"high\" width=\"260\" height=\"185\" src=\"https:\/\/www.ern.org\/wp-content\/uploads\/2021\/06\/twitter_map-1-260x185.jpg\" class=\"wp-image-14842 avia-img-lazy-loading-not-14842 attachment-portfolio_small size-portfolio_small wp-post-image\" alt=\"\" \/><\/span><\/a><div class=\"slide-content\"><header class=\"entry-content-header\" aria-label=\"Slide: Superbe Big Jump 2022 : pour le moment nous avons conaissance de plus de 120 \u00e9v\u00e8nements !\"><h3 class='slide-entry-title entry-title '  itemprop=\"headline\" ><a href='https:\/\/www.ern.org\/fr\/superbe-big-jump-2022-pour-le-moment-nous-avons-conaissance-de-plus-de-120-evenements\/' title='Superbe Big Jump 2022 : pour le moment nous avons conaissance de plus de 120 \u00e9v\u00e8nements !'>Superbe Big Jump 2022 : pour le moment nous avons conaissance de plus de 120 \u00e9v\u00e8nements !<\/a><\/h3><span class=\"av-vertical-delimiter\"><\/span><\/header><div class=\"slide-meta\"><time class='slide-meta-time updated'  itemprop=\"datePublished\" datetime=\"2022-07-17T16:58:09+02:00\" >juillet 17, 2022<\/time><div class=\"slide-meta-del\">\/<\/div><div class=\"slide-meta-comments\"><a href='https:\/\/www.ern.org\/fr\/superbe-big-jump-2022-pour-le-moment-nous-avons-conaissance-de-plus-de-120-evenements\/#respond'>0 Commentaires<\/a><\/div><\/div><div class='slide-entry-excerpt entry-content'  itemprop=\"text\" ><div class=\"read-more-link\"><a href=\"https:\/\/www.ern.org\/fr\/superbe-big-jump-2022-pour-le-moment-nous-avons-conaissance-de-plus-de-120-evenements\/\" class=\"more-link\">Lire la suite<span class='more-link-arrow avia-svg-icon avia-font-svg_entypo-fontello' data-av_svg_icon='right-open-big' data-av_iconset='svg_entypo-fontello'><svg version=\"1.1\" xmlns=\"http:\/\/www.w3.org\/2000\/svg\" width=\"15\" height=\"32\" viewBox=\"0 0 15 32\" preserveAspectRatio=\"xMidYMid meet\" role=\"graphics-symbol\" aria-hidden=\"true\">\n<path d=\"M0.416 27.84l11.456-11.84-11.456-11.904q-0.832-0.832 0-1.536 0.832-0.832 1.536 0l12.544 12.608q0.768 0.832 0 1.6l-12.544 12.608q-0.704 0.832-1.536 0-0.832-0.704 0-1.536z\"><\/path>\n<\/svg><\/span><\/a><\/div><\/div><\/div><footer class=\"entry-footer\"><\/footer><span class='hidden'>\n\t\t\t\t<span class='av-structured-data'  itemprop=\"image\" itemscope=\"itemscope\" itemtype=\"https:\/\/schema.org\/ImageObject\" >\n\t\t\t\t\t\t<span itemprop='url'>https:\/\/www.ern.org\/wp-content\/uploads\/2026\/03\/ERN_logo-300x226.webp<\/span>\n\t\t\t\t\t\t<span itemprop='height'>0<\/span>\n\t\t\t\t\t\t<span itemprop='width'>0<\/span>\n\t\t\t\t<\/span>\n\t\t\t\t<span class='av-structured-data'  itemprop=\"publisher\" itemtype=\"https:\/\/schema.org\/Organization\" itemscope=\"itemscope\" >\n\t\t\t\t\t\t<span itemprop='name'>Roberto Epple<\/span>\n\t\t\t\t\t\t<span itemprop='logo' itemscope itemtype='https:\/\/schema.org\/ImageObject'>\n\t\t\t\t\t\t\t<span itemprop='url'>https:\/\/www.ern.org\/wp-content\/uploads\/2026\/03\/ERN_logo-300x226.webp<\/span>\n\t\t\t\t\t\t<\/span>\n\t\t\t\t<\/span><span class='av-structured-data'  itemprop=\"author\" itemscope=\"itemscope\" itemtype=\"https:\/\/schema.org\/Person\" ><span itemprop='name'>Roberto Epple<\/span><\/span><span class='av-structured-data'  itemprop=\"datePublished\" datetime=\"2017-12-25T18:58:39+01:00\" >2022-07-17 16:58:09<\/span><span class='av-structured-data'  itemprop=\"dateModified\" itemtype=\"https:\/\/schema.org\/dateModified\" >2026-04-16 14:25:07<\/span><span class='av-structured-data'  itemprop=\"mainEntityOfPage\" itemtype=\"https:\/\/schema.org\/mainEntityOfPage\" ><span itemprop='name'>Superbe Big Jump 2022 : pour le moment nous avons conaissance de plus de 120 \u00e9v\u00e8nements !<\/span><\/span><\/span><\/article><\/div><div class=\"slide-entry-wrap\"><article class='slide-entry flex_column  post-entry post-entry-23869 slide-entry-overview slide-loop-13 slide-parity-odd  av_one_fourth first fake-thumbnail posttype-post post-format-standard'  itemscope=\"itemscope\" itemtype=\"https:\/\/schema.org\/CreativeWork\" ><a href='https:\/\/www.ern.org\/fr\/big-jump-ce-dimanche-le-10-juillet-il-est-encore-temps\/' data-rel='slide-1' class='slide-image' title='Big Jump ce dimanche le 10 juillet : Il est encore temps..'><span class='fallback-post-type-icon avia-svg-icon avia-font-svg_entypo-fontello' data-av_svg_icon='pencil' data-av_iconset='svg_entypo-fontello'><svg version=\"1.1\" xmlns=\"http:\/\/www.w3.org\/2000\/svg\" width=\"25\" height=\"32\" viewBox=\"0 0 25 32\" preserveAspectRatio=\"xMidYMid meet\" role=\"graphics-symbol\" aria-hidden=\"true\">\n<path d=\"M22.976 5.44q1.024 1.024 1.504 2.048t0.48 1.536v0.512l-8.064 8.064-9.28 9.216-7.616 1.664 1.6-7.68 9.28-9.216 8.064-8.064q1.728-0.384 4.032 1.92zM7.168 25.92l0.768-0.768q-0.064-1.408-1.664-3.008-0.704-0.704-1.44-1.12t-1.12-0.416l-0.448-0.064-0.704 0.768-0.576 2.56q0.896 0.512 1.472 1.088 0.768 0.768 1.152 1.536z\"><\/path>\n<\/svg><\/span><span class='slider-fallback-image'><img decoding=\"async\" fetchpriority=\"high\" width=\"260\" height=\"185\" src=\"https:\/\/www.ern.org\/wp-content\/uploads\/2021\/06\/twitter_map-1-260x185.jpg\" class=\"wp-image-14842 avia-img-lazy-loading-not-14842 attachment-portfolio_small size-portfolio_small wp-post-image\" alt=\"\" \/><\/span><\/a><div class=\"slide-content\"><header class=\"entry-content-header\" aria-label=\"Slide: Big Jump ce dimanche le 10 juillet : Il est encore temps..\"><h3 class='slide-entry-title entry-title '  itemprop=\"headline\" ><a href='https:\/\/www.ern.org\/fr\/big-jump-ce-dimanche-le-10-juillet-il-est-encore-temps\/' title='Big Jump ce dimanche le 10 juillet : Il est encore temps..'>Big Jump ce dimanche le 10 juillet : Il est encore temps..<\/a><\/h3><span class=\"av-vertical-delimiter\"><\/span><\/header><div class=\"slide-meta\"><time class='slide-meta-time updated'  itemprop=\"datePublished\" datetime=\"2022-07-06T19:55:41+02:00\" >juillet 6, 2022<\/time><div class=\"slide-meta-del\">\/<\/div><div class=\"slide-meta-comments\"><a href='https:\/\/www.ern.org\/fr\/big-jump-ce-dimanche-le-10-juillet-il-est-encore-temps\/#respond'>0 Commentaires<\/a><\/div><\/div><div class='slide-entry-excerpt entry-content'  itemprop=\"text\" ><div class=\"read-more-link\"><a href=\"https:\/\/www.ern.org\/fr\/big-jump-ce-dimanche-le-10-juillet-il-est-encore-temps\/\" class=\"more-link\">Lire la suite<span class='more-link-arrow avia-svg-icon avia-font-svg_entypo-fontello' data-av_svg_icon='right-open-big' data-av_iconset='svg_entypo-fontello'><svg version=\"1.1\" xmlns=\"http:\/\/www.w3.org\/2000\/svg\" width=\"15\" height=\"32\" viewBox=\"0 0 15 32\" preserveAspectRatio=\"xMidYMid meet\" role=\"graphics-symbol\" aria-hidden=\"true\">\n<path d=\"M0.416 27.84l11.456-11.84-11.456-11.904q-0.832-0.832 0-1.536 0.832-0.832 1.536 0l12.544 12.608q0.768 0.832 0 1.6l-12.544 12.608q-0.704 0.832-1.536 0-0.832-0.704 0-1.536z\"><\/path>\n<\/svg><\/span><\/a><\/div><\/div><\/div><footer class=\"entry-footer\"><\/footer><span class='hidden'>\n\t\t\t\t<span class='av-structured-data'  itemprop=\"image\" itemscope=\"itemscope\" itemtype=\"https:\/\/schema.org\/ImageObject\" >\n\t\t\t\t\t\t<span itemprop='url'>https:\/\/www.ern.org\/wp-content\/uploads\/2026\/03\/ERN_logo-300x226.webp<\/span>\n\t\t\t\t\t\t<span itemprop='height'>0<\/span>\n\t\t\t\t\t\t<span itemprop='width'>0<\/span>\n\t\t\t\t<\/span>\n\t\t\t\t<span class='av-structured-data'  itemprop=\"publisher\" itemtype=\"https:\/\/schema.org\/Organization\" itemscope=\"itemscope\" >\n\t\t\t\t\t\t<span itemprop='name'>Roberto Epple<\/span>\n\t\t\t\t\t\t<span itemprop='logo' itemscope itemtype='https:\/\/schema.org\/ImageObject'>\n\t\t\t\t\t\t\t<span itemprop='url'>https:\/\/www.ern.org\/wp-content\/uploads\/2026\/03\/ERN_logo-300x226.webp<\/span>\n\t\t\t\t\t\t<\/span>\n\t\t\t\t<\/span><span class='av-structured-data'  itemprop=\"author\" itemscope=\"itemscope\" itemtype=\"https:\/\/schema.org\/Person\" ><span itemprop='name'>Roberto Epple<\/span><\/span><span class='av-structured-data'  itemprop=\"datePublished\" datetime=\"2017-12-25T18:58:39+01:00\" >2022-07-06 19:55:41<\/span><span class='av-structured-data'  itemprop=\"dateModified\" itemtype=\"https:\/\/schema.org\/dateModified\" >2026-04-16 14:25:07<\/span><span class='av-structured-data'  itemprop=\"mainEntityOfPage\" itemtype=\"https:\/\/schema.org\/mainEntityOfPage\" ><span itemprop='name'>Big Jump ce dimanche le 10 juillet : Il est encore temps..<\/span><\/span><\/span><\/article><article class='slide-entry flex_column  post-entry post-entry-23866 slide-entry-overview slide-loop-14 slide-parity-even  av_one_fourth  fake-thumbnail posttype-post post-format-standard'  itemscope=\"itemscope\" itemtype=\"https:\/\/schema.org\/CreativeWork\" ><a href='https:\/\/www.ern.org\/fr\/big-jump-le-10-juillet-participez-et-enregistrez-vous\/' data-rel='slide-1' class='slide-image' title='Big Jump le 10 Juillet ! Participez et enregistrez vous !'><span class='fallback-post-type-icon avia-svg-icon avia-font-svg_entypo-fontello' data-av_svg_icon='pencil' data-av_iconset='svg_entypo-fontello'><svg version=\"1.1\" xmlns=\"http:\/\/www.w3.org\/2000\/svg\" width=\"25\" height=\"32\" viewBox=\"0 0 25 32\" preserveAspectRatio=\"xMidYMid meet\" role=\"graphics-symbol\" aria-hidden=\"true\">\n<path d=\"M22.976 5.44q1.024 1.024 1.504 2.048t0.48 1.536v0.512l-8.064 8.064-9.28 9.216-7.616 1.664 1.6-7.68 9.28-9.216 8.064-8.064q1.728-0.384 4.032 1.92zM7.168 25.92l0.768-0.768q-0.064-1.408-1.664-3.008-0.704-0.704-1.44-1.12t-1.12-0.416l-0.448-0.064-0.704 0.768-0.576 2.56q0.896 0.512 1.472 1.088 0.768 0.768 1.152 1.536z\"><\/path>\n<\/svg><\/span><span class='slider-fallback-image'><img decoding=\"async\" fetchpriority=\"high\" width=\"260\" height=\"185\" src=\"https:\/\/www.ern.org\/wp-content\/uploads\/2021\/06\/twitter_map-1-260x185.jpg\" class=\"wp-image-14842 avia-img-lazy-loading-not-14842 attachment-portfolio_small size-portfolio_small wp-post-image\" alt=\"\" \/><\/span><\/a><div class=\"slide-content\"><header class=\"entry-content-header\" aria-label=\"Slide: Big Jump le 10 Juillet ! Participez et enregistrez vous !\"><h3 class='slide-entry-title entry-title '  itemprop=\"headline\" ><a href='https:\/\/www.ern.org\/fr\/big-jump-le-10-juillet-participez-et-enregistrez-vous\/' title='Big Jump le 10 Juillet ! Participez et enregistrez vous !'>Big Jump le 10 Juillet ! Participez et enregistrez vous !<\/a><\/h3><span class=\"av-vertical-delimiter\"><\/span><\/header><div class=\"slide-meta\"><time class='slide-meta-time updated'  itemprop=\"datePublished\" datetime=\"2022-06-10T15:23:12+02:00\" >juin 10, 2022<\/time><div class=\"slide-meta-del\">\/<\/div><div class=\"slide-meta-comments\"><a href='https:\/\/www.ern.org\/fr\/big-jump-le-10-juillet-participez-et-enregistrez-vous\/#respond'>0 Commentaires<\/a><\/div><\/div><div class='slide-entry-excerpt entry-content'  itemprop=\"text\" ><div class=\"read-more-link\"><a href=\"https:\/\/www.ern.org\/fr\/big-jump-le-10-juillet-participez-et-enregistrez-vous\/\" class=\"more-link\">Lire la suite<span class='more-link-arrow avia-svg-icon avia-font-svg_entypo-fontello' data-av_svg_icon='right-open-big' data-av_iconset='svg_entypo-fontello'><svg version=\"1.1\" xmlns=\"http:\/\/www.w3.org\/2000\/svg\" width=\"15\" height=\"32\" viewBox=\"0 0 15 32\" preserveAspectRatio=\"xMidYMid meet\" role=\"graphics-symbol\" aria-hidden=\"true\">\n<path d=\"M0.416 27.84l11.456-11.84-11.456-11.904q-0.832-0.832 0-1.536 0.832-0.832 1.536 0l12.544 12.608q0.768 0.832 0 1.6l-12.544 12.608q-0.704 0.832-1.536 0-0.832-0.704 0-1.536z\"><\/path>\n<\/svg><\/span><\/a><\/div><\/div><\/div><footer class=\"entry-footer\"><\/footer><span class='hidden'>\n\t\t\t\t<span class='av-structured-data'  itemprop=\"image\" itemscope=\"itemscope\" itemtype=\"https:\/\/schema.org\/ImageObject\" >\n\t\t\t\t\t\t<span itemprop='url'>https:\/\/www.ern.org\/wp-content\/uploads\/2026\/03\/ERN_logo-300x226.webp<\/span>\n\t\t\t\t\t\t<span itemprop='height'>0<\/span>\n\t\t\t\t\t\t<span itemprop='width'>0<\/span>\n\t\t\t\t<\/span>\n\t\t\t\t<span class='av-structured-data'  itemprop=\"publisher\" itemtype=\"https:\/\/schema.org\/Organization\" itemscope=\"itemscope\" >\n\t\t\t\t\t\t<span itemprop='name'>Roberto Epple<\/span>\n\t\t\t\t\t\t<span itemprop='logo' itemscope itemtype='https:\/\/schema.org\/ImageObject'>\n\t\t\t\t\t\t\t<span itemprop='url'>https:\/\/www.ern.org\/wp-content\/uploads\/2026\/03\/ERN_logo-300x226.webp<\/span>\n\t\t\t\t\t\t<\/span>\n\t\t\t\t<\/span><span class='av-structured-data'  itemprop=\"author\" itemscope=\"itemscope\" itemtype=\"https:\/\/schema.org\/Person\" ><span itemprop='name'>Roberto Epple<\/span><\/span><span class='av-structured-data'  itemprop=\"datePublished\" datetime=\"2017-12-25T18:58:39+01:00\" >2022-06-10 15:23:12<\/span><span class='av-structured-data'  itemprop=\"dateModified\" itemtype=\"https:\/\/schema.org\/dateModified\" >2026-04-16 14:25:08<\/span><span class='av-structured-data'  itemprop=\"mainEntityOfPage\" itemtype=\"https:\/\/schema.org\/mainEntityOfPage\" ><span itemprop='name'>Big Jump le 10 Juillet ! Participez et enregistrez vous !<\/span><\/span><\/span><\/article><article class='slide-entry flex_column  post-entry post-entry-16553 slide-entry-overview slide-loop-15 slide-parity-odd  av_one_fourth  fake-thumbnail posttype-post post-format-standard'  itemscope=\"itemscope\" itemtype=\"https:\/\/schema.org\/CreativeWork\" ><a href='https:\/\/www.ern.org\/fr\/visite-du-barrage-nouveau-poutes-organise-par-sos-loire-vivante-le-21-mai\/' data-rel='slide-1' class='slide-image' title='Visite du barrage \u00ab\u00a0Nouveau Pout\u00e8s\u00a0\u00bb organis\u00e9 par SOS Loire Vivante le 21 mai'><span class='fallback-post-type-icon avia-svg-icon avia-font-svg_entypo-fontello' data-av_svg_icon='pencil' data-av_iconset='svg_entypo-fontello'><svg version=\"1.1\" xmlns=\"http:\/\/www.w3.org\/2000\/svg\" width=\"25\" height=\"32\" viewBox=\"0 0 25 32\" preserveAspectRatio=\"xMidYMid meet\" role=\"graphics-symbol\" aria-hidden=\"true\">\n<path d=\"M22.976 5.44q1.024 1.024 1.504 2.048t0.48 1.536v0.512l-8.064 8.064-9.28 9.216-7.616 1.664 1.6-7.68 9.28-9.216 8.064-8.064q1.728-0.384 4.032 1.92zM7.168 25.92l0.768-0.768q-0.064-1.408-1.664-3.008-0.704-0.704-1.44-1.12t-1.12-0.416l-0.448-0.064-0.704 0.768-0.576 2.56q0.896 0.512 1.472 1.088 0.768 0.768 1.152 1.536z\"><\/path>\n<\/svg><\/span><span class='slider-fallback-image'><img decoding=\"async\" fetchpriority=\"high\" width=\"260\" height=\"185\" src=\"https:\/\/www.ern.org\/wp-content\/uploads\/2021\/06\/twitter_map-1-260x185.jpg\" class=\"wp-image-14842 avia-img-lazy-loading-not-14842 attachment-portfolio_small size-portfolio_small wp-post-image\" alt=\"\" \/><\/span><\/a><div class=\"slide-content\"><header class=\"entry-content-header\" aria-label=\"Slide: Visite du barrage &quot;Nouveau Pout\u00e8s&quot; organis\u00e9 par SOS Loire Vivante le 21 mai\"><h3 class='slide-entry-title entry-title '  itemprop=\"headline\" ><a href='https:\/\/www.ern.org\/fr\/visite-du-barrage-nouveau-poutes-organise-par-sos-loire-vivante-le-21-mai\/' title='Visite du barrage \u00ab\u00a0Nouveau Pout\u00e8s\u00a0\u00bb organis\u00e9 par SOS Loire Vivante le 21 mai'>Visite du barrage \u00ab\u00a0Nouveau Pout\u00e8s\u00a0\u00bb organis\u00e9 par SOS Loire Vivante le 21 mai<\/a><\/h3><span class=\"av-vertical-delimiter\"><\/span><\/header><div class=\"slide-meta\"><time class='slide-meta-time updated'  itemprop=\"datePublished\" datetime=\"2022-05-09T14:44:46+02:00\" >mai 9, 2022<\/time><div class=\"slide-meta-del\">\/<\/div><div class=\"slide-meta-comments\"><a href='https:\/\/www.ern.org\/fr\/visite-du-barrage-nouveau-poutes-organise-par-sos-loire-vivante-le-21-mai\/#respond'>0 Commentaires<\/a><\/div><\/div><div class='slide-entry-excerpt entry-content'  itemprop=\"text\" ><div class=\"read-more-link\"><a href=\"https:\/\/www.ern.org\/fr\/visite-du-barrage-nouveau-poutes-organise-par-sos-loire-vivante-le-21-mai\/\" class=\"more-link\">Lire la suite<span class='more-link-arrow avia-svg-icon avia-font-svg_entypo-fontello' data-av_svg_icon='right-open-big' data-av_iconset='svg_entypo-fontello'><svg version=\"1.1\" xmlns=\"http:\/\/www.w3.org\/2000\/svg\" width=\"15\" height=\"32\" viewBox=\"0 0 15 32\" preserveAspectRatio=\"xMidYMid meet\" role=\"graphics-symbol\" aria-hidden=\"true\">\n<path d=\"M0.416 27.84l11.456-11.84-11.456-11.904q-0.832-0.832 0-1.536 0.832-0.832 1.536 0l12.544 12.608q0.768 0.832 0 1.6l-12.544 12.608q-0.704 0.832-1.536 0-0.832-0.704 0-1.536z\"><\/path>\n<\/svg><\/span><\/a><\/div><\/div><\/div><footer class=\"entry-footer\"><\/footer><span class='hidden'>\n\t\t\t\t<span class='av-structured-data'  itemprop=\"image\" itemscope=\"itemscope\" itemtype=\"https:\/\/schema.org\/ImageObject\" >\n\t\t\t\t\t\t<span itemprop='url'>https:\/\/www.ern.org\/wp-content\/uploads\/2026\/03\/ERN_logo-300x226.webp<\/span>\n\t\t\t\t\t\t<span itemprop='height'>0<\/span>\n\t\t\t\t\t\t<span itemprop='width'>0<\/span>\n\t\t\t\t<\/span>\n\t\t\t\t<span class='av-structured-data'  itemprop=\"publisher\" itemtype=\"https:\/\/schema.org\/Organization\" itemscope=\"itemscope\" >\n\t\t\t\t\t\t<span itemprop='name'>ERN<\/span>\n\t\t\t\t\t\t<span itemprop='logo' itemscope itemtype='https:\/\/schema.org\/ImageObject'>\n\t\t\t\t\t\t\t<span itemprop='url'>https:\/\/www.ern.org\/wp-content\/uploads\/2026\/03\/ERN_logo-300x226.webp<\/span>\n\t\t\t\t\t\t<\/span>\n\t\t\t\t<\/span><span class='av-structured-data'  itemprop=\"author\" itemscope=\"itemscope\" itemtype=\"https:\/\/schema.org\/Person\" ><span itemprop='name'>ERN<\/span><\/span><span class='av-structured-data'  itemprop=\"datePublished\" datetime=\"2017-12-25T18:58:39+01:00\" >2022-05-09 14:44:46<\/span><span class='av-structured-data'  itemprop=\"dateModified\" itemtype=\"https:\/\/schema.org\/dateModified\" >2026-04-16 14:25:09<\/span><span class='av-structured-data'  itemprop=\"mainEntityOfPage\" itemtype=\"https:\/\/schema.org\/mainEntityOfPage\" ><span itemprop='name'>Visite du barrage \u00ab\u00a0Nouveau Pout\u00e8s\u00a0\u00bb organis\u00e9 par SOS Loire Vivante le 21 mai<\/span><\/span><\/span><\/article><article class='slide-entry flex_column  post-entry post-entry-23848 slide-entry-overview slide-loop-16 slide-parity-even  av_one_fourth  real-thumbnail posttype-post post-format-standard'  itemscope=\"itemscope\" itemtype=\"https:\/\/schema.org\/CreativeWork\" ><a href='https:\/\/www.ern.org\/fr\/dernier-appel-pour-le-big-jump\/' data-rel='slide-1' class='slide-image' title='Dernier appel pour le Big Jump !'><img decoding=\"async\" fetchpriority=\"high\" width=\"260\" height=\"185\" src=\"https:\/\/www.ern.org\/wp-content\/uploads\/2016\/11\/site_ern_bj-2-260x185.jpg\" class=\"wp-image-6749 avia-img-lazy-loading-not-6749 attachment-portfolio_small size-portfolio_small wp-post-image\" alt=\"\" \/><\/a><div class=\"slide-content\"><header class=\"entry-content-header\" aria-label=\"Slide: Dernier appel pour le Big Jump !\"><h3 class='slide-entry-title entry-title '  itemprop=\"headline\" ><a href='https:\/\/www.ern.org\/fr\/dernier-appel-pour-le-big-jump\/' title='Dernier appel pour le Big Jump !'>Dernier appel pour le Big Jump !<\/a><\/h3><span class=\"av-vertical-delimiter\"><\/span><\/header><div class=\"slide-meta\"><time class='slide-meta-time updated'  itemprop=\"datePublished\" datetime=\"2021-07-05T10:15:24+02:00\" >juillet 5, 2021<\/time><div class=\"slide-meta-del\">\/<\/div><div class=\"slide-meta-comments\"><a href='https:\/\/www.ern.org\/fr\/dernier-appel-pour-le-big-jump\/#respond'>0 Commentaires<\/a><\/div><\/div><div class='slide-entry-excerpt entry-content'  itemprop=\"text\" ><div class=\"read-more-link\"><a href=\"https:\/\/www.ern.org\/fr\/dernier-appel-pour-le-big-jump\/\" class=\"more-link\">Lire la suite<span class='more-link-arrow avia-svg-icon avia-font-svg_entypo-fontello' data-av_svg_icon='right-open-big' data-av_iconset='svg_entypo-fontello'><svg version=\"1.1\" xmlns=\"http:\/\/www.w3.org\/2000\/svg\" width=\"15\" height=\"32\" viewBox=\"0 0 15 32\" preserveAspectRatio=\"xMidYMid meet\" role=\"graphics-symbol\" aria-hidden=\"true\">\n<path d=\"M0.416 27.84l11.456-11.84-11.456-11.904q-0.832-0.832 0-1.536 0.832-0.832 1.536 0l12.544 12.608q0.768 0.832 0 1.6l-12.544 12.608q-0.704 0.832-1.536 0-0.832-0.704 0-1.536z\"><\/path>\n<\/svg><\/span><\/a><\/div><\/div><\/div><footer class=\"entry-footer\"><\/footer><span class='hidden'>\n\t\t\t\t<span class='av-structured-data'  itemprop=\"image\" itemscope=\"itemscope\" itemtype=\"https:\/\/schema.org\/ImageObject\" >\n\t\t\t\t\t\t<span itemprop='url'>https:\/\/www.ern.org\/wp-content\/uploads\/2016\/11\/site_ern_bj-2.jpg<\/span>\n\t\t\t\t\t\t<span itemprop='height'>342<\/span>\n\t\t\t\t\t\t<span itemprop='width'>325<\/span>\n\t\t\t\t<\/span>\n\t\t\t\t<span class='av-structured-data'  itemprop=\"publisher\" itemtype=\"https:\/\/schema.org\/Organization\" itemscope=\"itemscope\" >\n\t\t\t\t\t\t<span itemprop='name'>ERN<\/span>\n\t\t\t\t\t\t<span itemprop='logo' itemscope itemtype='https:\/\/schema.org\/ImageObject'>\n\t\t\t\t\t\t\t<span itemprop='url'>https:\/\/www.ern.org\/wp-content\/uploads\/2026\/03\/ERN_logo-300x226.webp<\/span>\n\t\t\t\t\t\t<\/span>\n\t\t\t\t<\/span><span class='av-structured-data'  itemprop=\"author\" itemscope=\"itemscope\" itemtype=\"https:\/\/schema.org\/Person\" ><span itemprop='name'>ERN<\/span><\/span><span class='av-structured-data'  itemprop=\"datePublished\" datetime=\"2017-12-25T18:58:39+01:00\" >2021-07-05 10:15:24<\/span><span class='av-structured-data'  itemprop=\"dateModified\" itemtype=\"https:\/\/schema.org\/dateModified\" >2026-04-16 14:25:29<\/span><span class='av-structured-data'  itemprop=\"mainEntityOfPage\" itemtype=\"https:\/\/schema.org\/mainEntityOfPage\" ><span itemprop='name'>Dernier appel pour le Big Jump !<\/span><\/span><\/span><\/article><\/div><div class=\"slide-entry-wrap\"><article class='slide-entry flex_column  post-entry post-entry-14825 slide-entry-overview slide-loop-17 slide-parity-odd  av_one_fourth first real-thumbnail posttype-post post-format-standard'  itemscope=\"itemscope\" itemtype=\"https:\/\/schema.org\/CreativeWork\" ><a href='https:\/\/www.ern.org\/fr\/la-plupart-des-rivieres-europeennes-natteindront-pas-le-bon-etat-ecologique-dici-2027-living-rivers-europe-coalition\/' data-rel='slide-1' class='slide-image' title='La plupart des rivi\u00e8res europ\u00e9ennes n&rsquo;atteindront PAS le bon \u00e9tat \u00e9cologique d&rsquo;ici 2027 (Living rivers Europe Coalition)'><img decoding=\"async\" fetchpriority=\"high\" width=\"260\" height=\"185\" src=\"https:\/\/www.ern.org\/wp-content\/uploads\/2021\/06\/twitter_map-1-260x185.jpg\" class=\"wp-image-14842 avia-img-lazy-loading-not-14842 attachment-portfolio_small size-portfolio_small wp-post-image\" alt=\"\" \/><\/a><div class=\"slide-content\"><header class=\"entry-content-header\" aria-label=\"Slide: La plupart des rivi\u00e8res europ\u00e9ennes n&#039;atteindront PAS le bon \u00e9tat \u00e9cologique d&#039;ici 2027 (Living rivers Europe Coalition)\"><h3 class='slide-entry-title entry-title '  itemprop=\"headline\" ><a href='https:\/\/www.ern.org\/fr\/la-plupart-des-rivieres-europeennes-natteindront-pas-le-bon-etat-ecologique-dici-2027-living-rivers-europe-coalition\/' title='La plupart des rivi\u00e8res europ\u00e9ennes n&rsquo;atteindront PAS le bon \u00e9tat \u00e9cologique d&rsquo;ici 2027 (Living rivers Europe Coalition)'>La plupart des rivi\u00e8res europ\u00e9ennes n&rsquo;atteindront PAS le bon \u00e9tat \u00e9cologique d&rsquo;ici 2027 (Living rivers Europe Coalition)<\/a><\/h3><span class=\"av-vertical-delimiter\"><\/span><\/header><div class=\"slide-meta\"><time class='slide-meta-time updated'  itemprop=\"datePublished\" datetime=\"2021-06-12T10:20:24+02:00\" >juin 12, 2021<\/time><div class=\"slide-meta-del\">\/<\/div><div class=\"slide-meta-comments\"><a href='https:\/\/www.ern.org\/fr\/la-plupart-des-rivieres-europeennes-natteindront-pas-le-bon-etat-ecologique-dici-2027-living-rivers-europe-coalition\/#respond'>0 Commentaires<\/a><\/div><\/div><div class='slide-entry-excerpt entry-content'  itemprop=\"text\" ><div class=\"read-more-link\"><a href=\"https:\/\/www.ern.org\/fr\/la-plupart-des-rivieres-europeennes-natteindront-pas-le-bon-etat-ecologique-dici-2027-living-rivers-europe-coalition\/\" class=\"more-link\">Lire la suite<span class='more-link-arrow avia-svg-icon avia-font-svg_entypo-fontello' data-av_svg_icon='right-open-big' data-av_iconset='svg_entypo-fontello'><svg version=\"1.1\" xmlns=\"http:\/\/www.w3.org\/2000\/svg\" width=\"15\" height=\"32\" viewBox=\"0 0 15 32\" preserveAspectRatio=\"xMidYMid meet\" role=\"graphics-symbol\" aria-hidden=\"true\">\n<path d=\"M0.416 27.84l11.456-11.84-11.456-11.904q-0.832-0.832 0-1.536 0.832-0.832 1.536 0l12.544 12.608q0.768 0.832 0 1.6l-12.544 12.608q-0.704 0.832-1.536 0-0.832-0.704 0-1.536z\"><\/path>\n<\/svg><\/span><\/a><\/div><\/div><\/div><footer class=\"entry-footer\"><\/footer><span class='hidden'>\n\t\t\t\t<span class='av-structured-data'  itemprop=\"image\" itemscope=\"itemscope\" itemtype=\"https:\/\/schema.org\/ImageObject\" >\n\t\t\t\t\t\t<span itemprop='url'>https:\/\/www.ern.org\/wp-content\/uploads\/2021\/06\/twitter_map-1.jpg<\/span>\n\t\t\t\t\t\t<span itemprop='height'>675<\/span>\n\t\t\t\t\t\t<span itemprop='width'>1200<\/span>\n\t\t\t\t<\/span>\n\t\t\t\t<span class='av-structured-data'  itemprop=\"publisher\" itemtype=\"https:\/\/schema.org\/Organization\" itemscope=\"itemscope\" >\n\t\t\t\t\t\t<span itemprop='name'>Roberto Epple<\/span>\n\t\t\t\t\t\t<span itemprop='logo' itemscope itemtype='https:\/\/schema.org\/ImageObject'>\n\t\t\t\t\t\t\t<span itemprop='url'>https:\/\/www.ern.org\/wp-content\/uploads\/2026\/03\/ERN_logo-300x226.webp<\/span>\n\t\t\t\t\t\t<\/span>\n\t\t\t\t<\/span><span class='av-structured-data'  itemprop=\"author\" itemscope=\"itemscope\" itemtype=\"https:\/\/schema.org\/Person\" ><span itemprop='name'>Roberto Epple<\/span><\/span><span class='av-structured-data'  itemprop=\"datePublished\" datetime=\"2017-12-25T18:58:39+01:00\" >2021-06-12 10:20:24<\/span><span class='av-structured-data'  itemprop=\"dateModified\" itemtype=\"https:\/\/schema.org\/dateModified\" >2026-04-16 14:25:29<\/span><span class='av-structured-data'  itemprop=\"mainEntityOfPage\" itemtype=\"https:\/\/schema.org\/mainEntityOfPage\" ><span itemprop='name'>La plupart des rivi\u00e8res europ\u00e9ennes n&rsquo;atteindront PAS le bon \u00e9tat \u00e9cologique d&rsquo;ici 2027 (Living rivers Europe Coalition)<\/span><\/span><\/span><\/article><article class='slide-entry flex_column  post-entry post-entry-14783 slide-entry-overview slide-loop-18 slide-parity-even  av_one_fourth  fake-thumbnail posttype-post post-format-standard'  itemscope=\"itemscope\" itemtype=\"https:\/\/schema.org\/CreativeWork\" ><a href='https:\/\/www.ern.org\/fr\/du-5-au-11-juillet-dam-removal-europe-rejoint-le-big-jump\/' data-rel='slide-1' class='slide-image' title='Du 5 au 11 juillet, Dam Removal Europe rejoint le Big Jump\u2026'><span class='fallback-post-type-icon avia-svg-icon avia-font-svg_entypo-fontello' data-av_svg_icon='pencil' data-av_iconset='svg_entypo-fontello'><svg version=\"1.1\" xmlns=\"http:\/\/www.w3.org\/2000\/svg\" width=\"25\" height=\"32\" viewBox=\"0 0 25 32\" preserveAspectRatio=\"xMidYMid meet\" role=\"graphics-symbol\" aria-hidden=\"true\">\n<path d=\"M22.976 5.44q1.024 1.024 1.504 2.048t0.48 1.536v0.512l-8.064 8.064-9.28 9.216-7.616 1.664 1.6-7.68 9.28-9.216 8.064-8.064q1.728-0.384 4.032 1.92zM7.168 25.92l0.768-0.768q-0.064-1.408-1.664-3.008-0.704-0.704-1.44-1.12t-1.12-0.416l-0.448-0.064-0.704 0.768-0.576 2.56q0.896 0.512 1.472 1.088 0.768 0.768 1.152 1.536z\"><\/path>\n<\/svg><\/span><span class='slider-fallback-image'><img decoding=\"async\" fetchpriority=\"high\" width=\"260\" height=\"185\" src=\"https:\/\/www.ern.org\/wp-content\/uploads\/2021\/06\/twitter_map-1-260x185.jpg\" class=\"wp-image-14842 avia-img-lazy-loading-not-14842 attachment-portfolio_small size-portfolio_small wp-post-image\" alt=\"\" \/><\/span><\/a><div class=\"slide-content\"><header class=\"entry-content-header\" aria-label=\"Slide: Du 5 au 11 juillet, Dam Removal Europe rejoint le Big Jump\u2026\"><h3 class='slide-entry-title entry-title '  itemprop=\"headline\" ><a href='https:\/\/www.ern.org\/fr\/du-5-au-11-juillet-dam-removal-europe-rejoint-le-big-jump\/' title='Du 5 au 11 juillet, Dam Removal Europe rejoint le Big Jump\u2026'>Du 5 au 11 juillet, Dam Removal Europe rejoint le Big Jump\u2026<\/a><\/h3><span class=\"av-vertical-delimiter\"><\/span><\/header><div class=\"slide-meta\"><time class='slide-meta-time updated'  itemprop=\"datePublished\" datetime=\"2021-06-11T16:11:12+02:00\" >juin 11, 2021<\/time><div class=\"slide-meta-del\">\/<\/div><div class=\"slide-meta-comments\"><a href='https:\/\/www.ern.org\/fr\/du-5-au-11-juillet-dam-removal-europe-rejoint-le-big-jump\/#respond'>0 Commentaires<\/a><\/div><\/div><div class='slide-entry-excerpt entry-content'  itemprop=\"text\" ><div class=\"read-more-link\"><a href=\"https:\/\/www.ern.org\/fr\/du-5-au-11-juillet-dam-removal-europe-rejoint-le-big-jump\/\" class=\"more-link\">Lire la suite<span class='more-link-arrow avia-svg-icon avia-font-svg_entypo-fontello' data-av_svg_icon='right-open-big' data-av_iconset='svg_entypo-fontello'><svg version=\"1.1\" xmlns=\"http:\/\/www.w3.org\/2000\/svg\" width=\"15\" height=\"32\" viewBox=\"0 0 15 32\" preserveAspectRatio=\"xMidYMid meet\" role=\"graphics-symbol\" aria-hidden=\"true\">\n<path d=\"M0.416 27.84l11.456-11.84-11.456-11.904q-0.832-0.832 0-1.536 0.832-0.832 1.536 0l12.544 12.608q0.768 0.832 0 1.6l-12.544 12.608q-0.704 0.832-1.536 0-0.832-0.704 0-1.536z\"><\/path>\n<\/svg><\/span><\/a><\/div><\/div><\/div><footer class=\"entry-footer\"><\/footer><span class='hidden'>\n\t\t\t\t<span class='av-structured-data'  itemprop=\"image\" itemscope=\"itemscope\" itemtype=\"https:\/\/schema.org\/ImageObject\" >\n\t\t\t\t\t\t<span itemprop='url'>https:\/\/www.ern.org\/wp-content\/uploads\/2026\/03\/ERN_logo-300x226.webp<\/span>\n\t\t\t\t\t\t<span itemprop='height'>0<\/span>\n\t\t\t\t\t\t<span itemprop='width'>0<\/span>\n\t\t\t\t<\/span>\n\t\t\t\t<span class='av-structured-data'  itemprop=\"publisher\" itemtype=\"https:\/\/schema.org\/Organization\" itemscope=\"itemscope\" >\n\t\t\t\t\t\t<span itemprop='name'>ERN<\/span>\n\t\t\t\t\t\t<span itemprop='logo' itemscope itemtype='https:\/\/schema.org\/ImageObject'>\n\t\t\t\t\t\t\t<span itemprop='url'>https:\/\/www.ern.org\/wp-content\/uploads\/2026\/03\/ERN_logo-300x226.webp<\/span>\n\t\t\t\t\t\t<\/span>\n\t\t\t\t<\/span><span class='av-structured-data'  itemprop=\"author\" itemscope=\"itemscope\" itemtype=\"https:\/\/schema.org\/Person\" ><span itemprop='name'>ERN<\/span><\/span><span class='av-structured-data'  itemprop=\"datePublished\" datetime=\"2017-12-25T18:58:39+01:00\" >2021-06-11 16:11:12<\/span><span class='av-structured-data'  itemprop=\"dateModified\" itemtype=\"https:\/\/schema.org\/dateModified\" >2026-04-16 14:25:29<\/span><span class='av-structured-data'  itemprop=\"mainEntityOfPage\" itemtype=\"https:\/\/schema.org\/mainEntityOfPage\" ><span itemprop='name'>Du 5 au 11 juillet, Dam Removal Europe rejoint le Big Jump\u2026<\/span><\/span><\/span><\/article><article class='slide-entry flex_column  post-entry post-entry-12476 slide-entry-overview slide-loop-19 slide-parity-odd  av_one_fourth  fake-thumbnail posttype-post post-format-standard'  itemscope=\"itemscope\" itemtype=\"https:\/\/schema.org\/CreativeWork\" ><a href='https:\/\/www.ern.org\/fr\/un-chouette-big-jump-2020-malgre\/' data-rel='slide-1' class='slide-image' title='Un chouette Big Jump 2020 malgr\u00e9..'><span class='fallback-post-type-icon avia-svg-icon avia-font-svg_entypo-fontello' data-av_svg_icon='pencil' data-av_iconset='svg_entypo-fontello'><svg version=\"1.1\" xmlns=\"http:\/\/www.w3.org\/2000\/svg\" width=\"25\" height=\"32\" viewBox=\"0 0 25 32\" preserveAspectRatio=\"xMidYMid meet\" role=\"graphics-symbol\" aria-hidden=\"true\">\n<path d=\"M22.976 5.44q1.024 1.024 1.504 2.048t0.48 1.536v0.512l-8.064 8.064-9.28 9.216-7.616 1.664 1.6-7.68 9.28-9.216 8.064-8.064q1.728-0.384 4.032 1.92zM7.168 25.92l0.768-0.768q-0.064-1.408-1.664-3.008-0.704-0.704-1.44-1.12t-1.12-0.416l-0.448-0.064-0.704 0.768-0.576 2.56q0.896 0.512 1.472 1.088 0.768 0.768 1.152 1.536z\"><\/path>\n<\/svg><\/span><span class='slider-fallback-image'><img decoding=\"async\" fetchpriority=\"high\" width=\"260\" height=\"185\" src=\"https:\/\/www.ern.org\/wp-content\/uploads\/2021\/06\/twitter_map-1-260x185.jpg\" class=\"wp-image-14842 avia-img-lazy-loading-not-14842 attachment-portfolio_small size-portfolio_small wp-post-image\" alt=\"\" \/><\/span><\/a><div class=\"slide-content\"><header class=\"entry-content-header\" aria-label=\"Slide: Un chouette Big Jump 2020 malgr\u00e9..\"><h3 class='slide-entry-title entry-title '  itemprop=\"headline\" ><a href='https:\/\/www.ern.org\/fr\/un-chouette-big-jump-2020-malgre\/' title='Un chouette Big Jump 2020 malgr\u00e9..'>Un chouette Big Jump 2020 malgr\u00e9..<\/a><\/h3><span class=\"av-vertical-delimiter\"><\/span><\/header><div class=\"slide-meta\"><time class='slide-meta-time updated'  itemprop=\"datePublished\" datetime=\"2020-07-12T17:51:00+02:00\" >juillet 12, 2020<\/time><div class=\"slide-meta-del\">\/<\/div><div class=\"slide-meta-comments\"><a href='https:\/\/www.ern.org\/fr\/un-chouette-big-jump-2020-malgre\/#respond'>0 Commentaires<\/a><\/div><\/div><div class='slide-entry-excerpt entry-content'  itemprop=\"text\" ><div class=\"read-more-link\"><a href=\"https:\/\/www.ern.org\/fr\/un-chouette-big-jump-2020-malgre\/\" class=\"more-link\">Lire la suite<span class='more-link-arrow avia-svg-icon avia-font-svg_entypo-fontello' data-av_svg_icon='right-open-big' data-av_iconset='svg_entypo-fontello'><svg version=\"1.1\" xmlns=\"http:\/\/www.w3.org\/2000\/svg\" width=\"15\" height=\"32\" viewBox=\"0 0 15 32\" preserveAspectRatio=\"xMidYMid meet\" role=\"graphics-symbol\" aria-hidden=\"true\">\n<path d=\"M0.416 27.84l11.456-11.84-11.456-11.904q-0.832-0.832 0-1.536 0.832-0.832 1.536 0l12.544 12.608q0.768 0.832 0 1.6l-12.544 12.608q-0.704 0.832-1.536 0-0.832-0.704 0-1.536z\"><\/path>\n<\/svg><\/span><\/a><\/div><\/div><\/div><footer class=\"entry-footer\"><\/footer><span class='hidden'>\n\t\t\t\t<span class='av-structured-data'  itemprop=\"image\" itemscope=\"itemscope\" itemtype=\"https:\/\/schema.org\/ImageObject\" >\n\t\t\t\t\t\t<span itemprop='url'>https:\/\/www.ern.org\/wp-content\/uploads\/2026\/03\/ERN_logo-300x226.webp<\/span>\n\t\t\t\t\t\t<span itemprop='height'>0<\/span>\n\t\t\t\t\t\t<span itemprop='width'>0<\/span>\n\t\t\t\t<\/span>\n\t\t\t\t<span class='av-structured-data'  itemprop=\"publisher\" itemtype=\"https:\/\/schema.org\/Organization\" itemscope=\"itemscope\" >\n\t\t\t\t\t\t<span itemprop='name'>Roberto Epple<\/span>\n\t\t\t\t\t\t<span itemprop='logo' itemscope itemtype='https:\/\/schema.org\/ImageObject'>\n\t\t\t\t\t\t\t<span itemprop='url'>https:\/\/www.ern.org\/wp-content\/uploads\/2026\/03\/ERN_logo-300x226.webp<\/span>\n\t\t\t\t\t\t<\/span>\n\t\t\t\t<\/span><span class='av-structured-data'  itemprop=\"author\" itemscope=\"itemscope\" itemtype=\"https:\/\/schema.org\/Person\" ><span itemprop='name'>Roberto Epple<\/span><\/span><span class='av-structured-data'  itemprop=\"datePublished\" datetime=\"2017-12-25T18:58:39+01:00\" >2020-07-12 17:51:00<\/span><span class='av-structured-data'  itemprop=\"dateModified\" itemtype=\"https:\/\/schema.org\/dateModified\" >2026-04-16 14:26:09<\/span><span class='av-structured-data'  itemprop=\"mainEntityOfPage\" itemtype=\"https:\/\/schema.org\/mainEntityOfPage\" ><span itemprop='name'>Un chouette Big Jump 2020 malgr\u00e9..<\/span><\/span><\/span><\/article><article class='slide-entry flex_column  post-entry post-entry-23778 slide-entry-overview slide-loop-20 slide-parity-even  post-entry-last  av_one_fourth  fake-thumbnail posttype-post post-format-standard'  itemscope=\"itemscope\" itemtype=\"https:\/\/schema.org\/CreativeWork\" ><a href='https:\/\/www.ern.org\/fr\/des-nombreuse-big-jumps-pour-sauver-le-tigris-hasankeyf-en-turquie\/' data-rel='slide-1' class='slide-image' title='Des nombreuse Big Jumps pour sauver le Tigris (Hasankeyf) en Turquie'><span class='fallback-post-type-icon avia-svg-icon avia-font-svg_entypo-fontello' data-av_svg_icon='pencil' data-av_iconset='svg_entypo-fontello'><svg version=\"1.1\" xmlns=\"http:\/\/www.w3.org\/2000\/svg\" width=\"25\" height=\"32\" viewBox=\"0 0 25 32\" preserveAspectRatio=\"xMidYMid meet\" role=\"graphics-symbol\" aria-hidden=\"true\">\n<path d=\"M22.976 5.44q1.024 1.024 1.504 2.048t0.48 1.536v0.512l-8.064 8.064-9.28 9.216-7.616 1.664 1.6-7.68 9.28-9.216 8.064-8.064q1.728-0.384 4.032 1.92zM7.168 25.92l0.768-0.768q-0.064-1.408-1.664-3.008-0.704-0.704-1.44-1.12t-1.12-0.416l-0.448-0.064-0.704 0.768-0.576 2.56q0.896 0.512 1.472 1.088 0.768 0.768 1.152 1.536z\"><\/path>\n<\/svg><\/span><span class='slider-fallback-image'><img decoding=\"async\" fetchpriority=\"high\" width=\"260\" height=\"185\" src=\"https:\/\/www.ern.org\/wp-content\/uploads\/2021\/06\/twitter_map-1-260x185.jpg\" class=\"wp-image-14842 avia-img-lazy-loading-not-14842 attachment-portfolio_small size-portfolio_small wp-post-image\" alt=\"\" \/><\/span><\/a><div class=\"slide-content\"><header class=\"entry-content-header\" aria-label=\"Slide: Des nombreuse Big Jumps pour sauver le Tigris (Hasankeyf) en Turquie\"><h3 class='slide-entry-title entry-title '  itemprop=\"headline\" ><a href='https:\/\/www.ern.org\/fr\/des-nombreuse-big-jumps-pour-sauver-le-tigris-hasankeyf-en-turquie\/' title='Des nombreuse Big Jumps pour sauver le Tigris (Hasankeyf) en Turquie'>Des nombreuse Big Jumps pour sauver le Tigris (Hasankeyf) en Turquie<\/a><\/h3><span class=\"av-vertical-delimiter\"><\/span><\/header><div class=\"slide-meta\"><time class='slide-meta-time updated'  itemprop=\"datePublished\" datetime=\"2019-07-15T22:51:04+02:00\" >juillet 15, 2019<\/time><div class=\"slide-meta-del\">\/<\/div><div class=\"slide-meta-comments\"><a href='https:\/\/www.ern.org\/fr\/des-nombreuse-big-jumps-pour-sauver-le-tigris-hasankeyf-en-turquie\/#respond'>0 Commentaires<\/a><\/div><\/div><div class='slide-entry-excerpt entry-content'  itemprop=\"text\" ><div class=\"read-more-link\"><a href=\"https:\/\/www.ern.org\/fr\/des-nombreuse-big-jumps-pour-sauver-le-tigris-hasankeyf-en-turquie\/\" class=\"more-link\">Lire la suite<span class='more-link-arrow avia-svg-icon avia-font-svg_entypo-fontello' data-av_svg_icon='right-open-big' data-av_iconset='svg_entypo-fontello'><svg version=\"1.1\" xmlns=\"http:\/\/www.w3.org\/2000\/svg\" width=\"15\" height=\"32\" viewBox=\"0 0 15 32\" preserveAspectRatio=\"xMidYMid meet\" role=\"graphics-symbol\" aria-hidden=\"true\">\n<path d=\"M0.416 27.84l11.456-11.84-11.456-11.904q-0.832-0.832 0-1.536 0.832-0.832 1.536 0l12.544 12.608q0.768 0.832 0 1.6l-12.544 12.608q-0.704 0.832-1.536 0-0.832-0.704 0-1.536z\"><\/path>\n<\/svg><\/span><\/a><\/div><\/div><\/div><footer class=\"entry-footer\"><\/footer><span class='hidden'>\n\t\t\t\t<span class='av-structured-data'  itemprop=\"image\" itemscope=\"itemscope\" itemtype=\"https:\/\/schema.org\/ImageObject\" >\n\t\t\t\t\t\t<span itemprop='url'>https:\/\/www.ern.org\/wp-content\/uploads\/2026\/03\/ERN_logo-300x226.webp<\/span>\n\t\t\t\t\t\t<span itemprop='height'>0<\/span>\n\t\t\t\t\t\t<span itemprop='width'>0<\/span>\n\t\t\t\t<\/span>\n\t\t\t\t<span class='av-structured-data'  itemprop=\"publisher\" itemtype=\"https:\/\/schema.org\/Organization\" itemscope=\"itemscope\" >\n\t\t\t\t\t\t<span itemprop='name'>Roberto Epple<\/span>\n\t\t\t\t\t\t<span itemprop='logo' itemscope itemtype='https:\/\/schema.org\/ImageObject'>\n\t\t\t\t\t\t\t<span itemprop='url'>https:\/\/www.ern.org\/wp-content\/uploads\/2026\/03\/ERN_logo-300x226.webp<\/span>\n\t\t\t\t\t\t<\/span>\n\t\t\t\t<\/span><span class='av-structured-data'  itemprop=\"author\" itemscope=\"itemscope\" itemtype=\"https:\/\/schema.org\/Person\" ><span itemprop='name'>Roberto Epple<\/span><\/span><span class='av-structured-data'  itemprop=\"datePublished\" datetime=\"2017-12-25T18:58:39+01:00\" >2019-07-15 22:51:04<\/span><span class='av-structured-data'  itemprop=\"dateModified\" itemtype=\"https:\/\/schema.org\/dateModified\" >2026-04-16 14:27:45<\/span><span class='av-structured-data'  itemprop=\"mainEntityOfPage\" itemtype=\"https:\/\/schema.org\/mainEntityOfPage\" ><span itemprop='name'>Des nombreuse Big Jumps pour sauver le Tigris (Hasankeyf) en Turquie<\/span><\/span><\/span><\/article><\/div><\/div><div class='pagination-wrap pagination-slider'><nav class='pagination'><span class='pagination-meta'>Page 1 sur 2<\/span><span class='current'>1<\/span><a href='https:\/\/www.ern.org\/fr\/wp-json\/wp\/v2\/pages\/23631\/?avia-element-paging=2' class='inactive next_page' >2<\/a><\/nav>\n<\/div><\/div><\/p><\/div>\n\n<style type=\"text\/css\" data-created_by=\"avia_inline_auto\" id=\"style-css-av-3yuls9-d54d13ced3db29861db2df640c165e84\">\n.flex_column.av-3yuls9-d54d13ced3db29861db2df640c165e84{\nborder-radius:0px 0px 0px 0px;\npadding:0px 0px 0px 0px;\n}\n<\/style>\n<div  class='flex_column av-3yuls9-d54d13ced3db29861db2df640c165e84 av_one_full  avia-builder-el-5  el_after_av_one_full  avia-builder-el-last  first flex_column_div av-zero-column-padding  column-top-margin'     ><\/div>\n","protected":false},"excerpt":{"rendered":"","protected":false},"author":3,"featured_media":0,"parent":0,"menu_order":0,"comment_status":"closed","ping_status":"closed","template":"","meta":{"footnotes":""},"class_list":["post-23631","page","type-page","status-publish","hentry"],"_links":{"self":[{"href":"https:\/\/www.ern.org\/fr\/wp-json\/wp\/v2\/pages\/23631","targetHints":{"allow":["GET"]}}],"collection":[{"href":"https:\/\/www.ern.org\/fr\/wp-json\/wp\/v2\/pages"}],"about":[{"href":"https:\/\/www.ern.org\/fr\/wp-json\/wp\/v2\/types\/page"}],"author":[{"embeddable":true,"href":"https:\/\/www.ern.org\/fr\/wp-json\/wp\/v2\/users\/3"}],"replies":[{"embeddable":true,"href":"https:\/\/www.ern.org\/fr\/wp-json\/wp\/v2\/comments?post=23631"}],"version-history":[{"count":2,"href":"https:\/\/www.ern.org\/fr\/wp-json\/wp\/v2\/pages\/23631\/revisions"}],"predecessor-version":[{"id":25221,"href":"https:\/\/www.ern.org\/fr\/wp-json\/wp\/v2\/pages\/23631\/revisions\/25221"}],"wp:attachment":[{"href":"https:\/\/www.ern.org\/fr\/wp-json\/wp\/v2\/media?parent=23631"}],"curies":[{"name":"wp","href":"https:\/\/api.w.org\/{rel}","templated":true}]}}