{"id":165,"date":"2016-11-30T09:48:47","date_gmt":"2016-11-30T08:48:47","guid":{"rendered":"https:\/\/www.ern.org\/fr\/?page_id=165"},"modified":"2026-02-06T07:43:55","modified_gmt":"2026-02-06T07:43:55","slug":"effacement-du-barrage-de-saint-etienne-du-vigan","status":"publish","type":"page","link":"https:\/\/www.ern.org\/fr\/effacement-du-barrage-de-saint-etienne-du-vigan\/","title":{"rendered":"Effacement du barrage de Saint-Etienne-du-Vigan"},"content":{"rendered":"\n<style type=\"text\/css\" data-created_by=\"avia_inline_auto\" id=\"style-css-av-2xt9m5-bc855b2a21b2bcc57d5c177fabe47470\">\n.flex_column.av-2xt9m5-bc855b2a21b2bcc57d5c177fabe47470{\nborder-radius:0px 0px 0px 0px;\npadding:0px 0px 0px 0px;\n}\n<\/style>\n<div  class='flex_column av-2xt9m5-bc855b2a21b2bcc57d5c177fabe47470 av_one_full  avia-builder-el-0  el_before_av_one_half  avia-builder-el-first  first flex_column_div av-zero-column-padding  '     ><style type=\"text\/css\" data-created_by=\"avia_inline_auto\" id=\"style-css-av-2pofy5-e132b8e4476d5aa5f477fa84300ebd26\">\n#top .av-special-heading.av-2pofy5-e132b8e4476d5aa5f477fa84300ebd26{\npadding-bottom:10px;\n}\nbody .av-special-heading.av-2pofy5-e132b8e4476d5aa5f477fa84300ebd26 .av-special-heading-tag .heading-char{\nfont-size:25px;\n}\n.av-special-heading.av-2pofy5-e132b8e4476d5aa5f477fa84300ebd26 .av-subheading{\nfont-size:15px;\n}\n<\/style>\n<div  class='av-special-heading av-2pofy5-e132b8e4476d5aa5f477fa84300ebd26 av-special-heading-h2 blockquote modern-quote  avia-builder-el-1  avia-builder-el-no-sibling '><h2 class='av-special-heading-tag '  itemprop=\"headline\"  >Effacement du barrage de Saint-Etienne-du-Vigan<\/h2><div class='av-subheading av-subheading_below'><p>Rivi\u00e8re Allier (bassin de la Loire), Haute-Loire, France, 1998<\/p>\n<\/div><div class=\"special-heading-border\"><div class=\"special-heading-inner-border\"><\/div><\/div><\/div><\/div>\n\n<style type=\"text\/css\" data-created_by=\"avia_inline_auto\" id=\"style-css-av-2mjbf1-69a0fe48d30aa864a55fae73ef7d63a0\">\n.flex_column.av-2mjbf1-69a0fe48d30aa864a55fae73ef7d63a0{\nborder-radius:0px 0px 0px 0px;\npadding:0px 0px 0px 0px;\n}\n<\/style>\n<div  class='flex_column av-2mjbf1-69a0fe48d30aa864a55fae73ef7d63a0 av_one_half  avia-builder-el-2  el_after_av_one_full  el_before_av_one_half  first flex_column_div av-zero-column-padding  column-top-margin'     ><section  class='av_textblock_section av-2fj365-2f7ad063d602de2b6aa924961fc3f3f2 '   itemscope=\"itemscope\" itemtype=\"https:\/\/schema.org\/CreativeWork\" ><div class='avia_textblock'  itemprop=\"text\" ><h3>Contexte<\/h3>\n<p>La construction du barrage de St-Etienne du Vigan par un particulier avait \u00e9t\u00e9 autoris\u00e9e en 1895 en vue de l&rsquo;\u00e9clairage de la ville de Langogne (Loz\u00e8re). Haut d&rsquo;environ 12 m\u00e8tres de haut, sans dispositif de franchissement pour les poissons migrateurs, le barrage avait st\u00e9rilis\u00e9 30 hectares d&rsquo;excellentes fray\u00e8res \u00e0 saumons du Haut-Allier. A l&rsquo;\u00e9poque, les populations rurales avaient vigoureusement protest\u00e9, la p\u00eache leur fournissant un compl\u00e9ment de revenu appr\u00e9ciable. En effet, avant que cet ouvrage ne soit construit, les villages voisins exportaient environ 10 tonnes de saumon par an vers le sud de la France, un apport consid\u00e9rable pour l&rsquo;\u00e9conomie locale.<\/p>\n<p>La ville de Langogne a reconstruit le barrage en b\u00e9ton, quelques m\u00e8tres \u00e0 l&rsquo;aval du premier barrage partiellement ruin\u00e9. Le barrage est devenu propri\u00e9t\u00e9 d&rsquo;EDF en 1950.<\/p>\n<p>En application du \u00ab\u00a0Plan Loire Grandeur Nature\u00a0\u00bb, adopt\u00e9 en janvier 1994 par le Gouvernement fran\u00e7ais, le pr\u00e9fet n&rsquo;a pas renouvel\u00e9 l&rsquo;autorisation de ce barrage \u00e0 son expiration le 16 octobre 1994. Il a demand\u00e9 \u00e0 EDF de d\u00e9molir le barrage \u00e0 ses frais pour r\u00e9tablir le libre \u00e9coulement du cours d&rsquo;eau.<\/p>\n<p>Le \u00ab\u00a0Plan Loire Grandeur Nature\u00a0\u00bb,\u00a0 programme de gestion du bassin de la Loire, qui vise \u00e0 concilier la s\u00e9curit\u00e9 des personnes, le d\u00e9veloppement \u00e9conomique et la protection de l&rsquo;environnement, comporte un volet de restauration des populations de saumons. Ce volet inclut la destruction d&rsquo;autres barrages sur le bassin de la Loire, la construction d&rsquo;une salmoniculture sur le Haut-Allier, l&rsquo;interdiction de la p\u00eache au saumon et l&rsquo;\u00e9limination d&rsquo;autres obstacles \u00e0 la migration du saumon.<\/p>\n<\/div><\/section><br \/>\n\n<style type=\"text\/css\" data-created_by=\"avia_inline_auto\" id=\"style-css-av-285fwd-0b45059879aca7f5450191af13154822\">\n#top .hr.hr-invisible.av-285fwd-0b45059879aca7f5450191af13154822{\nheight:50px;\n}\n<\/style>\n<div  class='hr av-285fwd-0b45059879aca7f5450191af13154822 hr-invisible  avia-builder-el-4  el_after_av_textblock  el_before_av_textblock '><span class='hr-inner '><span class=\"hr-inner-style\"><\/span><\/span><\/div><br \/>\n<section  class='av_textblock_section av-20znt1-062c4c7689e01a593db213fe78a8327d '   itemscope=\"itemscope\" itemtype=\"https:\/\/schema.org\/CreativeWork\" ><div class='avia_textblock'  itemprop=\"text\" ><h3>Ma\u00eetrise d&rsquo;ouvrage<\/h3>\n<p>La d\u00e9molition a \u00e9t\u00e9 assur\u00e9e par EDF. Le co\u00fbt a \u00e9t\u00e9 d&rsquo;environ 1,07 millions d&rsquo;euros (7 millions francs) pris en charge par EDF avec une aide de l&rsquo;Agence de l&rsquo;Eau Loire Bretagne.<\/p>\n<\/div><\/section><br \/>\n\n<style type=\"text\/css\" data-created_by=\"avia_inline_auto\" id=\"style-css-av-1uk45p-918d4b7fd7c5d792ab62c6717a9dc24e\">\n#top .hr.hr-invisible.av-1uk45p-918d4b7fd7c5d792ab62c6717a9dc24e{\nheight:50px;\n}\n<\/style>\n<div  class='hr av-1uk45p-918d4b7fd7c5d792ab62c6717a9dc24e hr-invisible  avia-builder-el-6  el_after_av_textblock  el_before_av_textblock '><span class='hr-inner '><span class=\"hr-inner-style\"><\/span><\/span><\/div><br \/>\n<section  class='av_textblock_section av-1opanh-dbfa81cec4ae29ed7049eb5aa306f3f5 '   itemscope=\"itemscope\" itemtype=\"https:\/\/schema.org\/CreativeWork\" ><div class='avia_textblock'  itemprop=\"text\" ><h3>Difficult\u00e9s particuli\u00e8res<\/h3>\n<p>Mercredi 24 juin 1998 \u00e0 17 heures, le barrage de Saint-Etienne-du-Vigan sur le Haut-Allier a \u00e9t\u00e9 souffl\u00e9 par l&rsquo;explosion des charges r\u00e9parties sur l&rsquo;ouvrage.<\/p>\n<p>La retenue avait \u00e9t\u00e9 vid\u00e9e \u00e0 l&rsquo;automne 1997, profitant d&rsquo;une crue de 80 m3\/s permettant de diluer les s\u00e9diments accumul\u00e9s dans la retenue et de minimiser l&rsquo;impact sur les \u00e9cosyst\u00e8mes en aval du barrage. L&rsquo;impact de cette vidange totale a \u00e9t\u00e9 minime, en raison du bas niveau de pollution de la retenue, situ\u00e9e tr\u00e8s en amont, dans un environnement peu industrialis\u00e9.<\/p>\n<\/div><\/section><br \/>\n\n<style type=\"text\/css\" data-created_by=\"avia_inline_auto\" id=\"style-css-av-1ndiqt-c760919a728a6bb1ab5c5be0a61daff8\">\n#top .hr.hr-invisible.av-1ndiqt-c760919a728a6bb1ab5c5be0a61daff8{\nheight:50px;\n}\n<\/style>\n<div  class='hr av-1ndiqt-c760919a728a6bb1ab5c5be0a61daff8 hr-invisible  avia-builder-el-8  el_after_av_textblock  el_before_av_textblock '><span class='hr-inner '><span class=\"hr-inner-style\"><\/span><\/span><\/div><br \/>\n<section  class='av_textblock_section av-1h1ol1-641cd8c35b3742cb1726a5590a7cec53 '   itemscope=\"itemscope\" itemtype=\"https:\/\/schema.org\/CreativeWork\" ><div class='avia_textblock'  itemprop=\"text\" ><h3>B\u00e9n\u00e9fices de l&rsquo;effacement<\/h3>\n<p>Le site est revenu tr\u00e8s rapidement dans un \u00e9tat proche d&rsquo;un \u00e9tat naturel et 5 fray\u00e8res de saumons ont \u00e9t\u00e9 observ\u00e9es d\u00e8s l&rsquo;hiver 1998-99 \u00e0 l&rsquo;amont du site.<\/p>\n<\/div><\/section><br \/>\n\n<style type=\"text\/css\" data-created_by=\"avia_inline_auto\" id=\"style-css-av-17434l-290de216e24f15b7f3c08e195836048a\">\n#top .hr.hr-invisible.av-17434l-290de216e24f15b7f3c08e195836048a{\nheight:50px;\n}\n<\/style>\n<div  class='hr av-17434l-290de216e24f15b7f3c08e195836048a hr-invisible  avia-builder-el-10  el_after_av_textblock  el_before_av_textblock '><span class='hr-inner '><span class=\"hr-inner-style\"><\/span><\/span><\/div><br \/>\n<section  class='av_textblock_section av-lsddt0sn-397cc2301d3f6076d5460d66b6ea4460 '   itemscope=\"itemscope\" itemtype=\"https:\/\/schema.org\/CreativeWork\" ><div class='avia_textblock'  itemprop=\"text\" ><h3>En savoir +<\/h3>\n<ul>\n<li><a href=\"https:\/\/ern-sosloirevivante.org\/wp-content\/uploads\/2024\/02\/21_3_rex_r1_alliersev_vbat.pdf\" target=\"_blank\" rel=\"noopener\">Fiche \u00ab\u00a0retour d&rsquo;exp\u00e9rience\u00a0\u00bb &#8211; OFB, 2010<\/a><\/li>\n<\/ul>\n<ul>\n<li>Modalit\u00e9s techniques de suppression de l&rsquo;ouvrage, SOMIVAL, octobre 1995.<\/li>\n<li>Rapport de synth\u00e8se des \u00e9tudes pr\u00e9alable, Agence de l&rsquo;Eau Loire-Bretagne, novembre 1995.<\/li>\n<li>Dossier d&rsquo;archives, Minist\u00e8re de l&rsquo;Environnement, d\u00e9cembre 1994.<\/li>\n<\/ul>\n<\/div><\/section><\/p><\/div>\n\n<style type=\"text\/css\" data-created_by=\"avia_inline_auto\" id=\"style-css-av-14x0od-a7080d8411db5b4dd654bbde0dc87d69\">\n.flex_column.av-14x0od-a7080d8411db5b4dd654bbde0dc87d69{\nborder-radius:0px 0px 0px 0px;\npadding:0px 0px 0px 0px;\n}\n<\/style>\n<div  class='flex_column av-14x0od-a7080d8411db5b4dd654bbde0dc87d69 av_one_half  avia-builder-el-12  el_after_av_one_half  el_before_av_one_half  flex_column_div av-zero-column-padding  column-top-margin'     ><style type=\"text\/css\" data-created_by=\"avia_inline_auto\" id=\"style-css-av-y73kl-7169fd9708057ae9614ad41510504796\">\n#top .avia-gallery.av-y73kl-7169fd9708057ae9614ad41510504796 .avia-gallery-thumb a{\nwidth:100%;\n}\n<\/style>\n<div  class='avia-gallery av-y73kl-7169fd9708057ae9614ad41510504796 avia_animate_when_visible  avia-builder-el-13  avia-builder-el-no-sibling  deactivate_avia_lazyload avia-gallery-animate avia-gallery-1'  itemprop=\"image\" itemscope=\"itemscope\" itemtype=\"https:\/\/schema.org\/ImageObject\" ><meta itemprop=\"contentURL\" content=\"https:\/\/www.ern.org\/fr\/effacement-du-barrage-de-saint-etienne-du-vigan\/\"><div class='avia-gallery-thumb'><a href=\"https:\/\/www.ern.org\/wp-content\/uploads\/2016\/11\/St_etienne_du_vigan_dam_cc_Roberto_Epple_ERN_France-1-1030x703.jpg\" data-srcset=\"https:\/\/www.ern.org\/wp-content\/uploads\/2016\/11\/St_etienne_du_vigan_dam_cc_Roberto_Epple_ERN_France-1-1030x703.jpg 1030w, https:\/\/www.ern.org\/wp-content\/uploads\/2016\/11\/St_etienne_du_vigan_dam_cc_Roberto_Epple_ERN_France-1-300x205.jpg 300w, https:\/\/www.ern.org\/wp-content\/uploads\/2016\/11\/St_etienne_du_vigan_dam_cc_Roberto_Epple_ERN_France-1-768x524.jpg 768w, https:\/\/www.ern.org\/wp-content\/uploads\/2016\/11\/St_etienne_du_vigan_dam_cc_Roberto_Epple_ERN_France-1-705x481.jpg 705w, https:\/\/www.ern.org\/wp-content\/uploads\/2016\/11\/St_etienne_du_vigan_dam_cc_Roberto_Epple_ERN_France-1.jpg 1250w\" data-sizes=\"(max-width: 1030px) 100vw, 1030px\" data-rel='gallery-1' data-prev-img='https:\/\/www.ern.org\/wp-content\/uploads\/2016\/11\/St_etienne_du_vigan_dam_cc_Roberto_Epple_ERN_France-1-495x400.jpg' class='first_thumb lightbox ' data-onclick='1' title='Saint-Etienne-du-Vigan dam \u00a9 Roberto Epple \u2013 ERN France'  itemprop=\"thumbnailUrl\"  ><img decoding=\"async\" fetchpriority=\"high\" class=\"wp-image-168 avia-img-lazy-loading-not-168\"  data-avia-tooltip='Saint-Etienne-du-Vigan dam \u00a9 Roberto Epple \u2013 ERN France' src=\"https:\/\/www.ern.org\/wp-content\/uploads\/2016\/11\/St_etienne_du_vigan_dam_cc_Roberto_Epple_ERN_France-1.jpg\" width=\"1250\" height=\"853\"  title='st_etienne_du_vigan_dam_cc_roberto_epple_ern_france' alt='' srcset=\"https:\/\/www.ern.org\/wp-content\/uploads\/2016\/11\/St_etienne_du_vigan_dam_cc_Roberto_Epple_ERN_France-1.jpg 1250w, https:\/\/www.ern.org\/wp-content\/uploads\/2016\/11\/St_etienne_du_vigan_dam_cc_Roberto_Epple_ERN_France-1-300x205.jpg 300w, https:\/\/www.ern.org\/wp-content\/uploads\/2016\/11\/St_etienne_du_vigan_dam_cc_Roberto_Epple_ERN_France-1-1030x703.jpg 1030w, https:\/\/www.ern.org\/wp-content\/uploads\/2016\/11\/St_etienne_du_vigan_dam_cc_Roberto_Epple_ERN_France-1-768x524.jpg 768w, https:\/\/www.ern.org\/wp-content\/uploads\/2016\/11\/St_etienne_du_vigan_dam_cc_Roberto_Epple_ERN_France-1-705x481.jpg 705w\" sizes=\"(max-width: 1250px) 100vw, 1250px\" \/><div class='big-prev-fake'><img decoding=\"async\" loading=\"lazy\" class=\"wp-image-168 avia-img-lazy-loading-168\"  width=\"495\" height=\"400\" src=\"https:\/\/www.ern.org\/wp-content\/uploads\/2016\/11\/St_etienne_du_vigan_dam_cc_Roberto_Epple_ERN_France-1-495x400.jpg\" title='st_etienne_du_vigan_dam_cc_roberto_epple_ern_france' alt='' srcset=\"https:\/\/www.ern.org\/wp-content\/uploads\/2016\/11\/St_etienne_du_vigan_dam_cc_Roberto_Epple_ERN_France-1-495x400.jpg 495w, https:\/\/www.ern.org\/wp-content\/uploads\/2016\/11\/St_etienne_du_vigan_dam_cc_Roberto_Epple_ERN_France-1-845x684.jpg 845w\" sizes=\"auto, (max-width: 495px) 100vw, 495px\" \/><\/div><\/a><a href=\"https:\/\/www.ern.org\/wp-content\/uploads\/2016\/11\/St_etienne_du_vigan_dam_decommissioning_cc_Roberto_Epple_ERN_France-1-1030x675.jpg\" data-srcset=\"https:\/\/www.ern.org\/wp-content\/uploads\/2016\/11\/St_etienne_du_vigan_dam_decommissioning_cc_Roberto_Epple_ERN_France-1-1030x675.jpg 1030w, https:\/\/www.ern.org\/wp-content\/uploads\/2016\/11\/St_etienne_du_vigan_dam_decommissioning_cc_Roberto_Epple_ERN_France-1-300x197.jpg 300w, https:\/\/www.ern.org\/wp-content\/uploads\/2016\/11\/St_etienne_du_vigan_dam_decommissioning_cc_Roberto_Epple_ERN_France-1-768x503.jpg 768w, https:\/\/www.ern.org\/wp-content\/uploads\/2016\/11\/St_etienne_du_vigan_dam_decommissioning_cc_Roberto_Epple_ERN_France-1-705x462.jpg 705w, https:\/\/www.ern.org\/wp-content\/uploads\/2016\/11\/St_etienne_du_vigan_dam_decommissioning_cc_Roberto_Epple_ERN_France-1.jpg 1250w\" data-sizes=\"(max-width: 1030px) 100vw, 1030px\" data-rel='gallery-1' data-prev-img='https:\/\/www.ern.org\/wp-content\/uploads\/2016\/11\/St_etienne_du_vigan_dam_decommissioning_cc_Roberto_Epple_ERN_France-1-495x400.jpg' class='first_thumb lightbox ' data-onclick='2' title='Saint-Etienne-du-Vigan dam decommissioning \u00a9 Roberto Epple \u2013 ERN France'  itemprop=\"thumbnailUrl\"  ><img decoding=\"async\" fetchpriority=\"high\" class=\"wp-image-169 avia-img-lazy-loading-not-169\"  data-avia-tooltip='Saint-Etienne-du-Vigan dam decommissioning \u00a9 Roberto Epple \u2013 ERN France' src=\"https:\/\/www.ern.org\/wp-content\/uploads\/2016\/11\/St_etienne_du_vigan_dam_decommissioning_cc_Roberto_Epple_ERN_France-1.jpg\" width=\"1250\" height=\"819\"  title='st_etienne_du_vigan_dam_decommissioning_cc_roberto_epple_ern_france' alt='' srcset=\"https:\/\/www.ern.org\/wp-content\/uploads\/2016\/11\/St_etienne_du_vigan_dam_decommissioning_cc_Roberto_Epple_ERN_France-1.jpg 1250w, https:\/\/www.ern.org\/wp-content\/uploads\/2016\/11\/St_etienne_du_vigan_dam_decommissioning_cc_Roberto_Epple_ERN_France-1-300x197.jpg 300w, https:\/\/www.ern.org\/wp-content\/uploads\/2016\/11\/St_etienne_du_vigan_dam_decommissioning_cc_Roberto_Epple_ERN_France-1-1030x675.jpg 1030w, https:\/\/www.ern.org\/wp-content\/uploads\/2016\/11\/St_etienne_du_vigan_dam_decommissioning_cc_Roberto_Epple_ERN_France-1-768x503.jpg 768w, https:\/\/www.ern.org\/wp-content\/uploads\/2016\/11\/St_etienne_du_vigan_dam_decommissioning_cc_Roberto_Epple_ERN_France-1-705x462.jpg 705w\" sizes=\"(max-width: 1250px) 100vw, 1250px\" \/><div class='big-prev-fake'><img decoding=\"async\" loading=\"lazy\" class=\"wp-image-169 avia-img-lazy-loading-169\"  width=\"495\" height=\"400\" src=\"https:\/\/www.ern.org\/wp-content\/uploads\/2016\/11\/St_etienne_du_vigan_dam_decommissioning_cc_Roberto_Epple_ERN_France-1-495x400.jpg\" title='st_etienne_du_vigan_dam_decommissioning_cc_roberto_epple_ern_france' alt='' srcset=\"https:\/\/www.ern.org\/wp-content\/uploads\/2016\/11\/St_etienne_du_vigan_dam_decommissioning_cc_Roberto_Epple_ERN_France-1-495x400.jpg 495w, https:\/\/www.ern.org\/wp-content\/uploads\/2016\/11\/St_etienne_du_vigan_dam_decommissioning_cc_Roberto_Epple_ERN_France-1-845x684.jpg 845w\" sizes=\"auto, (max-width: 495px) 100vw, 495px\" \/><\/div><\/a><a href=\"https:\/\/www.ern.org\/wp-content\/uploads\/2016\/11\/St_etienne_du_vigan_after_dam_cc_Roberto_Epple_ERN_France-1.jpg\" data-srcset=\"https:\/\/www.ern.org\/wp-content\/uploads\/2016\/11\/St_etienne_du_vigan_after_dam_cc_Roberto_Epple_ERN_France-1.jpg 526w, https:\/\/www.ern.org\/wp-content\/uploads\/2016\/11\/St_etienne_du_vigan_after_dam_cc_Roberto_Epple_ERN_France-1-195x300.jpg 195w, https:\/\/www.ern.org\/wp-content\/uploads\/2016\/11\/St_etienne_du_vigan_after_dam_cc_Roberto_Epple_ERN_France-1-458x705.jpg 458w\" data-sizes=\"(max-width: 526px) 100vw, 526px\" data-rel='gallery-1' data-prev-img='https:\/\/www.ern.org\/wp-content\/uploads\/2016\/11\/St_etienne_du_vigan_after_dam_cc_Roberto_Epple_ERN_France-1-495x400.jpg' class='first_thumb lightbox ' data-onclick='3' title='Saint-Etienne-du-Vigan after dam removal \u00a9 Roberto Epple \u2013 ERN France'  itemprop=\"thumbnailUrl\"  ><img decoding=\"async\" fetchpriority=\"high\" class=\"wp-image-170 avia-img-lazy-loading-not-170\"  data-avia-tooltip='Saint-Etienne-du-Vigan after dam removal \u00a9 Roberto Epple \u2013 ERN France' src=\"https:\/\/www.ern.org\/wp-content\/uploads\/2016\/11\/St_etienne_du_vigan_after_dam_cc_Roberto_Epple_ERN_France-1.jpg\" width=\"526\" height=\"809\"  title='st_etienne_du_vigan_after_dam_cc_roberto_epple_ern_france' alt='' srcset=\"https:\/\/www.ern.org\/wp-content\/uploads\/2016\/11\/St_etienne_du_vigan_after_dam_cc_Roberto_Epple_ERN_France-1.jpg 526w, https:\/\/www.ern.org\/wp-content\/uploads\/2016\/11\/St_etienne_du_vigan_after_dam_cc_Roberto_Epple_ERN_France-1-195x300.jpg 195w, https:\/\/www.ern.org\/wp-content\/uploads\/2016\/11\/St_etienne_du_vigan_after_dam_cc_Roberto_Epple_ERN_France-1-458x705.jpg 458w\" sizes=\"(max-width: 526px) 100vw, 526px\" \/><div class='big-prev-fake'><img decoding=\"async\" loading=\"lazy\" class=\"wp-image-170 avia-img-lazy-loading-170\"  width=\"495\" height=\"400\" src=\"https:\/\/www.ern.org\/wp-content\/uploads\/2016\/11\/St_etienne_du_vigan_after_dam_cc_Roberto_Epple_ERN_France-1-495x400.jpg\" title='st_etienne_du_vigan_after_dam_cc_roberto_epple_ern_france' alt='' \/><\/div><\/a><\/div><\/div><\/div>\n\n<style type=\"text\/css\" data-created_by=\"avia_inline_auto\" id=\"style-css-av-se2vp-ebcfa4da09fe9da4b94d2c8e13b823ec\">\n.flex_column.av-se2vp-ebcfa4da09fe9da4b94d2c8e13b823ec{\nborder-radius:0px 0px 0px 0px;\npadding:0px 0px 0px 0px;\n}\n<\/style>\n<div  class='flex_column av-se2vp-ebcfa4da09fe9da4b94d2c8e13b823ec av_one_half  avia-builder-el-14  el_after_av_one_half  el_before_av_one_half  first flex_column_div av-zero-column-padding  column-top-margin'     ><section  class='av_textblock_section av-n12kt-44cedeb13258112cfb95a8d82f0b2404 '   itemscope=\"itemscope\" itemtype=\"https:\/\/schema.org\/CreativeWork\" ><div class='avia_textblock'  itemprop=\"text\" ><p style=\"text-align: right;\"><a href=\"\/en?page_id=184\">Effacement pr\u00e9c\u00e9dent<\/a><br \/>\n<a href=\"\/en?page_id=184\">&lt; &#8211; &#8211; &#8211; &#8211; &#8211; &#8211; &#8211; &#8211; &#8211; &#8211; &#8211; &#8211; &#8211; <\/a><\/p>\n<\/div><\/section><\/div>\n<style type=\"text\/css\" data-created_by=\"avia_inline_auto\" id=\"style-css-av-d9uad-e9b24157922816b30fc2ff80651bcf6d\">\n.flex_column.av-d9uad-e9b24157922816b30fc2ff80651bcf6d{\nborder-radius:0px 0px 0px 0px;\npadding:0px 0px 0px 0px;\n}\n<\/style>\n<div  class='flex_column av-d9uad-e9b24157922816b30fc2ff80651bcf6d av_one_half  avia-builder-el-16  el_after_av_one_half  avia-builder-el-last  flex_column_div av-zero-column-padding  column-top-margin'     ><section  class='av_textblock_section av-9rn2t-09ee90d9cc3e102524a1beacff510be7 '   itemscope=\"itemscope\" itemtype=\"https:\/\/schema.org\/CreativeWork\" ><div class='avia_textblock'  itemprop=\"text\" ><p><a href=\"\/en?page_id=146\">Effacement suivant<\/a><br \/>\n<a href=\"\/en?page_id=146\">&#8211; &#8211; &#8211; &#8211; &#8211; &#8211; &#8211; &#8211; &#8211; &#8211; &#8211; &gt;<\/a><\/p>\n<\/div><\/section><\/div><\/p>\n","protected":false},"excerpt":{"rendered":"","protected":false},"author":5,"featured_media":0,"parent":0,"menu_order":0,"comment_status":"closed","ping_status":"closed","template":"","meta":{"footnotes":""},"class_list":["post-165","page","type-page","status-publish","hentry"],"_links":{"self":[{"href":"https:\/\/www.ern.org\/fr\/wp-json\/wp\/v2\/pages\/165","targetHints":{"allow":["GET"]}}],"collection":[{"href":"https:\/\/www.ern.org\/fr\/wp-json\/wp\/v2\/pages"}],"about":[{"href":"https:\/\/www.ern.org\/fr\/wp-json\/wp\/v2\/types\/page"}],"author":[{"embeddable":true,"href":"https:\/\/www.ern.org\/fr\/wp-json\/wp\/v2\/users\/5"}],"replies":[{"embeddable":true,"href":"https:\/\/www.ern.org\/fr\/wp-json\/wp\/v2\/comments?post=165"}],"version-history":[{"count":0,"href":"https:\/\/www.ern.org\/fr\/wp-json\/wp\/v2\/pages\/165\/revisions"}],"wp:attachment":[{"href":"https:\/\/www.ern.org\/fr\/wp-json\/wp\/v2\/media?parent=165"}],"curies":[{"name":"wp","href":"https:\/\/api.w.org\/{rel}","templated":true}]}}