{"id":12942,"date":"2020-09-29T15:08:22","date_gmt":"2020-09-29T13:08:22","guid":{"rendered":"http:\/\/www.ern.org\/?page_id=12942"},"modified":"2026-02-06T07:44:23","modified_gmt":"2026-02-06T07:44:23","slug":"lammer-en-allemagne","status":"publish","type":"page","link":"https:\/\/www.ern.org\/fr\/lammer-en-allemagne\/","title":{"rendered":"L&rsquo;Ammer, en Allemagne"},"content":{"rendered":"\n<style type=\"text\/css\" data-created_by=\"avia_inline_auto\" id=\"style-css-av-26zrxi8-2f681baaee67861372cce4515a750b7c\">\n.flex_column.av-26zrxi8-2f681baaee67861372cce4515a750b7c{\nborder-radius:0px 0px 0px 0px;\npadding:0px 0px 0px 0px;\n}\n<\/style>\n<div  class='flex_column av-26zrxi8-2f681baaee67861372cce4515a750b7c av_one_full  avia-builder-el-0  el_before_av_one_full  avia-builder-el-first  first flex_column_div av-zero-column-padding  '     ><p>\n<style type=\"text\/css\" data-created_by=\"avia_inline_auto\" id=\"style-css-av-kfnyly13-e8bb41f89bbcdb1b4ec700b88cc1b580\">\n#top .av-special-heading.av-kfnyly13-e8bb41f89bbcdb1b4ec700b88cc1b580{\npadding-bottom:10px;\n}\nbody .av-special-heading.av-kfnyly13-e8bb41f89bbcdb1b4ec700b88cc1b580 .av-special-heading-tag .heading-char{\nfont-size:25px;\n}\n.av-special-heading.av-kfnyly13-e8bb41f89bbcdb1b4ec700b88cc1b580 .av-subheading{\nfont-size:15px;\n}\n<\/style>\n<div  class='av-special-heading av-kfnyly13-e8bb41f89bbcdb1b4ec700b88cc1b580 av-special-heading-h2 blockquote modern-quote  avia-builder-el-1  el_before_av_hr  avia-builder-el-first  av-linked-heading'><h2 class='av-special-heading-tag '  itemprop=\"headline\"  >L\u2019Ammer, en Allemagne<\/h2><div class=\"special-heading-border\"><div class=\"special-heading-inner-border\"><\/div><\/div><\/div><br \/>\n\n<style type=\"text\/css\" data-created_by=\"avia_inline_auto\" id=\"style-css-av-23bxx0w-999d4cc9b98b9d2a7da5745a6fc9ff9a\">\n#top .hr.av-23bxx0w-999d4cc9b98b9d2a7da5745a6fc9ff9a{\nmargin-top:0px;\nmargin-bottom:0px;\n}\n.hr.av-23bxx0w-999d4cc9b98b9d2a7da5745a6fc9ff9a .hr-inner{\nwidth:1500px;\nborder-color:#6786a1;\n}\n<\/style>\n<div  class='hr av-23bxx0w-999d4cc9b98b9d2a7da5745a6fc9ff9a hr-custom  avia-builder-el-2  el_after_av_heading  avia-builder-el-last  hr-left hr-icon-no'><span class='hr-inner inner-border-av-border-thin'><span class=\"hr-inner-style\"><\/span><\/span><\/div><\/p><\/div>\n\n<style type=\"text\/css\" data-created_by=\"avia_inline_auto\" id=\"style-css-av-cm4u74-e4b6da195631f0b438c0e561d71cbafd\">\n.flex_column.av-cm4u74-e4b6da195631f0b438c0e561d71cbafd{\nborder-radius:0px 0px 0px 0px;\npadding:0px 0px 0px 0px;\n}\n<\/style>\n<div  class='flex_column av-cm4u74-e4b6da195631f0b438c0e561d71cbafd av_one_full  avia-builder-el-3  el_after_av_one_full  el_before_av_three_fourth  first flex_column_div av-zero-column-padding  column-top-margin'     ><style type=\"text\/css\" data-created_by=\"avia_inline_auto\" id=\"style-css-av-amutnk-5d105498e88c542f1c363e9bd88c1c09\">\n#top .avia-gallery.av-amutnk-5d105498e88c542f1c363e9bd88c1c09 .avia-gallery-thumb a{\nwidth:25%;\n}\n<\/style>\n<div  class='avia-gallery av-amutnk-5d105498e88c542f1c363e9bd88c1c09 avia_animate_when_visible  avia-builder-el-4  avia-builder-el-no-sibling  av-hide-gallery-thumbs deactivate_avia_lazyload av-slideshow-ui av-loop-manual-endless av-control-hidden av-navigate-arrows av-navigate-dots hover-effect av-control-hidden avia-gallery-animate avia-gallery-1'  itemprop=\"image\" itemscope=\"itemscope\" itemtype=\"https:\/\/schema.org\/ImageObject\" ><meta itemprop=\"contentURL\" content=\"https:\/\/www.ern.org\/fr\/lammer-en-allemagne\/\"><div class='avia-gallery-big-wrapper'><a class='avia-gallery-big fakeLightbox lightbox avia-gallery-big-crop-thumb ' href=\"https:\/\/www.ern.org\/wp-content\/uploads\/2020\/09\/Ammer-1-1030x683.jpg\" data-srcset=\"https:\/\/www.ern.org\/wp-content\/uploads\/2020\/09\/Ammer-1-1030x683.jpg 1030w, https:\/\/www.ern.org\/wp-content\/uploads\/2020\/09\/Ammer-1-300x199.jpg 300w, https:\/\/www.ern.org\/wp-content\/uploads\/2020\/09\/Ammer-1-768x509.jpg 768w, https:\/\/www.ern.org\/wp-content\/uploads\/2020\/09\/Ammer-1-705x467.jpg 705w, https:\/\/www.ern.org\/wp-content\/uploads\/2020\/09\/Ammer-1.jpg 1033w\" data-sizes=\"(max-width: 1030px) 100vw, 1030px\"  data-onclick='1' title='L&rsquo;Ammer- Copyright L. Galland, ERN2017' ><span class='avia-gallery-big-inner'  itemprop=\"thumbnailUrl\" ><img decoding=\"async\" fetchpriority=\"high\" class=\"wp-image-12946 avia-img-lazy-loading-not-12946\"  width=\"1033\" height=\"685\" src=\"https:\/\/www.ern.org\/wp-content\/uploads\/2020\/09\/Ammer-1.jpg\" title='Ammer' alt='' srcset=\"https:\/\/www.ern.org\/wp-content\/uploads\/2020\/09\/Ammer-1.jpg 1033w, https:\/\/www.ern.org\/wp-content\/uploads\/2020\/09\/Ammer-1-300x199.jpg 300w, https:\/\/www.ern.org\/wp-content\/uploads\/2020\/09\/Ammer-1-1030x683.jpg 1030w, https:\/\/www.ern.org\/wp-content\/uploads\/2020\/09\/Ammer-1-768x509.jpg 768w, https:\/\/www.ern.org\/wp-content\/uploads\/2020\/09\/Ammer-1-705x467.jpg 705w\" sizes=\"(max-width: 1033px) 100vw, 1033px\" \/><span class='avia-gallery-caption'>L&rsquo;Ammer- Copyright L. Galland, ERN2017<\/span><\/span><\/a><\/div><div class='avia-gallery-thumb'><a href=\"https:\/\/www.ern.org\/wp-content\/uploads\/2020\/09\/Ammer-1-1030x683.jpg\" data-srcset=\"https:\/\/www.ern.org\/wp-content\/uploads\/2020\/09\/Ammer-1-1030x683.jpg 1030w, https:\/\/www.ern.org\/wp-content\/uploads\/2020\/09\/Ammer-1-300x199.jpg 300w, https:\/\/www.ern.org\/wp-content\/uploads\/2020\/09\/Ammer-1-768x509.jpg 768w, https:\/\/www.ern.org\/wp-content\/uploads\/2020\/09\/Ammer-1-705x467.jpg 705w, https:\/\/www.ern.org\/wp-content\/uploads\/2020\/09\/Ammer-1.jpg 1033w\" data-sizes=\"(max-width: 1030px) 100vw, 1030px\" data-rel='gallery-1' data-prev-img='https:\/\/www.ern.org\/wp-content\/uploads\/2020\/09\/Ammer-1.jpg' class='first_thumb lightbox ' data-onclick='1' title='L&rsquo;Ammer- Copyright L. Galland, ERN2017'  itemprop=\"thumbnailUrl\"  ><img decoding=\"async\" fetchpriority=\"high\" class=\"wp-image-12946 avia-img-lazy-loading-not-12946\"  data-avia-tooltip='L&rsquo;Ammer- Copyright L. Galland, ERN2017' src=\"https:\/\/www.ern.org\/wp-content\/uploads\/2020\/09\/Ammer-1-495x400.jpg\" width=\"495\" height=\"400\"  title='Ammer' alt='' srcset=\"https:\/\/www.ern.org\/wp-content\/uploads\/2020\/09\/Ammer-1-495x400.jpg 495w, https:\/\/www.ern.org\/wp-content\/uploads\/2020\/09\/Ammer-1-845x684.jpg 845w\" sizes=\"(max-width: 495px) 100vw, 495px\" \/><div class='big-prev-fake'><img decoding=\"async\" loading=\"lazy\" class=\"wp-image-12946 avia-img-lazy-loading-12946\"  width=\"1033\" height=\"685\" src=\"https:\/\/www.ern.org\/wp-content\/uploads\/2020\/09\/Ammer-1.jpg\" title='Ammer' alt='' srcset=\"https:\/\/www.ern.org\/wp-content\/uploads\/2020\/09\/Ammer-1.jpg 1033w, https:\/\/www.ern.org\/wp-content\/uploads\/2020\/09\/Ammer-1-300x199.jpg 300w, https:\/\/www.ern.org\/wp-content\/uploads\/2020\/09\/Ammer-1-1030x683.jpg 1030w, https:\/\/www.ern.org\/wp-content\/uploads\/2020\/09\/Ammer-1-768x509.jpg 768w, https:\/\/www.ern.org\/wp-content\/uploads\/2020\/09\/Ammer-1-705x467.jpg 705w\" sizes=\"auto, (max-width: 1033px) 100vw, 1033px\" \/><\/div><\/a><a href=\"https:\/\/www.ern.org\/wp-content\/uploads\/2020\/09\/Linder-1.jpg\" data-srcset=\"https:\/\/www.ern.org\/wp-content\/uploads\/2020\/09\/Linder-1.jpg 1030w, https:\/\/www.ern.org\/wp-content\/uploads\/2020\/09\/Linder-1-300x200.jpg 300w, https:\/\/www.ern.org\/wp-content\/uploads\/2020\/09\/Linder-1-768x512.jpg 768w, https:\/\/www.ern.org\/wp-content\/uploads\/2020\/09\/Linder-1-705x470.jpg 705w\" data-sizes=\"(max-width: 1030px) 100vw, 1030px\" data-rel='gallery-1' data-prev-img='https:\/\/www.ern.org\/wp-content\/uploads\/2020\/09\/Linder-1.jpg' class='lightbox ' data-onclick='2' title='Le Tinder &#8211; Copyright L. Galland, ERN2017'  itemprop=\"thumbnailUrl\"  ><img decoding=\"async\" fetchpriority=\"high\" class=\"wp-image-12949 avia-img-lazy-loading-not-12949\"  data-avia-tooltip='Le Tinder &#8211; Copyright L. Galland, ERN2017' src=\"https:\/\/www.ern.org\/wp-content\/uploads\/2020\/09\/Linder-1-495x400.jpg\" width=\"495\" height=\"400\"  title='Linder' alt='' srcset=\"https:\/\/www.ern.org\/wp-content\/uploads\/2020\/09\/Linder-1-495x400.jpg 495w, https:\/\/www.ern.org\/wp-content\/uploads\/2020\/09\/Linder-1-845x684.jpg 845w\" sizes=\"(max-width: 495px) 100vw, 495px\" \/><div class='big-prev-fake'><img decoding=\"async\" loading=\"lazy\" class=\"wp-image-12949 avia-img-lazy-loading-12949\"  width=\"1030\" height=\"686\" src=\"https:\/\/www.ern.org\/wp-content\/uploads\/2020\/09\/Linder-1.jpg\" title='Linder' alt='' srcset=\"https:\/\/www.ern.org\/wp-content\/uploads\/2020\/09\/Linder-1.jpg 1030w, https:\/\/www.ern.org\/wp-content\/uploads\/2020\/09\/Linder-1-300x200.jpg 300w, https:\/\/www.ern.org\/wp-content\/uploads\/2020\/09\/Linder-1-768x512.jpg 768w, https:\/\/www.ern.org\/wp-content\/uploads\/2020\/09\/Linder-1-705x470.jpg 705w\" sizes=\"auto, (max-width: 1030px) 100vw, 1030px\" \/><\/div><\/a><\/div><\/div><\/div>\n\n<style type=\"text\/css\" data-created_by=\"avia_inline_auto\" id=\"style-css-av-21kjw8w-15f6c4cea50937e9c75753b296a3a4b4\">\n.flex_column.av-21kjw8w-15f6c4cea50937e9c75753b296a3a4b4{\nborder-radius:0px 0px 0px 0px;\npadding:0px 0px 0px 0px;\n}\n<\/style>\n<div  class='flex_column av-21kjw8w-15f6c4cea50937e9c75753b296a3a4b4 av_three_fourth  avia-builder-el-5  el_after_av_one_full  el_before_av_one_fourth  first flex_column_div av-zero-column-padding  column-top-margin'     ><section  class='av_textblock_section av-1zi3n1s-5ca5b40cd7218e064d9392cb57379341 '   itemscope=\"itemscope\" itemtype=\"https:\/\/schema.org\/CreativeWork\" ><div class='avia_textblock'  itemprop=\"text\" ><div data-canvas-width=\"854.7753109481989\"><\/div>\n<p style=\"text-align: center;\">L&rsquo;Ammer est une rivi\u00e8re du sud de la Bavi\u00e8re, en Allemagne.<\/p>\n<p style=\"text-align: center;\">Il s&rsquo;agit en fait de trois rivi\u00e8res en une : Elle change deux fois de nom (carte ci-dessous).<\/p>\n<ul style=\"text-align: center;\">\n<li>La partie sup\u00e9rieure, qui coule vers l&rsquo;est, est appel\u00e9e la Linder, de sa source situ\u00e9e \u00e0 la fronti\u00e8re autrichienne jusqu&rsquo;\u00e0 Graswang, o\u00f9 elle dispara\u00eet sous terre (pertes karstiques).<\/li>\n<li>Puis de la nouvelle \u00e9mergence (r\u00e9surgence) jusqu\u2019au lac Ammersee, elle est appel\u00e9e l&rsquo;Ammer, qui coule vers le nord.<\/li>\n<li>Et la partie inf\u00e9rieure est appel\u00e9e l&rsquo;Amper, qui s&rsquo;\u00e9coule vers le nord-est, d&rsquo;Ammersee jusqu&rsquo;au fleuve Isar, qui est un affluent droit du Danube.<\/li>\n<\/ul>\n<p style=\"text-align: center;\">&gt;&gt; La longueur totale du Linder\/Ammer\/Amper est de 198 km.<\/p>\n<h4 style=\"text-align: center;\"><img loading=\"lazy\" decoding=\"async\" class=\"alignnone size-large wp-image-12943\" src=\"http:\/\/www.ern.org\/wp-content\/uploads\/2020\/09\/carte1Ammer-1030x530.jpg\" alt=\"\" width=\"1030\" height=\"530\" \/><\/h4>\n<p style=\"text-align: center;\"><em>Localisation de l&rsquo;Ammer et du tron\u00e7on pilote, en Allemagne<br \/>\n<\/em><\/p>\n<p style=\"text-align: center;\">La rivi\u00e8re Linder\/Ammer n\u2019est occup\u00e9e que par une seule centrale hydro\u00e9lectrique, ce qui est exceptionnel dans le sud de la Bavi\u00e8re et plus largement dans les Alpes.<\/p>\n<p style=\"text-align: center;\">La Linder est la section la moins touch\u00e9e par les activit\u00e9s anthropiques. La partie sup\u00e9rieure de l&rsquo;Ammer, jusqu&rsquo;au bout de la gorge pr\u00e8s de Peissenberg, reste relativement bien pr\u00e9serv\u00e9e.<\/p>\n<p style=\"text-align: center;\">Mais ce n&rsquo;est pas le cas pour la partie inf\u00e9rieure de l&rsquo;Ammer, de Peissenberg \u00e0 l&rsquo;Ammersee, o\u00f9 l&rsquo;Amper a \u00e9t\u00e9 s\u00e9rieusement modifi\u00e9e par l\u2019agriculture, l\u2019urbanisation et les deux et les centrales hydro\u00e9lectriques.<\/p>\n<p style=\"text-align: center;\">Par cons\u00e9quent, la section retenue comme pilote est une partie (68%) du tron\u00e7on \u00ab\u00a0Linder\/Ammer\u00a0\u00bb, qui va de la source jusqu&rsquo;\u00e0 Peissenberg, soit un tron\u00e7on de 55 kms de long. Cela correspond \u00e0 28% de la longueur totale du Linder\/Ammer\/Amper.<\/p>\n<div><\/div>\n<div><\/div>\n<div><\/div>\n<div><\/div>\n<\/div><\/section><\/div>\n\n<style type=\"text\/css\" data-created_by=\"avia_inline_auto\" id=\"style-css-av-3wimev-c0d12a8e0f1cf8edfefb9bd62166aa20\">\n.flex_column.av-3wimev-c0d12a8e0f1cf8edfefb9bd62166aa20{\nborder-width:1px;\nborder-color:#9fc8f4;\nborder-style:solid;\nborder-radius:0px 0px 0px 0px;\npadding:8px 8px 8px 8px;\n}\n<\/style>\n<div  class='flex_column av-3wimev-c0d12a8e0f1cf8edfefb9bd62166aa20 av_one_fourth  avia-builder-el-7  el_after_av_three_fourth  avia-builder-el-last  flex_column_div  column-top-margin'     ><style type=\"text\/css\" data-created_by=\"avia_inline_auto\" id=\"style-css-av-jp4r3erb-ff082e67f322a7542968950276b8300d\">\n#top .av_textblock_section.av-jp4r3erb-ff082e67f322a7542968950276b8300d .avia_textblock{\nfont-size:18px;\n}\n<\/style>\n<section  class='av_textblock_section av-jp4r3erb-ff082e67f322a7542968950276b8300d '   itemscope=\"itemscope\" itemtype=\"https:\/\/schema.org\/CreativeWork\" ><div class='avia_textblock'  itemprop=\"text\" ><p style=\"text-align: center;\">t\u00e9l\u00e9chargez la brochure<br \/>\n<a href=\"https:\/\/www.ern.org\/wp-content\/uploads\/2020\/02\/WWF_Infofaltblatt_ERN_FR.pdf\">&lsquo;Le r\u00e9seau Rivi\u00e8res Sauvages en Europe<\/a><a href=\"https:\/\/www.ern.org\/wp-content\/uploads\/2020\/02\/WWF_Infofaltblatt_ERN_FR.pdf\">&lsquo;<\/a><\/p>\n<\/div><\/section><br \/>\n\n<style type=\"text\/css\" data-created_by=\"avia_inline_auto\" id=\"style-css-av-4hxi7k-06703804d72eb1ee60deadefb31fa002\">\n.avia-image-container.av-4hxi7k-06703804d72eb1ee60deadefb31fa002 img.avia_image{\nbox-shadow:none;\n}\n.avia-image-container.av-4hxi7k-06703804d72eb1ee60deadefb31fa002 .av-image-caption-overlay-center{\ncolor:#ffffff;\n}\n<\/style>\n<div  class='avia-image-container av-4hxi7k-06703804d72eb1ee60deadefb31fa002 av-styling- av-img-linked avia-align-center  avia-builder-el-9  el_after_av_textblock  el_before_av_hr '   itemprop=\"image\" itemscope=\"itemscope\" itemtype=\"https:\/\/schema.org\/ImageObject\" ><div class=\"avia-image-container-inner\"><div class=\"avia-image-overlay-wrap\"><a href=\"https:\/\/www.ern.org\/wp-content\/uploads\/2020\/02\/WWF_Infofaltblatt_ERN_FR.pdf\" class='avia_image '  target=\"_blank\"  rel=\"noopener noreferrer\" aria-label='couv-plaquette-WR-FR'><img decoding=\"async\" fetchpriority=\"high\" class='wp-image-12546 avia-img-lazy-loading-not-12546 avia_image ' src=\"https:\/\/www.ern.org\/wp-content\/uploads\/2020\/09\/couv-plaquette-WR-FR-1-210x300.jpg\" alt='' title='couv-plaquette-WR-FR'  height=\"300\" width=\"210\"  itemprop=\"thumbnailUrl\" srcset=\"https:\/\/www.ern.org\/wp-content\/uploads\/2020\/09\/couv-plaquette-WR-FR-1-210x300.jpg 210w, https:\/\/www.ern.org\/wp-content\/uploads\/2020\/09\/couv-plaquette-WR-FR-1.jpg 396w\" sizes=\"(max-width: 210px) 100vw, 210px\" \/><\/a><\/div><\/div><\/div><br \/>\n\n<style type=\"text\/css\" data-created_by=\"avia_inline_auto\" id=\"style-css-av-153679s-bf8f09c8dbc370b295984e01a6630ba0\">\n#top .hr.hr-invisible.av-153679s-bf8f09c8dbc370b295984e01a6630ba0{\nheight:15px;\n}\n<\/style>\n<div  class='hr av-153679s-bf8f09c8dbc370b295984e01a6630ba0 hr-invisible  avia-builder-el-10  el_after_av_image  el_before_av_textblock '><span class='hr-inner '><span class=\"hr-inner-style\"><\/span><\/span><\/div><br \/>\n\n<style type=\"text\/css\" data-created_by=\"avia_inline_auto\" id=\"style-css-av-jp4r3erb-ff082e67f322a7542968950276b8300d\">\n#top .av_textblock_section.av-jp4r3erb-ff082e67f322a7542968950276b8300d .avia_textblock{\nfont-size:18px;\n}\n<\/style>\n<section  class='av_textblock_section av-jp4r3erb-ff082e67f322a7542968950276b8300d '   itemscope=\"itemscope\" itemtype=\"https:\/\/schema.org\/CreativeWork\" ><div class='avia_textblock'  itemprop=\"text\" ><p style=\"text-align: center;\"><strong>D\u00e9couvrir les autres rivi\u00e8res pilotes<\/strong><\/p>\n<\/div><\/section><br \/>\n<div  class='avia-button-wrap av-kf3s10vt-395449f24c4fc219e29a2e217a426f61-wrap avia-button-center  avia-builder-el-12  el_after_av_textblock  el_before_av_button '><a href='https:\/\/www.ern.org\/fr\/wild-rivers\/la-beverine\/'  class='avia-button av-kf3s10vt-395449f24c4fc219e29a2e217a426f61 av-link-btn avia-icon_select-no avia-size-x-large avia-position-center avia-color-blue'  target=\"_blank\"  rel=\"noopener noreferrer\"  aria-label=\"La Beverine (Suisse)\"><span class='avia_iconbox_title' >La Beverine (Suisse)<\/span><\/a><\/div><br \/>\n<div  class='avia-button-wrap av-kf3s10vt-845a535fdb9eaa8060c59e0a053cb810-wrap avia-button-center  avia-builder-el-13  el_after_av_button  el_before_av_button '><a href='https:\/\/www.ern.org\/fr\/la-riviere-soca\/'  class='avia-button av-kf3s10vt-845a535fdb9eaa8060c59e0a053cb810 av-link-btn avia-icon_select-no avia-size-x-large avia-position-center avia-color-blue'  target=\"_blank\"  rel=\"noopener noreferrer\"  aria-label=\"La So\u010da (Slov\u00e9nie)\"><span class='avia_iconbox_title' >La So\u010da (Slov\u00e9nie)<\/span><\/a><\/div><br \/>\n<div  class='avia-button-wrap av-kf3s10vt-0dbdbf5a3f90ac443c25aad0fde0864b-wrap avia-button-center  avia-builder-el-14  el_after_av_button  el_before_av_button '><a href='https:\/\/www.ern.org\/fr\/la-riviere-lech-en-autriche\/'  class='avia-button av-kf3s10vt-0dbdbf5a3f90ac443c25aad0fde0864b av-link-btn avia-icon_select-no avia-size-x-large avia-position-center avia-color-blue'  target=\"_blank\"  rel=\"noopener noreferrer\"  aria-label=\"La Lech (Autriche)\"><span class='avia_iconbox_title' >La Lech (Autriche)<\/span><\/a><\/div><br \/>\n<div  class='avia-button-wrap av-kf3s10vt-eb06c72d5b96205bc527fc77a813eb03-wrap avia-button-center  avia-builder-el-15  el_after_av_button  avia-builder-el-last '><a href='https:\/\/www.ern.org\/fr\/la-chamuera\/'  class='avia-button av-kf3s10vt-eb06c72d5b96205bc527fc77a813eb03 av-link-btn avia-icon_select-no avia-size-x-large avia-position-center avia-color-blue'  target=\"_blank\"  rel=\"noopener noreferrer\"  aria-label=\"La Chamuera (Suisse)\"><span class='avia_iconbox_title' >La Chamuera (Suisse)<\/span><\/a><\/div><\/p><\/div>\n","protected":false},"excerpt":{"rendered":"","protected":false},"author":5,"featured_media":0,"parent":0,"menu_order":0,"comment_status":"closed","ping_status":"closed","template":"","meta":{"footnotes":""},"class_list":["post-12942","page","type-page","status-publish","hentry"],"_links":{"self":[{"href":"https:\/\/www.ern.org\/fr\/wp-json\/wp\/v2\/pages\/12942","targetHints":{"allow":["GET"]}}],"collection":[{"href":"https:\/\/www.ern.org\/fr\/wp-json\/wp\/v2\/pages"}],"about":[{"href":"https:\/\/www.ern.org\/fr\/wp-json\/wp\/v2\/types\/page"}],"author":[{"embeddable":true,"href":"https:\/\/www.ern.org\/fr\/wp-json\/wp\/v2\/users\/5"}],"replies":[{"embeddable":true,"href":"https:\/\/www.ern.org\/fr\/wp-json\/wp\/v2\/comments?post=12942"}],"version-history":[{"count":0,"href":"https:\/\/www.ern.org\/fr\/wp-json\/wp\/v2\/pages\/12942\/revisions"}],"wp:attachment":[{"href":"https:\/\/www.ern.org\/fr\/wp-json\/wp\/v2\/media?parent=12942"}],"curies":[{"name":"wp","href":"https:\/\/api.w.org\/{rel}","templated":true}]}}