{"id":12579,"date":"2020-09-15T10:25:58","date_gmt":"2020-09-15T08:25:58","guid":{"rendered":"http:\/\/www.ern.org\/?page_id=12579"},"modified":"2026-02-06T07:44:20","modified_gmt":"2026-02-06T07:44:20","slug":"la-beverine","status":"publish","type":"page","link":"https:\/\/www.ern.org\/fr\/wild-rivers\/la-beverine\/","title":{"rendered":"La rivi\u00e8re Beverine"},"content":{"rendered":"\n<style type=\"text\/css\" data-created_by=\"avia_inline_auto\" id=\"style-css-av-26zrxi8-2f681baaee67861372cce4515a750b7c\">\n.flex_column.av-26zrxi8-2f681baaee67861372cce4515a750b7c{\nborder-radius:0px 0px 0px 0px;\npadding:0px 0px 0px 0px;\n}\n<\/style>\n<div  class='flex_column av-26zrxi8-2f681baaee67861372cce4515a750b7c av_one_full  avia-builder-el-0  el_before_av_one_full  avia-builder-el-first  first flex_column_div av-zero-column-padding  '     ><p>\n<style type=\"text\/css\" data-created_by=\"avia_inline_auto\" id=\"style-css-av-kfnxvo1i-324caa8d00b8e6a8894616fa3371dd3e\">\n#top .av-special-heading.av-kfnxvo1i-324caa8d00b8e6a8894616fa3371dd3e{\npadding-bottom:10px;\n}\nbody .av-special-heading.av-kfnxvo1i-324caa8d00b8e6a8894616fa3371dd3e .av-special-heading-tag .heading-char{\nfont-size:25px;\n}\n.av-special-heading.av-kfnxvo1i-324caa8d00b8e6a8894616fa3371dd3e .av-subheading{\nfont-size:15px;\n}\n<\/style>\n<div  class='av-special-heading av-kfnxvo1i-324caa8d00b8e6a8894616fa3371dd3e av-special-heading-h2 blockquote modern-quote  avia-builder-el-1  el_before_av_hr  avia-builder-el-first  av-linked-heading'><h2 class='av-special-heading-tag '  itemprop=\"headline\"  >La Beverine, rivi\u00e8re suisse candidate au label \u00ab\u00a0Wild River Site\u00a0\u00bb<\/h2><div class=\"special-heading-border\"><div class=\"special-heading-inner-border\"><\/div><\/div><\/div><br \/>\n\n<style type=\"text\/css\" data-created_by=\"avia_inline_auto\" id=\"style-css-av-23bxx0w-999d4cc9b98b9d2a7da5745a6fc9ff9a\">\n#top .hr.av-23bxx0w-999d4cc9b98b9d2a7da5745a6fc9ff9a{\nmargin-top:0px;\nmargin-bottom:0px;\n}\n.hr.av-23bxx0w-999d4cc9b98b9d2a7da5745a6fc9ff9a .hr-inner{\nwidth:1500px;\nborder-color:#6786a1;\n}\n<\/style>\n<div  class='hr av-23bxx0w-999d4cc9b98b9d2a7da5745a6fc9ff9a hr-custom  avia-builder-el-2  el_after_av_heading  avia-builder-el-last  hr-left hr-icon-no'><span class='hr-inner inner-border-av-border-thin'><span class=\"hr-inner-style\"><\/span><\/span><\/div><\/p><\/div>\n\n<style type=\"text\/css\" data-created_by=\"avia_inline_auto\" id=\"style-css-av-cm4u74-e4b6da195631f0b438c0e561d71cbafd\">\n.flex_column.av-cm4u74-e4b6da195631f0b438c0e561d71cbafd{\nborder-radius:0px 0px 0px 0px;\npadding:0px 0px 0px 0px;\n}\n<\/style>\n<div  class='flex_column av-cm4u74-e4b6da195631f0b438c0e561d71cbafd av_one_full  avia-builder-el-3  el_after_av_one_full  el_before_av_three_fourth  first flex_column_div av-zero-column-padding  column-top-margin'     ><style type=\"text\/css\" data-created_by=\"avia_inline_auto\" id=\"style-css-av-amutnk-6677f3ec811bdf8c6599a44f7a5c4b5c\">\n#top .avia-gallery.av-amutnk-6677f3ec811bdf8c6599a44f7a5c4b5c .avia-gallery-thumb a{\nwidth:25%;\n}\n<\/style>\n<div  class='avia-gallery av-amutnk-6677f3ec811bdf8c6599a44f7a5c4b5c avia_animate_when_visible  avia-builder-el-4  avia-builder-el-no-sibling  av-hide-gallery-thumbs deactivate_avia_lazyload av-slideshow-ui av-loop-manual-endless av-control-hidden av-navigate-arrows av-navigate-dots hover-effect av-control-hidden avia-gallery-animate avia-gallery-1'  itemprop=\"image\" itemscope=\"itemscope\" itemtype=\"https:\/\/schema.org\/ImageObject\" ><meta itemprop=\"contentURL\" content=\"https:\/\/www.ern.org\/fr\/wild-rivers\/la-beverine\/\"><div class='avia-gallery-big-wrapper'><a class='avia-gallery-big fakeLightbox lightbox avia-gallery-big-crop-thumb ' href=\"https:\/\/www.ern.org\/wp-content\/uploads\/2020\/09\/Beverine_sauvage-photoAnitaWyss_WWF-1-1030x688.jpg\" data-srcset=\"https:\/\/www.ern.org\/wp-content\/uploads\/2020\/09\/Beverine_sauvage-photoAnitaWyss_WWF-1-1030x688.jpg 1030w, https:\/\/www.ern.org\/wp-content\/uploads\/2020\/09\/Beverine_sauvage-photoAnitaWyss_WWF-1-300x200.jpg 300w, https:\/\/www.ern.org\/wp-content\/uploads\/2020\/09\/Beverine_sauvage-photoAnitaWyss_WWF-1-768x513.jpg 768w, https:\/\/www.ern.org\/wp-content\/uploads\/2020\/09\/Beverine_sauvage-photoAnitaWyss_WWF-1-705x471.jpg 705w, https:\/\/www.ern.org\/wp-content\/uploads\/2020\/09\/Beverine_sauvage-photoAnitaWyss_WWF-1.jpg 1370w\" data-sizes=\"(max-width: 1030px) 100vw, 1030px\"  data-onclick='1' title='La Beverine sauvage &#8211; \u00a9 Anita Wyss WWF' ><span class='avia-gallery-big-inner'  itemprop=\"thumbnailUrl\" ><img decoding=\"async\" fetchpriority=\"high\" class=\"wp-image-12580 avia-img-lazy-loading-not-12580\"  width=\"1370\" height=\"915\" src=\"https:\/\/www.ern.org\/wp-content\/uploads\/2020\/09\/Beverine_sauvage-photoAnitaWyss_WWF-1.jpg\" title='Beverine_sauvage-photoAnitaWyss_WWF' alt='' srcset=\"https:\/\/www.ern.org\/wp-content\/uploads\/2020\/09\/Beverine_sauvage-photoAnitaWyss_WWF-1.jpg 1370w, https:\/\/www.ern.org\/wp-content\/uploads\/2020\/09\/Beverine_sauvage-photoAnitaWyss_WWF-1-300x200.jpg 300w, https:\/\/www.ern.org\/wp-content\/uploads\/2020\/09\/Beverine_sauvage-photoAnitaWyss_WWF-1-1030x688.jpg 1030w, https:\/\/www.ern.org\/wp-content\/uploads\/2020\/09\/Beverine_sauvage-photoAnitaWyss_WWF-1-768x513.jpg 768w, https:\/\/www.ern.org\/wp-content\/uploads\/2020\/09\/Beverine_sauvage-photoAnitaWyss_WWF-1-705x471.jpg 705w\" sizes=\"(max-width: 1370px) 100vw, 1370px\" \/><span class='avia-gallery-caption'>La Beverine sauvage &#8211; \u00a9 Anita Wyss WWF<\/span><\/span><\/a><\/div><div class='avia-gallery-thumb'><a href=\"https:\/\/www.ern.org\/wp-content\/uploads\/2020\/09\/Beverine_sauvage-photoAnitaWyss_WWF-1-1030x688.jpg\" data-srcset=\"https:\/\/www.ern.org\/wp-content\/uploads\/2020\/09\/Beverine_sauvage-photoAnitaWyss_WWF-1-1030x688.jpg 1030w, https:\/\/www.ern.org\/wp-content\/uploads\/2020\/09\/Beverine_sauvage-photoAnitaWyss_WWF-1-300x200.jpg 300w, https:\/\/www.ern.org\/wp-content\/uploads\/2020\/09\/Beverine_sauvage-photoAnitaWyss_WWF-1-768x513.jpg 768w, https:\/\/www.ern.org\/wp-content\/uploads\/2020\/09\/Beverine_sauvage-photoAnitaWyss_WWF-1-705x471.jpg 705w, https:\/\/www.ern.org\/wp-content\/uploads\/2020\/09\/Beverine_sauvage-photoAnitaWyss_WWF-1.jpg 1370w\" data-sizes=\"(max-width: 1030px) 100vw, 1030px\" data-rel='gallery-1' data-prev-img='https:\/\/www.ern.org\/wp-content\/uploads\/2020\/09\/Beverine_sauvage-photoAnitaWyss_WWF-1.jpg' class='first_thumb lightbox ' data-onclick='1' title='La Beverine sauvage &#8211; \u00a9 Anita Wyss WWF'  itemprop=\"thumbnailUrl\"  ><img decoding=\"async\" fetchpriority=\"high\" class=\"wp-image-12580 avia-img-lazy-loading-not-12580\"  data-avia-tooltip='La Beverine sauvage &#8211; \u00a9 Anita Wyss WWF' src=\"https:\/\/www.ern.org\/wp-content\/uploads\/2020\/09\/Beverine_sauvage-photoAnitaWyss_WWF-1-495x400.jpg\" width=\"495\" height=\"400\"  title='Beverine_sauvage-photoAnitaWyss_WWF' alt='' srcset=\"https:\/\/www.ern.org\/wp-content\/uploads\/2020\/09\/Beverine_sauvage-photoAnitaWyss_WWF-1-495x400.jpg 495w, https:\/\/www.ern.org\/wp-content\/uploads\/2020\/09\/Beverine_sauvage-photoAnitaWyss_WWF-1-845x684.jpg 845w\" sizes=\"(max-width: 495px) 100vw, 495px\" \/><div class='big-prev-fake'><img decoding=\"async\" loading=\"lazy\" class=\"wp-image-12580 avia-img-lazy-loading-12580\"  width=\"1370\" height=\"915\" src=\"https:\/\/www.ern.org\/wp-content\/uploads\/2020\/09\/Beverine_sauvage-photoAnitaWyss_WWF-1.jpg\" title='Beverine_sauvage-photoAnitaWyss_WWF' alt='' srcset=\"https:\/\/www.ern.org\/wp-content\/uploads\/2020\/09\/Beverine_sauvage-photoAnitaWyss_WWF-1.jpg 1370w, https:\/\/www.ern.org\/wp-content\/uploads\/2020\/09\/Beverine_sauvage-photoAnitaWyss_WWF-1-300x200.jpg 300w, https:\/\/www.ern.org\/wp-content\/uploads\/2020\/09\/Beverine_sauvage-photoAnitaWyss_WWF-1-1030x688.jpg 1030w, https:\/\/www.ern.org\/wp-content\/uploads\/2020\/09\/Beverine_sauvage-photoAnitaWyss_WWF-1-768x513.jpg 768w, https:\/\/www.ern.org\/wp-content\/uploads\/2020\/09\/Beverine_sauvage-photoAnitaWyss_WWF-1-705x471.jpg 705w\" sizes=\"auto, (max-width: 1370px) 100vw, 1370px\" \/><\/div><\/a><a href=\"https:\/\/www.ern.org\/wp-content\/uploads\/2020\/09\/Beverin_photoLukasBammatter-1-1030x694.jpg\" data-srcset=\"https:\/\/www.ern.org\/wp-content\/uploads\/2020\/09\/Beverin_photoLukasBammatter-1-1030x694.jpg 1030w, https:\/\/www.ern.org\/wp-content\/uploads\/2020\/09\/Beverin_photoLukasBammatter-1-300x202.jpg 300w, https:\/\/www.ern.org\/wp-content\/uploads\/2020\/09\/Beverin_photoLukasBammatter-1-768x517.jpg 768w, https:\/\/www.ern.org\/wp-content\/uploads\/2020\/09\/Beverin_photoLukasBammatter-1-705x475.jpg 705w, https:\/\/www.ern.org\/wp-content\/uploads\/2020\/09\/Beverin_photoLukasBammatter-1.jpg 1358w\" data-sizes=\"(max-width: 1030px) 100vw, 1030px\" data-rel='gallery-1' data-prev-img='https:\/\/www.ern.org\/wp-content\/uploads\/2020\/09\/Beverin_photoLukasBammatter-1.jpg' class='lightbox ' data-onclick='2' title='La Beverine &#8211; \u00a9 Lukas Bammatter'  itemprop=\"thumbnailUrl\"  ><img decoding=\"async\" fetchpriority=\"high\" class=\"wp-image-12588 avia-img-lazy-loading-not-12588\"  data-avia-tooltip='La Beverine &#8211; \u00a9 Lukas Bammatter' src=\"https:\/\/www.ern.org\/wp-content\/uploads\/2020\/09\/Beverin_photoLukasBammatter-1-495x400.jpg\" width=\"495\" height=\"400\"  title='Beverin_photoLukasBammatter' alt='' srcset=\"https:\/\/www.ern.org\/wp-content\/uploads\/2020\/09\/Beverin_photoLukasBammatter-1-495x400.jpg 495w, https:\/\/www.ern.org\/wp-content\/uploads\/2020\/09\/Beverin_photoLukasBammatter-1-845x684.jpg 845w\" sizes=\"(max-width: 495px) 100vw, 495px\" \/><div class='big-prev-fake'><img decoding=\"async\" loading=\"lazy\" class=\"wp-image-12588 avia-img-lazy-loading-12588\"  width=\"1358\" height=\"915\" src=\"https:\/\/www.ern.org\/wp-content\/uploads\/2020\/09\/Beverin_photoLukasBammatter-1.jpg\" title='Beverin_photoLukasBammatter' alt='' srcset=\"https:\/\/www.ern.org\/wp-content\/uploads\/2020\/09\/Beverin_photoLukasBammatter-1.jpg 1358w, https:\/\/www.ern.org\/wp-content\/uploads\/2020\/09\/Beverin_photoLukasBammatter-1-300x202.jpg 300w, https:\/\/www.ern.org\/wp-content\/uploads\/2020\/09\/Beverin_photoLukasBammatter-1-1030x694.jpg 1030w, https:\/\/www.ern.org\/wp-content\/uploads\/2020\/09\/Beverin_photoLukasBammatter-1-768x517.jpg 768w, https:\/\/www.ern.org\/wp-content\/uploads\/2020\/09\/Beverin_photoLukasBammatter-1-705x475.jpg 705w\" sizes=\"auto, (max-width: 1358px) 100vw, 1358px\" \/><\/div><\/a><\/div><\/div><\/div>\n\n<style type=\"text\/css\" data-created_by=\"avia_inline_auto\" id=\"style-css-av-21kjw8w-15f6c4cea50937e9c75753b296a3a4b4\">\n.flex_column.av-21kjw8w-15f6c4cea50937e9c75753b296a3a4b4{\nborder-radius:0px 0px 0px 0px;\npadding:0px 0px 0px 0px;\n}\n<\/style>\n<div  class='flex_column av-21kjw8w-15f6c4cea50937e9c75753b296a3a4b4 av_three_fourth  avia-builder-el-5  el_after_av_one_full  el_before_av_one_fourth  first flex_column_div av-zero-column-padding  column-top-margin'     ><section  class='av_textblock_section av-1zi3n1s-5ca5b40cd7218e064d9392cb57379341 '   itemscope=\"itemscope\" itemtype=\"https:\/\/schema.org\/CreativeWork\" ><div class='avia_textblock'  itemprop=\"text\" ><div data-canvas-width=\"854.7753109481989\"><\/div>\n<p style=\"text-align: center;\"><span style=\"font-size: 11.0pt; font-family: 'Calibri',sans-serif;\">La Beverine est une rivi\u00e8re alpine du sud-est de la Suisse, situ\u00e9e dans le canton des Grisons, dans la r\u00e9gion de l\u2019Engadine.<br \/>\n<\/span><span style=\"font-size: 11.0pt; font-family: 'Calibri',sans-serif;\">C\u2019est un affluent en rive gauche de l\u2019Inn. La confluence se trouve au niveau du village de Bever, entre Saint Moritz et Zernez.<\/span><\/p>\n<h4 style=\"text-align: center;\"><img loading=\"lazy\" decoding=\"async\" class=\"wp-image-12584 aligncenter\" src=\"http:\/\/www.ern.org\/wp-content\/uploads\/2020\/09\/loca-bassinBeverin.jpg\" alt=\"\" width=\"832\" height=\"554\" \/><\/h4>\n<p style=\"text-align: center;\"><span style=\"font-size: 11.0pt; font-family: 'Calibri',sans-serif;\">C\u2019est la commune de Bever qui porte la candidature de la Beverin amont au Label \u00ab Wild Rivers Site\u00bb.<br \/>\nSeule la partie amont de la Beverin, de sa source jusqu\u2019\u00e0 l\u2019aval de la gare de Spinas est candidate au label \u00ab Wild Rivers Site \u00bb.<br \/>\n<\/span><span style=\"font-size: 11.0pt; font-family: 'Calibri',sans-serif;\">Ce tron\u00e7on <b>long de 13,5 km<\/b>, repr\u00e9sente 77% du lin\u00e9aire total du cours d\u2019eau qui est de 17,4 km. <\/span><\/p>\n<p style=\"text-align: center;\"><span style=\"font-size: 11.0pt; font-family: 'Calibri',sans-serif;\">La source de la Beverin est situ\u00e9e \u00e0 2900 m d\u2019altitude, le point aval du tron\u00e7on candidat \u00e0 1790m et la confluence avec l\u2019Inn \u00e0 1698m. <\/span><\/p>\n<p><img loading=\"lazy\" decoding=\"async\" class=\"wp-image-12582 aligncenter\" src=\"http:\/\/www.ern.org\/wp-content\/uploads\/2020\/09\/loca_tronconcandidat_Beverin.jpg\" alt=\"\" width=\"848\" height=\"522\" \/><\/p>\n<div><\/div>\n<div><\/div>\n<div><\/div>\n<div><\/div>\n<\/div><\/section><\/div>\n\n<style type=\"text\/css\" data-created_by=\"avia_inline_auto\" id=\"style-css-av-3wimev-c0d12a8e0f1cf8edfefb9bd62166aa20\">\n.flex_column.av-3wimev-c0d12a8e0f1cf8edfefb9bd62166aa20{\nborder-width:1px;\nborder-color:#9fc8f4;\nborder-style:solid;\nborder-radius:0px 0px 0px 0px;\npadding:8px 8px 8px 8px;\n}\n<\/style>\n<div  class='flex_column av-3wimev-c0d12a8e0f1cf8edfefb9bd62166aa20 av_one_fourth  avia-builder-el-7  el_after_av_three_fourth  avia-builder-el-last  flex_column_div  column-top-margin'     ><style type=\"text\/css\" data-created_by=\"avia_inline_auto\" id=\"style-css-av-jp4r3erb-ff082e67f322a7542968950276b8300d\">\n#top .av_textblock_section.av-jp4r3erb-ff082e67f322a7542968950276b8300d .avia_textblock{\nfont-size:18px;\n}\n<\/style>\n<section  class='av_textblock_section av-jp4r3erb-ff082e67f322a7542968950276b8300d '   itemscope=\"itemscope\" itemtype=\"https:\/\/schema.org\/CreativeWork\" ><div class='avia_textblock'  itemprop=\"text\" ><p style=\"text-align: center;\">t\u00e9l\u00e9chargez la brochure<br \/>\n<a href=\"https:\/\/www.ern.org\/wp-content\/uploads\/2020\/02\/WWF_Infofaltblatt_ERN_FR.pdf\">&lsquo;Le r\u00e9seau Rivi\u00e8res Sauvages en Europe<\/a><a href=\"https:\/\/www.ern.org\/wp-content\/uploads\/2020\/02\/WWF_Infofaltblatt_ERN_FR.pdf\">&lsquo;<\/a><\/p>\n<\/div><\/section><br \/>\n\n<style type=\"text\/css\" data-created_by=\"avia_inline_auto\" id=\"style-css-av-4hxi7k-06703804d72eb1ee60deadefb31fa002\">\n.avia-image-container.av-4hxi7k-06703804d72eb1ee60deadefb31fa002 img.avia_image{\nbox-shadow:none;\n}\n.avia-image-container.av-4hxi7k-06703804d72eb1ee60deadefb31fa002 .av-image-caption-overlay-center{\ncolor:#ffffff;\n}\n<\/style>\n<div  class='avia-image-container av-4hxi7k-06703804d72eb1ee60deadefb31fa002 av-styling- av-img-linked avia-align-center  avia-builder-el-9  el_after_av_textblock  el_before_av_hr '   itemprop=\"image\" itemscope=\"itemscope\" itemtype=\"https:\/\/schema.org\/ImageObject\" ><div class=\"avia-image-container-inner\"><div class=\"avia-image-overlay-wrap\"><a href=\"https:\/\/www.ern.org\/wp-content\/uploads\/2020\/02\/WWF_Infofaltblatt_ERN_FR.pdf\" class='avia_image '  target=\"_blank\"  rel=\"noopener noreferrer\" aria-label='couv-plaquette-WR-FR'><img decoding=\"async\" fetchpriority=\"high\" class='wp-image-12546 avia-img-lazy-loading-not-12546 avia_image ' src=\"https:\/\/www.ern.org\/wp-content\/uploads\/2020\/09\/couv-plaquette-WR-FR-1-210x300.jpg\" alt='' title='couv-plaquette-WR-FR'  height=\"300\" width=\"210\"  itemprop=\"thumbnailUrl\" srcset=\"https:\/\/www.ern.org\/wp-content\/uploads\/2020\/09\/couv-plaquette-WR-FR-1-210x300.jpg 210w, https:\/\/www.ern.org\/wp-content\/uploads\/2020\/09\/couv-plaquette-WR-FR-1.jpg 396w\" sizes=\"(max-width: 210px) 100vw, 210px\" \/><\/a><\/div><\/div><\/div><br \/>\n\n<style type=\"text\/css\" data-created_by=\"avia_inline_auto\" id=\"style-css-av-153679s-bf8f09c8dbc370b295984e01a6630ba0\">\n#top .hr.hr-invisible.av-153679s-bf8f09c8dbc370b295984e01a6630ba0{\nheight:15px;\n}\n<\/style>\n<div  class='hr av-153679s-bf8f09c8dbc370b295984e01a6630ba0 hr-invisible  avia-builder-el-10  el_after_av_image  el_before_av_textblock '><span class='hr-inner '><span class=\"hr-inner-style\"><\/span><\/span><\/div><br \/>\n\n<style type=\"text\/css\" data-created_by=\"avia_inline_auto\" id=\"style-css-av-jp4r3erb-ff082e67f322a7542968950276b8300d\">\n#top .av_textblock_section.av-jp4r3erb-ff082e67f322a7542968950276b8300d .avia_textblock{\nfont-size:18px;\n}\n<\/style>\n<section  class='av_textblock_section av-jp4r3erb-ff082e67f322a7542968950276b8300d '   itemscope=\"itemscope\" itemtype=\"https:\/\/schema.org\/CreativeWork\" ><div class='avia_textblock'  itemprop=\"text\" ><p style=\"text-align: center;\"><strong>D\u00e9couvrir les autres rivi\u00e8res pilotes<\/strong><\/p>\n<\/div><\/section><br \/>\n<div  class='avia-button-wrap av-kf3s10vt-eb06c72d5b96205bc527fc77a813eb03-wrap avia-button-center  avia-builder-el-12  el_after_av_textblock  el_before_av_button '><a href='https:\/\/www.ern.org\/fr\/la-chamuera\/'  class='avia-button av-kf3s10vt-eb06c72d5b96205bc527fc77a813eb03 av-link-btn avia-icon_select-no avia-size-x-large avia-position-center avia-color-blue'  target=\"_blank\"  rel=\"noopener noreferrer\"  aria-label=\"La Chamuera (Suisse)\"><span class='avia_iconbox_title' >La Chamuera (Suisse)<\/span><\/a><\/div><br \/>\n<div  class='avia-button-wrap av-kf3s10vt-a888824cfc4e77353e0e7f20ac2bf3ff-wrap avia-button-center  avia-builder-el-13  el_after_av_button  el_before_av_button '><a href='https:\/\/www.ern.org\/fr\/lammer-en-allemagne\/'  class='avia-button av-kf3s10vt-a888824cfc4e77353e0e7f20ac2bf3ff av-link-btn avia-icon_select-no avia-size-x-large avia-position-center avia-color-blue'  target=\"_blank\"  rel=\"noopener noreferrer\"  aria-label=\"L\u2019Ammer (Allemagne)\"><span class='avia_iconbox_title' >L\u2019Ammer (Allemagne)<\/span><\/a><\/div><br \/>\n<div  class='avia-button-wrap av-kf3s10vt-0dbdbf5a3f90ac443c25aad0fde0864b-wrap avia-button-center  avia-builder-el-14  el_after_av_button  el_before_av_button '><a href='https:\/\/www.ern.org\/fr\/la-riviere-lech-en-autriche\/'  class='avia-button av-kf3s10vt-0dbdbf5a3f90ac443c25aad0fde0864b av-link-btn avia-icon_select-no avia-size-x-large avia-position-center avia-color-blue'  target=\"_blank\"  rel=\"noopener noreferrer\"  aria-label=\"La Lech (Autriche)\"><span class='avia_iconbox_title' >La Lech (Autriche)<\/span><\/a><\/div><br \/>\n<div  class='avia-button-wrap av-kf3s10vt-845a535fdb9eaa8060c59e0a053cb810-wrap avia-button-center  avia-builder-el-15  el_after_av_button  avia-builder-el-last '><a href='https:\/\/www.ern.org\/fr\/la-riviere-soca\/'  class='avia-button av-kf3s10vt-845a535fdb9eaa8060c59e0a053cb810 av-link-btn avia-icon_select-no avia-size-x-large avia-position-center avia-color-blue'  target=\"_blank\"  rel=\"noopener noreferrer\"  aria-label=\"La So\u010da (Slov\u00e9nie)\"><span class='avia_iconbox_title' >La So\u010da (Slov\u00e9nie)<\/span><\/a><\/div><\/p><\/div>\n","protected":false},"excerpt":{"rendered":"","protected":false},"author":5,"featured_media":0,"parent":5095,"menu_order":0,"comment_status":"closed","ping_status":"closed","template":"","meta":{"footnotes":""},"class_list":["post-12579","page","type-page","status-publish","hentry"],"_links":{"self":[{"href":"https:\/\/www.ern.org\/fr\/wp-json\/wp\/v2\/pages\/12579","targetHints":{"allow":["GET"]}}],"collection":[{"href":"https:\/\/www.ern.org\/fr\/wp-json\/wp\/v2\/pages"}],"about":[{"href":"https:\/\/www.ern.org\/fr\/wp-json\/wp\/v2\/types\/page"}],"author":[{"embeddable":true,"href":"https:\/\/www.ern.org\/fr\/wp-json\/wp\/v2\/users\/5"}],"replies":[{"embeddable":true,"href":"https:\/\/www.ern.org\/fr\/wp-json\/wp\/v2\/comments?post=12579"}],"version-history":[{"count":0,"href":"https:\/\/www.ern.org\/fr\/wp-json\/wp\/v2\/pages\/12579\/revisions"}],"up":[{"embeddable":true,"href":"https:\/\/www.ern.org\/fr\/wp-json\/wp\/v2\/pages\/5095"}],"wp:attachment":[{"href":"https:\/\/www.ern.org\/fr\/wp-json\/wp\/v2\/media?parent=12579"}],"curies":[{"name":"wp","href":"https:\/\/api.w.org\/{rel}","templated":true}]}}