{"id":10273,"date":"2019-12-12T16:51:34","date_gmt":"2019-12-12T15:51:34","guid":{"rendered":"http:\/\/www.ern.org\/?page_id=10273"},"modified":"2026-08-21T17:10:06","modified_gmt":"2026-08-21T15:10:06","slug":"montpezat","status":"publish","type":"page","link":"https:\/\/www.ern.org\/fr\/montpezat\/","title":{"rendered":"Montpezat"},"content":{"rendered":"\n<style type=\"text\/css\" data-created_by=\"avia_inline_auto\" id=\"style-css-av-1n4vvpd-24711ff7aeb6686975cdddea9593f21a\">\n.flex_column.av-1n4vvpd-24711ff7aeb6686975cdddea9593f21a{\nborder-radius:0px 0px 0px 0px;\npadding:0px 0px 0px 0px;\n}\n<\/style>\n<div  class='flex_column av-1n4vvpd-24711ff7aeb6686975cdddea9593f21a av_two_third  avia-builder-el-0  el_before_av_one_third  avia-builder-el-first  first flex_column_div av-zero-column-padding  '     ><p>\n<style type=\"text\/css\" data-created_by=\"avia_inline_auto\" id=\"style-css-av-ou5081-e368e4e5d9c4facdd4424001df3b0cfa\">\n#top .av-special-heading.av-ou5081-e368e4e5d9c4facdd4424001df3b0cfa{\npadding-bottom:10px;\n}\nbody .av-special-heading.av-ou5081-e368e4e5d9c4facdd4424001df3b0cfa .av-special-heading-tag .heading-char{\nfont-size:25px;\n}\n.av-special-heading.av-ou5081-e368e4e5d9c4facdd4424001df3b0cfa .av-subheading{\nfont-size:15px;\n}\n<\/style>\n<div  class='av-special-heading av-ou5081-e368e4e5d9c4facdd4424001df3b0cfa av-special-heading-h2 blockquote modern-quote  avia-builder-el-1  el_before_av_hr  avia-builder-el-first  av-linked-heading'><h2 class='av-special-heading-tag '  itemprop=\"headline\"  >Vers un complexe hydro\u00e9lectrique de Montpezat am\u00e9lior\u00e9 ?<\/h2><div class='av-subheading av-subheading_below'><p>Fin de la concession en d\u00e9cembre 2028<\/p>\n<\/div><div class=\"special-heading-border\"><div class=\"special-heading-inner-border\"><\/div><\/div><\/div><br \/>\n\n<style type=\"text\/css\" data-created_by=\"avia_inline_auto\" id=\"style-css-av-16hy9or-a55e8353bd6b596f7a648ed115d047e3\">\n#top .hr.hr-invisible.av-16hy9or-a55e8353bd6b596f7a648ed115d047e3{\nheight:50px;\n}\n<\/style>\n<div  class='hr av-16hy9or-a55e8353bd6b596f7a648ed115d047e3 hr-invisible  avia-builder-el-2  el_after_av_heading  el_before_av_textblock '><span class='hr-inner '><span class=\"hr-inner-style\"><\/span><\/span><\/div><br \/>\n<section  class='av_textblock_section av-im36yz-93e2f3c9485c1a191f07aef1be69a5b5 '   itemscope=\"itemscope\" itemtype=\"https:\/\/schema.org\/CreativeWork\" ><div class='avia_textblock'  itemprop=\"text\" ><p><a href=\"https:\/\/www.ern.org\/wp-content\/uploads\/2023\/04\/Schema.png\"><img loading=\"lazy\" decoding=\"async\" class=\"alignnone wp-image-18081\" src=\"https:\/\/www.ern.org\/wp-content\/uploads\/2023\/04\/Schema.png\" alt=\"\" width=\"470\" height=\"250\" \/><\/a> <a href=\"https:\/\/www.ern.org\/wp-content\/uploads\/2023\/04\/achevalsurdeuxbassinsversant.png\"><img loading=\"lazy\" decoding=\"async\" class=\"alignnone wp-image-18084\" src=\"https:\/\/www.ern.org\/wp-content\/uploads\/2023\/04\/achevalsurdeuxbassinsversant.png\" alt=\"\" width=\"235\" height=\"250\" \/><\/a><\/p>\n<\/div><\/section><br \/>\n\n<style type=\"text\/css\" data-created_by=\"avia_inline_auto\" id=\"style-css-av-r52osh-5a7b5b1bc3d573c11a286ffa8a53c7ef\">\n#top .hr.hr-invisible.av-r52osh-5a7b5b1bc3d573c11a286ffa8a53c7ef{\nheight:30px;\n}\n<\/style>\n<div  class='hr av-r52osh-5a7b5b1bc3d573c11a286ffa8a53c7ef hr-invisible  avia-builder-el-4  el_after_av_textblock  el_before_av_textblock '><span class='hr-inner '><span class=\"hr-inner-style\"><\/span><\/span><\/div><br \/>\n<section  class='av_textblock_section av-mt2s85ml-bc70f4c7a9afac0bfe118a45e516c6a8 '   itemscope=\"itemscope\" itemtype=\"https:\/\/schema.org\/CreativeWork\" ><div class='avia_textblock'  itemprop=\"text\" ><p>En r\u00e9sum\u00e9 (derni\u00e8re mise \u00e0 jour ao\u00fbt 2026) :<\/p>\n<h3>Le complexe hydro\u00e9lectrique de Montpezat : un am\u00e9nagement ing\u00e9nieux<\/h3>\n<p>Apr\u00e8s la guerre, de nombreuses centrales hydro\u00e9lectriques ont \u00e9t\u00e9 construites en France, dont Montpezat en Ard\u00e8che de 1947 \u00e0 1954. Class\u00e9 strat\u00e9gique, Montpezat permet de produire une \u00e9nergie de haute qualit\u00e9, de l\u2019\u00e9nergie de pointe pour r\u00e9pondre \u00e0 des besoins imm\u00e9diats (150 MW) et de s\u00e9curiser la centrale nucl\u00e9aire de Cruas sur le Rh\u00f4ne. Chaque ann\u00e9e ce sont en moyenne 220 millions (Mio) de m3 d\u2019eau (avec des variations annuelles entre 80Mio de m3 et jusqu\u2019\u00e0 345 Mio de m3) de la Loire et ses premiers affluents qui sont collect\u00e9s et stock\u00e9s dans trois retenues ainsi que dans le lac crat\u00e8re naturel d\u2019Issarl\u00e8s, puis envoy\u00e9s \u00e0 travers une galerie de 25km vers le bassin versant de l\u2019Ard\u00e8che. La longue chute de 636m dans des conduites forc\u00e9es permet de turbiner l\u2019eau dans l\u2019usine souterraine de Montpezat. L\u2019eau est ensuite amen\u00e9e par un canal jusqu\u2019\u00e0 un barrage d\u00e9modulateur, puis rejoint la rivi\u00e8re Fontauli\u00e8re qui se jette dans l\u2019Ard\u00e8che. Un transfert d\u2019eau interbassin de taille, unique au niveau europ\u00e9en. <a href=\"https:\/\/www.ern.org\/fr\/montpezat-archive-fonctionnement\/#complexe\">Plus d&rsquo;infos sur le fonctionnement du complexe et les ouvrages<\/a><\/p>\n<\/div><\/section><br \/>\n\n<style type=\"text\/css\" data-created_by=\"avia_inline_auto\" id=\"style-css-av-l4yc75-04eec822d6bc0aad99be5a87743a5b30\">\n#top .hr.hr-invisible.av-l4yc75-04eec822d6bc0aad99be5a87743a5b30{\nheight:30px;\n}\n<\/style>\n<div  class='hr av-l4yc75-04eec822d6bc0aad99be5a87743a5b30 hr-invisible  avia-builder-el-6  el_after_av_textblock  el_before_av_button_big  avia-builder-el-last '><span class='hr-inner '><span class=\"hr-inner-style\"><\/span><\/span><\/div><br \/>\n<div  class='avia-button-wrap avia-button-center  avia-builder-el-7  el_after_av_hr  el_before_av_hr '>\n<style type=\"text\/css\" data-created_by=\"avia_inline_auto\" id=\"style-css-av-m9k1xwif-8a65bc953e61f56e90260777b0d1927a\">\n#top #wrap_all .avia-button.av-m9k1xwif-8a65bc953e61f56e90260777b0d1927a:hover{\ncolor:white;\ntransition:all 0.4s ease-in-out;\n}\n#top #wrap_all .avia-button.av-m9k1xwif-8a65bc953e61f56e90260777b0d1927a:hover .avia-svg-icon svg:first-child{\nfill:white;\nstroke:white;\n}\n<\/style>\n<a href='https:\/\/ern-sosloirevivante.org\/wp-content\/uploads\/2025\/04\/factsheet_Montpezat_ERN_avril2025.pdf' class='avia-color-green avia-font-color-theme-color avia-button avia-button-fullwidth av-m9k1xwif-8a65bc953e61f56e90260777b0d1927a avia-icon_select-no avia-color-green'  target=\"_blank\"  rel=\"noopener noreferrer\"  aria-label=\"Lisez notre Factsheet, 4 pages qui r\u00e9sument le projet, juin 2024\"><span class='avia_iconbox_title' >Lisez notre Factsheet, 4 pages qui r\u00e9sument le projet, juin 2024<\/span><span class='avia_button_background avia-button avia-button-fullwidth avia-color-theme-color-highlight'><\/span><\/a><\/div><br \/>\n\n<style type=\"text\/css\" data-created_by=\"avia_inline_auto\" id=\"style-css-av-11g7pa3-f6dfaf2034bb14a5bc87e3035b097e63\">\n#top .hr.hr-invisible.av-11g7pa3-f6dfaf2034bb14a5bc87e3035b097e63{\nheight:30px;\n}\n<\/style>\n<div  class='hr av-11g7pa3-f6dfaf2034bb14a5bc87e3035b097e63 hr-invisible  avia-builder-el-8  el_after_av_button_big  el_before_av_textblock  avia-builder-el-first '><span class='hr-inner '><span class=\"hr-inner-style\"><\/span><\/span><\/div><br \/>\n<section  class='av_textblock_section av-jh8xpbgi-a83ee34800b65fe0e479edaf10c20d7c '   itemscope=\"itemscope\" itemtype=\"https:\/\/schema.org\/CreativeWork\" ><div class='avia_textblock'  itemprop=\"text\" ><h3>Un \u00ab\u00a0Nouveau Montpezat\u00a0\u00bb pour un meilleur partage de l&rsquo;eau !<\/h3>\n<p>Apr\u00e8s le chantier du \u00ab\u00a0<a href=\"https:\/\/www.ern.org\/fr\/poutes-barrage\/\">Nouveau Pout\u00e8s<\/a>\u00ab\u00a0, SOS Loire Vivante \u2013 ERN France planche d\u00e9sormais en Haute-Loire sur le complexe hydro\u00e9lectrique de Montpezat, v\u00e9ritable prouesse d\u2019ing\u00e9nierie technique de l\u2019apr\u00e8s-guerre pour r\u00e9pondre \u00e0 la crise \u00e9nerg\u00e9tique de l\u2019\u00e9poque.<\/p>\n<p>L\u2019id\u00e9e directrice de cet am\u00e9nagement \u00e9tait de d\u00e9tourner les gros d\u00e9bits de la Loire et de ses affluents vers l\u2019Ard\u00e8che, en contrebas, afin de g\u00e9n\u00e9rer une grande hauteur de chute d\u2019eau et produite de l\u2019\u00e9lectricit\u00e9 \u00e0 la demande. Ainsi \u00e0 l\u2019origine le complexe est g\u00e9r\u00e9 pour optimiser la production \u00e9nerg\u00e9tique. Puis, dans les ann\u00e9es 90 le soutien d\u2019\u00e9tiage de l\u2019Ard\u00e8che et de la Loire est pris en consid\u00e9ration.<\/p>\n<p><strong>A ce jour on peut distinguer trois phases de gestion :<\/strong><br \/>\n&#8211; Du 07 mars au 14 juin : c\u2019est la p\u00e9riode de remplissage. On pr\u00e9l\u00e8ve et on stocke de l\u2019eau. Il n\u2019y a normalement aucune production \u00e9lectrique.<br \/>\n&#8211; Du 15 juin au 15 septembre : c\u2019est la p\u00e9riode o\u00f9 les r\u00e9servoirs sont utilis\u00e9s pour le soutien d\u2019\u00e9tiage (obligatoire) : En r\u00e8gle g\u00e9n\u00e9ral, c\u00f4t\u00e9 Ard\u00e8che il d\u00e9marre quasiment d\u00e8s la mi-juin (8,4 Mio m3 en moyenne) et c\u00f4t\u00e9 Loire il d\u00e9marre fin juillet\/d\u00e9but ao\u00fbt (augmentation successives de 0,5 Mio de m3 de 1988 \u00e0 2014 \u00e0 2 Mio m3 depuis 2022). Le volume total mobilisable pour le soutien d\u2019\u00e9tiage \u00e9tant fixe et autour de 12 Mio m3. Cependant, il ne prend pas en compte le volume utile du Lac d\u2019Issarl\u00e8s, qui doit maintenir son niveau \u00abnaturel\u00bb jusqu\u2019au 15 septembre (c\u00f4te touristique).<br \/>\n&#8211; Du 16 septembre au 06 mars : c\u2019est la p\u00e9riode de turbinage : on produit de l\u2019\u00e9lectricit\u00e9 de pointe pendant quelques heures par jour. Les volumes des r\u00e9servoirs sont exploit\u00e9s ainsi que l\u2019ensemble des pr\u00e9cipitations automnales et hivernales entrants dans les ouvrages, avec une obligation de d\u00e9bit r\u00e9serv\u00e9 de 0,4m3 \/s pour la Loire.<\/p>\n<p><strong>Le probl\u00e8me<\/strong> : l\u2019eau pr\u00e9lev\u00e9e au printemps manque \u00e0 la Loire, malgr\u00e9 une petite restitution en p\u00e9riode estivale. Des \u00e9tudes ont d\u00e9montr\u00e9 que l\u2019impact sur l\u2019\u00e9cosyst\u00e8me Loire sont av\u00e9r\u00e9s et nombreux (rupture de la continuit\u00e9 \u00e9cologique li\u00e9e aux barrages, r\u00e9duction du transit s\u00e9dimentaire, diminution des crues morphog\u00e8nes et du d\u00e9bit de la Loire). En effet, depuis les trente derni\u00e8res ann\u00e9es c\u2019est -80% du d\u00e9bit annuel \u00e0 Pont de la Borie (commune du Lac d\u2019Issarl\u00e8s) et &#8211; 33% \u00e0 hauteur de la commune de Chadrac (confluence avec la Borne \u00e0 2km du Puy-en-Velay). C\u00f4t\u00e9 Ard\u00e8che, l\u2019eau d\u00e9tourn\u00e9e a en revanche un effet positif l&rsquo;\u00e9t\u00e9. Tant mieux pour l\u2019Ard\u00e8che qui souffre particuli\u00e8rement de la rarification de l\u2019eau. Mais le probl\u00e8me c\u2019est que la disponibilit\u00e9 d\u2019eau a amen\u00e9 de nouveaux usages cons\u00e9quents en particulier pour l\u2019agriculture et le tourisme.<\/p>\n<p><strong>Penser le nouveau Montpezat<\/strong>\u00a0: Le renouvellement de la concession en 2029 sera l\u2019occasion de repenser tout. Il reste peu de temps pour r\u00e9fl\u00e9chir \u00e0 ce que nous souhaitons comme avenir pour cet am\u00e9nagement.\u00a0 La CLE du SAGE Haute-Loire a annonc\u00e9 son souhait de lancer une \u00e9tude sur l\u2019optimisation du complexe. Optimiser n\u2019est pas suffisant, il faut aller plus loin, et rechercher des alternatives au concept actuel de gestion du complexe. Ainsi une reconfiguration de l\u2019ouvrage (station de repompage-STEP- ou autre), n\u2019est pas \u00e0 exclure. Il devra r\u00e9pondre aux nouveaux enjeux li\u00e9s au changement climatique et r\u00e9duire son impact \u00e9cologique sur les \u00e9cosyst\u00e8mes, notamment sur la Loire, tout en garantissant un partage de l\u2019eau \u00e9quitable et raisonn\u00e9 entre l\u2019Ard\u00e8che et la Haute-Loire. \u00a0Cela n\u00e9cessite un d\u00e9bat d\u00e9mocratique \u00e0 la fois au niveau local (notamment via les SAGEs et l\u2019interSage Loire amont \/ Ard\u00e8che) avec une implication forte de la soci\u00e9t\u00e9 civile, et au niveau national en lien avec les besoins \u00e9nerg\u00e9tiques (ouvrage strat\u00e9gique).<\/p>\n<p>Ainsi le \u00abnouveau Montpezat\u00bb pourrait \u00eatre un projet phare qui profite mieux au territoire des sources\u00a0 et qui s\u2019inscrit dans une dynamique large et coh\u00e9rente de\u00a0<a href=\"http:\/\/www.mabloireallierardeche.org\/\">biosph\u00e8re UNESCO \u00e0 l\u2019\u00e9chelle du \u00abch\u00e2teau d\u2019eau\u00bb Loire-Ard\u00e8che-Allier<\/a>. Dans ce cadre SOS Loire vivante a organis\u00e9 des visites et <a href=\"https:\/\/www.ern.org\/fr\/webinaires\/\">webinaires<\/a>, ainsi que des mobilisations citoyennes avec signature d&rsquo;un manifeste.<\/p>\n<\/div><\/section><br \/>\n\n<style type=\"text\/css\" data-created_by=\"avia_inline_auto\" id=\"style-css-av-11g7pa3-3-3e4735f0262c8de7a8c1a7095e5055dd\">\n#top .hr.hr-invisible.av-11g7pa3-3-3e4735f0262c8de7a8c1a7095e5055dd{\nheight:30px;\n}\n<\/style>\n<div  class='hr av-11g7pa3-3-3e4735f0262c8de7a8c1a7095e5055dd hr-invisible  avia-builder-el-10  el_after_av_textblock  el_before_av_textblock '><span class='hr-inner '><span class=\"hr-inner-style\"><\/span><\/span><\/div><br \/>\n<section  class='av_textblock_section av-jvgem347-58f1da34ae7af88231df8769830867b4 '   itemscope=\"itemscope\" itemtype=\"https:\/\/schema.org\/CreativeWork\" ><div class='avia_textblock'  itemprop=\"text\" ><h3><strong>Des questions et des th\u00e8mes \u00e0 d\u00e9battre<\/strong><\/h3>\n<p>La fin de la concession de Montepzat donne l\u2019opportunit\u00e9 d\u2019informer des enjeux autours du complexe de Montpezat, recr\u00e9er du dialogue entre acteurs, partager les visions et besoins, de les prioriser au regard des enjeux sur les territoires, des besoins des milieux naturels et des tendances et \u00e9volutions du climat et du contexte \u00e9nerg\u00e9tique et de r\u00e9pondre a une question essentielle : quelle sera la vocation premi\u00e8re de l\u2019ouvrage de Montpezat \u00e0 l\u2019avenir\u00a0 : soutien d\u2019\u00e9tiage, partage de l\u2019eau ou production d\u2019\u00e9lectricit\u00e9 ?<\/p>\n<h5><strong>La r\u00e9partition \u00e9quitable de la ressource en eau\u00a0<\/strong><\/h5>\n<p>A l\u2019heure o\u00f9 la ressource en eau se rar\u00e9fie, la question du partage entre les diff\u00e9rents usages se fait de plus en plus pressante. Une solidarit\u00e9 interbassins peut s\u2019exercer dans des proportions \u00e9quitables et durables si les enjeux repr\u00e9sentent un int\u00e9r\u00eat g\u00e9n\u00e9ral : est-il normal que les diff\u00e9rents usagers du bassin de la Loire fassent des efforts pour l\u2019\u00e9conomiser quand la moiti\u00e9 du d\u00e9bit est d\u00e9tourn\u00e9 \u00e0 des fins de production \u00e9lectrique et pour le tourisme dans les Gorges de l\u2019Ard\u00e8che ?\u00a0Cette question doit trouver une r\u00e9ponse lors de la n\u00e9gociation entre les Commissions Locales de l\u2019Eau Loire amont et Ard\u00e8che.<\/p>\n<h5><strong>L\u2019\u00e9nergie hydraulique\u00a0: renouvelable mais non verte\u00a0!<\/strong><\/h5>\n<p>On assimile souvent \u00e9nergies vertes et \u00e9nergies renouvelables. Pourtant, les \u00e9nergies renouvelables ne respectent pas obligatoirement l\u2019environnement. Les grandes installations hydro\u00e9lectriques ont de graves r\u00e9percussions sur le fonctionnement de la rivi\u00e8re, la faune, la flore :<\/p>\n<p><strong>Disparition des petites et moyennes crues\u00a0\u00a0:\u00a0<\/strong>Les petites et moyennes crues jouent un r\u00f4le fondamental dans la vie de la rivi\u00e8re en cr\u00e9ant des milieux tr\u00e8s riches, en alimentant en eau les zones humides annexes et en d\u00e9pla\u00e7ant les galets. Le d\u00e9tournement des eaux fait dispara\u00eetre ces crues naturelles de la Loire et modifie les habitats n\u00e9cessaires \u00e0 la biodiversit\u00e9.<\/p>\n<p><strong>Une Loire diminu\u00e9e :\u00a0<\/strong>Une grande partie des eaux de la Loire est d\u00e9tourn\u00e9e. Au niveau du Puy en Velay, \u00e0 60 kilom\u00e8tres de sa source, c\u2019est environ la moiti\u00e9 du d\u00e9bit qui manque \u00e0 la Loire chaque ann\u00e9e. Les cons\u00e9quences sont nombreuses\u00a0: r\u00e9chauffement des eaux, rar\u00e9faction de certaines esp\u00e8ces et notamment des poissons, habitats qui s\u2019ass\u00e8chent\u2026\u00a0En \u00e9t\u00e9, le d\u00e9bit est r\u00e9duit au minimum n\u00e9cessaire \u00e0 la survie du fleuve !<\/p>\n<\/div><\/section><\/p><\/div>\n\n<style type=\"text\/css\" data-created_by=\"avia_inline_auto\" id=\"style-css-av-wp6h7l-d858405f6e001b374c98d85efdbde5cb\">\n.flex_column.av-wp6h7l-d858405f6e001b374c98d85efdbde5cb{\nborder-radius:0px 0px 0px 0px;\npadding:0px 0px 0px 0px;\n}\n<\/style>\n<div  class='flex_column av-wp6h7l-d858405f6e001b374c98d85efdbde5cb av_one_third  avia-builder-el-12  el_after_av_two_third  el_before_av_four_fifth  flex_column_div av-zero-column-padding  '     ><p><div  id=\"avia-magazine-1\"  class='av-magazine av-y2vk6z-2c8df98361916696a18e62c43173d93c av-magazine-top-bar-active  avia-builder-el-13  el_before_av_hr  avia-builder-el-first   avia-builder-el-13  el_before_av_hr  avia-builder-el-first ' ><div class='av-magazine-top-bar avia-font-color-black avia-inherit-font-color'><a href='#' class='av-magazine-top-heading '  >Actualit\u00e9s<\/a><\/div><div class='av-magazine-group sort_all'><article class='av-magazine-entry av-magazine-entry-id-26340 av-magazine-format-standard av-magazine-type-post av-magazine-entry-1 av-magazine-entry-small '  itemscope=\"itemscope\" itemtype=\"https:\/\/schema.org\/CreativeWork\" ><div class=\"av-magazine-thumbnail\"><a href='https:\/\/www.ern.org\/fr\/webinaire-le-16-juillet-17h30-france-y-a-t-il-encore-une-gouvernance-de-leau\/' title='Lier vers : Webinaire le 16 juillet 17h30 : France : Y a-t-il encore une gouvernance de l\u2019eau ?' class='av-magazine-thumbnail-link'><img decoding=\"async\" fetchpriority=\"high\" width=\"80\" height=\"80\" src=\"https:\/\/www.ern.org\/wp-content\/uploads\/layerslider\/projects\/ERN\/map_european_rivers-80x80.jpg\" class=\"wp-image-23579 avia-img-lazy-loading-not-23579 attachment-thumbnail size-thumbnail wp-post-image\" alt=\"\" srcset=\"https:\/\/www.ern.org\/wp-content\/uploads\/layerslider\/projects\/ERN\/map_european_rivers-80x80.jpg 80w, https:\/\/www.ern.org\/wp-content\/uploads\/layerslider\/projects\/ERN\/map_european_rivers-36x36.jpg 36w, https:\/\/www.ern.org\/wp-content\/uploads\/layerslider\/projects\/ERN\/map_european_rivers-180x180.jpg 180w\" sizes=\"(max-width: 80px) 100vw, 80px\" \/><\/a><\/div><div class=\"av-magazine-content-wrap\"><header class=\"entry-content-header\" aria-label=\"Articles : Webinaire le 16 juillet 17h30 : France : Y a-t-il encore une gouvernance de l\u2019eau ?\"><time class='av-magazine-time updated'  itemprop=\"datePublished\" datetime=\"2026-07-07T15:42:56+02:00\" >juillet 7, 2026<\/time><h3 class='av-magazine-title entry-title '  itemprop=\"headline\" ><a href='https:\/\/www.ern.org\/fr\/webinaire-le-16-juillet-17h30-france-y-a-t-il-encore-une-gouvernance-de-leau\/' title='Lier vers : Webinaire le 16 juillet 17h30 : France : Y a-t-il encore une gouvernance de l\u2019eau ?'>Webinaire le 16 juillet 17h30 : France : Y a-t-il encore une gouvernance de l\u2019eau ?<\/a><\/h3><\/header><\/div><footer class=\"entry-footer\"><\/footer><\/article><article class='av-magazine-entry av-magazine-entry-id-25931 av-magazine-format-standard av-magazine-type-post av-magazine-entry-2 av-magazine-entry-small '  itemscope=\"itemscope\" itemtype=\"https:\/\/schema.org\/CreativeWork\" ><div class=\"av-magazine-thumbnail\"><a href='https:\/\/www.ern.org\/fr\/webinaire-exclusif-sur-la-fin-des-concessions-hydroelectriques-jeudi-7-mai-2026-de-14h-15h30\/' title='Lier vers : Webinaire exclusif sur la fin des concessions hydro\u00e9lectriques : Jeudi 7 mai 2026 de 14h-15h30' class='av-magazine-thumbnail-link'><img decoding=\"async\" fetchpriority=\"high\" width=\"80\" height=\"80\" src=\"https:\/\/www.ern.org\/wp-content\/uploads\/2016\/12\/vogelgrun_dam_cc_geoportail-1-80x80.jpg\" class=\"wp-image-25132 avia-img-lazy-loading-not-25132 attachment-thumbnail size-thumbnail wp-post-image\" alt=\"\" srcset=\"https:\/\/www.ern.org\/wp-content\/uploads\/2016\/12\/vogelgrun_dam_cc_geoportail-1-80x80.jpg 80w, https:\/\/www.ern.org\/wp-content\/uploads\/2016\/12\/vogelgrun_dam_cc_geoportail-1-36x36.jpg 36w, https:\/\/www.ern.org\/wp-content\/uploads\/2016\/12\/vogelgrun_dam_cc_geoportail-1-180x180.jpg 180w\" sizes=\"(max-width: 80px) 100vw, 80px\" \/><\/a><\/div><div class=\"av-magazine-content-wrap\"><header class=\"entry-content-header\" aria-label=\"Articles : Webinaire exclusif sur la fin des concessions hydro\u00e9lectriques : Jeudi 7 mai 2026 de 14h-15h30\"><time class='av-magazine-time updated'  itemprop=\"datePublished\" datetime=\"2026-04-28T09:48:11+02:00\" >avril 28, 2026<\/time><h3 class='av-magazine-title entry-title '  itemprop=\"headline\" ><a href='https:\/\/www.ern.org\/fr\/webinaire-exclusif-sur-la-fin-des-concessions-hydroelectriques-jeudi-7-mai-2026-de-14h-15h30\/' title='Lier vers : Webinaire exclusif sur la fin des concessions hydro\u00e9lectriques : Jeudi 7 mai 2026 de 14h-15h30'>Webinaire exclusif sur la fin des concessions hydro\u00e9lectriques : Jeudi 7 mai 2026 de 14h-15h30<\/a><\/h3><\/header><\/div><footer class=\"entry-footer\"><\/footer><\/article><article class='av-magazine-entry av-magazine-entry-id-23957 av-magazine-format-standard av-magazine-type-post av-magazine-entry-3 av-magazine-entry-small '  itemscope=\"itemscope\" itemtype=\"https:\/\/schema.org\/CreativeWork\" ><div class=\"av-magazine-thumbnail\"><a href='https:\/\/www.ern.org\/fr\/loire-ardeche-montpezat-quo-vadis\/' title='Lier vers : Loire\/Ard\u00e8che : Montpezat\u00a0&#8211; Quo Vadis !' class='av-magazine-thumbnail-link'><img decoding=\"async\" fetchpriority=\"high\" width=\"80\" height=\"80\" src=\"https:\/\/www.ern.org\/wp-content\/uploads\/2019\/12\/montpezat2012-1-80x80.jpg\" class=\"wp-image-10278 avia-img-lazy-loading-not-10278 attachment-thumbnail size-thumbnail wp-post-image\" alt=\"\" srcset=\"https:\/\/www.ern.org\/wp-content\/uploads\/2019\/12\/montpezat2012-1-80x80.jpg 80w, https:\/\/www.ern.org\/wp-content\/uploads\/2019\/12\/montpezat2012-1-36x36.jpg 36w, https:\/\/www.ern.org\/wp-content\/uploads\/2019\/12\/montpezat2012-1-180x180.jpg 180w\" sizes=\"(max-width: 80px) 100vw, 80px\" \/><\/a><\/div><div class=\"av-magazine-content-wrap\"><header class=\"entry-content-header\" aria-label=\"Articles : Loire\/Ard\u00e8che : Montpezat\u00a0- Quo Vadis !\"><time class='av-magazine-time updated'  itemprop=\"datePublished\" datetime=\"2025-05-06T11:59:19+02:00\" >mai 6, 2025<\/time><h3 class='av-magazine-title entry-title '  itemprop=\"headline\" ><a href='https:\/\/www.ern.org\/fr\/loire-ardeche-montpezat-quo-vadis\/' title='Lier vers : Loire\/Ard\u00e8che : Montpezat\u00a0&#8211; Quo Vadis !'>Loire\/Ard\u00e8che : Montpezat\u00a0&#8211; Quo Vadis !<\/a><\/h3><\/header><\/div><footer class=\"entry-footer\"><\/footer><\/article><\/div><\/div><br \/>\n\n<style type=\"text\/css\" data-created_by=\"avia_inline_auto\" id=\"style-css-av-kugx3ybn-fc76b9665a764466d45690202b207d7d\">\n#top .hr.hr-invisible.av-kugx3ybn-fc76b9665a764466d45690202b207d7d{\nheight:20px;\n}\n<\/style>\n<div  class='hr av-kugx3ybn-fc76b9665a764466d45690202b207d7d hr-invisible  avia-builder-el-14  el_after_av_magazine  el_before_av_textblock '><span class='hr-inner '><span class=\"hr-inner-style\"><\/span><\/span><\/div><br \/>\n<section  class='av_textblock_section av-im36yz-4-e3a37ae36ecf3d155fe06d5f41db7bea '   itemscope=\"itemscope\" itemtype=\"https:\/\/schema.org\/CreativeWork\" ><div class='avia_textblock'  itemprop=\"text\" ><h3>En bref<\/h3>\n<p>\u2013 Mise en service : 1954<br \/>\n\u2013 Production annuelle moyenne\u00a0 : 310 GWh (ensemble Montpezat et Pont-de-Veyri\u00e8res)<br \/>\n\u2013 Puissance : 150 MW<br \/>\n\u2013 Volume d\u2019eau d\u00e9tourn\u00e9 de la Loire (Atlantique) vers l\u2019Ard\u00e8che (M\u00e9diterran\u00e9e) : 220 millions (Mio) de m3 d\u2019eau\/an (variations de 80-345 Mio M3)<\/p>\n<\/div><\/section><br \/>\n\n<style type=\"text\/css\" data-created_by=\"avia_inline_auto\" id=\"style-css-av-wxven5-a4f1781016ebbb8c8bbdccb5005e80e8\">\n#top .hr.hr-invisible.av-wxven5-a4f1781016ebbb8c8bbdccb5005e80e8{\nheight:50px;\n}\n<\/style>\n<div  class='hr av-wxven5-a4f1781016ebbb8c8bbdccb5005e80e8 hr-invisible  avia-builder-el-16  el_after_av_textblock  el_before_av_textblock '><span class='hr-inner '><span class=\"hr-inner-style\"><\/span><\/span><\/div><br \/>\n<section  class='av_textblock_section av-lgz6vjjt-6911b537dac4366d115e2a5aa2e10054 '   itemscope=\"itemscope\" itemtype=\"https:\/\/schema.org\/CreativeWork\" ><div class='avia_textblock'  itemprop=\"text\" ><h3>Pr\u00e9sentation du complexe, vid\u00e9o de EDF 2016<\/h3>\n<\/div><\/section><br \/>\n<div  class='avia-video av-lgz6x6jt-1fa13d2fe365f4cbcdc0981644ec0747 avia-video-16-9 av-no-preview-image avia-video-load-always av-lazyload-immediate av-lazyload-video-embed'  itemprop=\"video\" itemtype=\"https:\/\/schema.org\/VideoObject\"  data-original_url='https:\/\/youtu.be\/o6TkG6r5L0w'><script type='text\/html' class='av-video-tmpl'><div class='avia-iframe-wrap'><iframe loading=\"lazy\" title=\"Le complexe hydro\u00e9lectrique EDF de Montpezat\" width=\"1500\" height=\"844\" src=\"https:\/\/www.youtube.com\/embed\/o6TkG6r5L0w?feature=oembed&autoplay=0&loop=0&controls=1&mute=0\" frameborder=\"0\" allow=\"accelerometer; autoplay; clipboard-write; encrypted-media; gyroscope; picture-in-picture; web-share\" referrerpolicy=\"strict-origin-when-cross-origin\" allowfullscreen><\/iframe><\/div><\/script><div class='av-click-to-play-overlay'><div class=\"avia_playpause_icon\"><\/div><\/div><\/div><br \/>\n\n<style type=\"text\/css\" data-created_by=\"avia_inline_auto\" id=\"style-css-av-11mlnhd-d33ef7c085cd04a9fe8e5dffe144aeb3\">\n#top .hr.hr-invisible.av-11mlnhd-d33ef7c085cd04a9fe8e5dffe144aeb3{\nheight:20px;\n}\n<\/style>\n<div  class='hr av-11mlnhd-d33ef7c085cd04a9fe8e5dffe144aeb3 hr-invisible  avia-builder-el-19  el_after_av_video  el_before_av_button_big  avia-builder-el-last '><span class='hr-inner '><span class=\"hr-inner-style\"><\/span><\/span><\/div><br \/>\n<div  class='avia-button-wrap avia-button-center  avia-builder-el-20  el_after_av_hr  el_before_av_hr '>\n<style type=\"text\/css\" data-created_by=\"avia_inline_auto\" id=\"style-css-av-j2w0jl-7782f7e74344eab5354bbc3e25202e25\">\n#top #wrap_all .avia-button.av-j2w0jl-7782f7e74344eab5354bbc3e25202e25:hover{\ncolor:white;\ntransition:all 0.4s ease-in-out;\n}\n#top #wrap_all .avia-button.av-j2w0jl-7782f7e74344eab5354bbc3e25202e25:hover .avia-svg-icon svg:first-child{\nfill:white;\nstroke:white;\n}\n<\/style>\n<a href='https:\/\/ern-sosloirevivante.org\/wp-content\/uploads\/2025\/04\/factsheet_Montpezat_ERN_avril2025.pdf' class='avia-color-green avia-font-color-theme-color avia-button avia-button-fullwidth av-j2w0jl-7782f7e74344eab5354bbc3e25202e25 avia-icon_select-no avia-color-green'  target=\"_blank\"  rel=\"noopener noreferrer\"  aria-label=\"Factsheet, 4 pages qui r\u00e9sument le projet, juin 2024\"><span class='avia_iconbox_title' >Factsheet, 4 pages qui r\u00e9sument le projet, juin 2024<\/span><span class='avia_button_background avia-button avia-button-fullwidth avia-color-theme-color-highlight'><\/span><\/a><\/div><br \/>\n\n<style type=\"text\/css\" data-created_by=\"avia_inline_auto\" id=\"style-css-av-v5wmiz-1-f98d053f1fbf5a81ba9d3cec2f75ae95\">\n#top .hr.hr-invisible.av-v5wmiz-1-f98d053f1fbf5a81ba9d3cec2f75ae95{\nheight:50px;\n}\n<\/style>\n<div  class='hr av-v5wmiz-1-f98d053f1fbf5a81ba9d3cec2f75ae95 hr-invisible  avia-builder-el-21  el_after_av_button_big  el_before_av_button_big  avia-builder-el-no-sibling '><span class='hr-inner '><span class=\"hr-inner-style\"><\/span><\/span><\/div><br \/>\n<div  class='avia-button-wrap avia-button-center  avia-builder-el-22  el_after_av_hr  el_before_av_hr '>\n<style type=\"text\/css\" data-created_by=\"avia_inline_auto\" id=\"style-css-av-pj9hy9-99bda9bc43dc1f44d58ee1908e4b3f50\">\n#top #wrap_all .avia-button.av-pj9hy9-99bda9bc43dc1f44d58ee1908e4b3f50:hover{\ncolor:white;\ntransition:all 0.4s ease-in-out;\n}\n#top #wrap_all .avia-button.av-pj9hy9-99bda9bc43dc1f44d58ee1908e4b3f50:hover .avia-svg-icon svg:first-child{\nfill:white;\nstroke:white;\n}\n<\/style>\n<a href='https:\/\/www.ern.org\/fr\/montpezat-archive-fonctionnement\/#complexe' class='avia-color-theme-color avia-font-color-theme-color avia-button avia-button-fullwidth av-pj9hy9-99bda9bc43dc1f44d58ee1908e4b3f50 avia-icon_select-no avia-color-theme-color'  target=\"_blank\"  rel=\"noopener noreferrer\"  aria-label=\"Fonctionnement et descriptif des ouvrages\"><span class='avia_iconbox_title' >Fonctionnement et descriptif des ouvrages<\/span><span class='avia_button_background avia-button avia-button-fullwidth avia-color-theme-color-highlight'><\/span><\/a><\/div><br \/>\n\n<style type=\"text\/css\" data-created_by=\"avia_inline_auto\" id=\"style-css-av-vpebr5-f9853e0e34904bb42c9b36cd96cc40bf\">\n#top .hr.hr-invisible.av-vpebr5-f9853e0e34904bb42c9b36cd96cc40bf{\nheight:50px;\n}\n<\/style>\n<div  class='hr av-vpebr5-f9853e0e34904bb42c9b36cd96cc40bf hr-invisible  avia-builder-el-23  el_after_av_button_big  el_before_av_button_big  avia-builder-el-no-sibling '><span class='hr-inner '><span class=\"hr-inner-style\"><\/span><\/span><\/div><br \/>\n<div  class='avia-button-wrap avia-button-center  avia-builder-el-24  el_after_av_hr  el_before_av_hr '>\n<style type=\"text\/css\" data-created_by=\"avia_inline_auto\" id=\"style-css-av-kugx4ku0-0c8ae31a9fad1995eceefb2420231583\">\n#top #wrap_all .avia-button.av-kugx4ku0-0c8ae31a9fad1995eceefb2420231583:hover{\ncolor:white;\ntransition:all 0.4s ease-in-out;\n}\n#top #wrap_all .avia-button.av-kugx4ku0-0c8ae31a9fad1995eceefb2420231583:hover .avia-svg-icon svg:first-child{\nfill:white;\nstroke:white;\n}\n<\/style>\n<a href='https:\/\/www.ern.org\/fr\/montpezat-archive-fonctionnement\/' class='avia-color-theme-color avia-font-color-theme-color avia-button avia-button-fullwidth av-kugx4ku0-0c8ae31a9fad1995eceefb2420231583 avia-icon_select-no avia-color-theme-color'  target=\"_blank\"  rel=\"noopener noreferrer\"  aria-label=\"Dates et faits importants autour du complexe de Montpezat\"><span class='avia_iconbox_title' >Dates et faits importants autour du complexe de Montpezat<\/span><span class='avia_button_background avia-button avia-button-fullwidth avia-color-theme-color-highlight'><\/span><\/a><\/div><br \/>\n\n<style type=\"text\/css\" data-created_by=\"avia_inline_auto\" id=\"style-css-av-o65hdn-7c1ccac6ac62f76f1bf13ccceba940a9\">\n#top .hr.hr-invisible.av-o65hdn-7c1ccac6ac62f76f1bf13ccceba940a9{\nheight:50px;\n}\n<\/style>\n<div  class='hr av-o65hdn-7c1ccac6ac62f76f1bf13ccceba940a9 hr-invisible  avia-builder-el-25  el_after_av_button_big  el_before_av_textblock  avia-builder-el-first '><span class='hr-inner '><span class=\"hr-inner-style\"><\/span><\/span><\/div><br \/>\n<section  class='av_textblock_section av-bvsucd-aa1cefa3b1b7c22877808418bb71bf01 '   itemscope=\"itemscope\" itemtype=\"https:\/\/schema.org\/CreativeWork\" ><div class='avia_textblock'  itemprop=\"text\" ><h3 style=\"text-align: left;\">A t\u00e9l\u00e9charger<\/h3>\n<\/div><\/section><br \/>\n\n<style type=\"text\/css\" data-created_by=\"avia_inline_auto\" id=\"style-css-av-ji4e2slg-a4b97923b0cc44d4a87c91415ac3e2f3\">\n#top .togglecontainer.av-ji4e2slg-a4b97923b0cc44d4a87c91415ac3e2f3 p.toggler{\nbackground-color:#ffffff;\n}\n#top .togglecontainer.av-ji4e2slg-a4b97923b0cc44d4a87c91415ac3e2f3 .toggle_wrap .toggle_content{\nbackground-color:#ffffff;\n}\n<\/style>\n<div  class='togglecontainer av-ji4e2slg-a4b97923b0cc44d4a87c91415ac3e2f3 av-elegant-toggle  avia-builder-el-27  el_after_av_textblock  el_before_av_hr ' >\n<section class='av_toggle_section av-1fedawx-f67008037bc97e07ce3b57ed9d5035e9'  itemscope=\"itemscope\" itemtype=\"https:\/\/schema.org\/CreativeWork\" ><div role=\"tablist\" class=\"single_toggle\" data-tags=\"{Tout} \"  ><p id='toggle-toggle-id-1' data-fake-id='#toggle-id-1' class='toggler  activeTitle av-title-above '  itemprop=\"headline\"  role='tab' tabindex='0' aria-controls='toggle-id-1' data-slide-speed=\"200\" data-title=\"Articles presse\" data-title-open=\"\" data-aria_collapsed=\"Cliquez pour \u00e9tendre : Articles presse\" data-aria_expanded=\"Cliquez pour r\u00e9duire : Articles presse\">Articles presse<span class=\"toggle_icon\"><span class=\"vert_icon\"><\/span><span class=\"hor_icon\"><\/span><\/span><\/p><div id='toggle-id-1' aria-labelledby='toggle-toggle-id-1' role='region' class='toggle_wrap  active_tc av-title-above' style='display:block;' ><div class='toggle_content invers-color '  itemprop=\"text\" ><ul>\n<li>2026.08.02 : La Croix \u00ab\u00a0<a href=\"https:\/\/www.la-croix.com\/planete\/la-loire-a-contre-courant-la-guerre-de-l-eau-aura-t-elle-lieu-20260802\">La Loire \u00e0 contre-courant : la guerre de l\u2019eau aura-t-elle lieu ?<\/a>\u00ab\u00a0, par\u00a0Marie Dancer<\/li>\n<li>2024.09.10: \u00a0RCF L&rsquo;invit\u00e9 de la r\u00e9daction <a href=\"https:\/\/www.rcf.fr\/actualite\/linvite-de-la-redaction-saintetienne?episode=505623\">\u00ab\u00a0Le transfert d&rsquo;eau de la Loire vers l&rsquo;Ard\u00e8che<\/a>, par Marion Deygas et Roberto Epple<\/li>\n<li>2024.08.20: Reporterre :<a href=\"https:\/\/reporterre.net\/On-detourne-l-eau-de-la-Loire-pour-soutenir-le-surtourisme-dans-l-Ardeche\">\u00ab\u00a0On d\u00e9tourne l\u2019eau de la Loire pour soutenir le surtourisme dans l\u2019Ard\u00e8che\u00a0<\/a>\u00ab\u00a0, par\u00a0<span class=\"lienauteur\">Lor\u00e8ne Lavocat<\/span><\/li>\n<li>2023.03.22 : Eveil de la Haute Loire \u00a0\u00bb <a href=\"https:\/\/www.leveil.fr\/puy-en-velay-43000\/actualites\/secheresse-leau-de-la-loire-detournee-vers-lardeche-continue-de-faire-debat_14281271\/\">S\u00e9cheresse : l\u2019eau de la Loire d\u00e9tourn\u00e9e vers l\u2019Ard\u00e8che continue de faire d\u00e9bat<\/a>\u00ab\u00a0, par Lionel Ciochetto<\/li>\n<li>2021.01.24 : Eveil de la Haute Loire <a href=\"https:\/\/www.leveil.fr\/puy-en-velay-43000\/actualites\/il-faut-revoir-le-partage-de-l-eau-de-la-loire-avec-l-ardeche_13906975\/\">\u00a0\u00bb <em>Il faut revoir le partage de l&rsquo;eau de la Loire avec l&rsquo;Ard\u00e8che<\/em> \u00ab\u00a0<\/a>,\u00a0par Lionel Ciochetto<\/li>\n<li>2021.01.23 : Eveil de la Haute Loire <a href=\"https:\/\/www.leveil.fr\/montpezat-sous-bauzon-07560\/actualites\/avec-l-eau-de-la-loire-on-produit-de-l-electricite-sous-terre_13906312\"><em>\u00ab\u00a0Avec l&rsquo;eau de la Loire, on produit de l&rsquo;\u00e9lectricit\u00e9 sous terre\u00a0\u00bb<\/em><\/a>\u00a0par Lionel Ciochetto<\/li>\n<\/ul>\n<\/div><\/div><\/div><\/section>\n<section class='av_toggle_section av-qja81t-a04ae2d897a3b9e5fce6089608bd1932'  itemscope=\"itemscope\" itemtype=\"https:\/\/schema.org\/CreativeWork\" ><div role=\"tablist\" class=\"single_toggle\" data-tags=\"{Tout} \"  ><p id='toggle-toggle-id-2' data-fake-id='#toggle-id-2' class='toggler  av-title-above '  itemprop=\"headline\"  role='tab' tabindex='0' aria-controls='toggle-id-2' data-slide-speed=\"200\" data-title=\"Brochures, videos, webinaires\" data-title-open=\"\" data-aria_collapsed=\"Cliquez pour \u00e9tendre : Brochures, videos, webinaires\" data-aria_expanded=\"Cliquez pour r\u00e9duire : Brochures, videos, webinaires\">Brochures, videos, webinaires<span class=\"toggle_icon\"><span class=\"vert_icon\"><\/span><span class=\"hor_icon\"><\/span><\/span><\/p><div id='toggle-id-2' aria-labelledby='toggle-toggle-id-2' role='region' class='toggle_wrap  av-title-above'  ><div class='toggle_content invers-color '  itemprop=\"text\" ><ul>\n<li>2026.juillet 16 :\u00a0Webinaire organis\u00e9 par SOS Loire Vivante:\u00a0 France : y a t-il encore une gouvernance de l&rsquo;eau ? Les outils sont-ils adapt\u00e9s dans le cadre du changement climatique et pour les transfert d&rsquo;eau inter-bassin,\u00a0 voir le<a href=\"https:\/\/www.ern.org\/fr\/webinaires\/#toggle-id-18\"> replay et plus d&rsquo;infos <\/a><\/li>\n<li>2022. nov. 15: Webinaire organis\u00e9 par SOS Loire Vivante:\u00a0 Solidarit\u00e9 entre bassins : Combien d\u2018eau de la Loire pour l\u2019Ard\u00e8che ? Qui en d\u00e9cide ? Comment fonctionne le complexe hydro de Montpezat (Ard\u00e8che) ? voir le <a href=\"https:\/\/vimeo.com\/771969843\">replay<\/a>, <a href=\"https:\/\/www.ern.org\/fr\/webinaires\/#toggle-id-2\">plus d&rsquo;infos<\/a><\/li>\n<li>2020, dec. 08 : Webinaire organis\u00e9 par SOS Loire Vivante : Changement climatique : quel partage de l\u2019eau sur les hauts bassins Loire Allier Ard\u00e8che ?, voir le <a href=\"https:\/\/www.ern.org\/fr\/13289-2\/\">replay et programme\u00a0<\/a><\/li>\n<li>2016, f\u00e9vrier : <a href=\"https:\/\/www.youtube.com\/watch?v=o6TkG6r5L0w\">Vid\u00e9o<\/a> de pr\u00e9sentation du fonctionnement du complexe de Montpezat<\/li>\n<li>2013, septembre : <a href=\"https:\/\/www.ern.org\/wp-content\/uploads\/2021\/10\/memoguide_montpezat.pdf\">M\u00e9moguide<\/a> sur l&rsquo;am\u00e9nagement hydro\u00e9lectrique de Montpoezat, EDF<\/li>\n<\/ul>\n<\/div><\/div><\/div><\/section>\n<\/div><br \/>\n\n<style type=\"text\/css\" data-created_by=\"avia_inline_auto\" id=\"style-css-av-av_hr-6887cab09938fd5b7af7c959479b0b66\">\n#top .hr.hr-invisible.av-av_hr-6887cab09938fd5b7af7c959479b0b66{\nheight:50px;\n}\n<\/style>\n<div  class='hr av-av_hr-6887cab09938fd5b7af7c959479b0b66 hr-invisible  avia-builder-el-28  el_after_av_toggle_container  el_before_av_button_big  avia-builder-el-last '><span class='hr-inner '><span class=\"hr-inner-style\"><\/span><\/span><\/div><br \/>\n<div  class='avia-button-wrap avia-button-center  avia-builder-el-29  el_after_av_hr  el_before_av_hr '>\n<style type=\"text\/css\" data-created_by=\"avia_inline_auto\" id=\"style-css-av-mt2s2hba-7a84777ca740cc95593e54049c3fb6b8\">\n#top #wrap_all .avia-button.av-mt2s2hba-7a84777ca740cc95593e54049c3fb6b8:hover{\ncolor:white;\ntransition:all 0.4s ease-in-out;\n}\n#top #wrap_all .avia-button.av-mt2s2hba-7a84777ca740cc95593e54049c3fb6b8:hover .avia-svg-icon svg:first-child{\nfill:white;\nstroke:white;\n}\n<\/style>\n<a href='https:\/\/sosloirevivante.org\/retour-sur-notre-marche-citoyenne-et-conference-pour-la-protection-de-la-haute-vallee-de-la-loire\/' class='avia-color-green avia-font-color-theme-color avia-button avia-button-fullwidth av-mt2s2hba-7a84777ca740cc95593e54049c3fb6b8 avia-icon_select-no avia-color-green'  target=\"_blank\"  rel=\"noopener noreferrer\"  aria-label=\"2026 : Marche citoyenne et manifeste pour la protection de la Haute Vall\u00e9e de la Loire\"><span class='avia_iconbox_title' >2026 : Marche citoyenne et manifeste pour la protection de la Haute Vall\u00e9e de la Loire<\/span><div class='av-button-description av-button-description-below'><p>du 3 au 5 juillet 2026<\/p>\n<\/div><span class='avia_button_background avia-button avia-button-fullwidth avia-color-theme-color'><\/span><\/a><\/div><br \/>\n\n<style type=\"text\/css\" data-created_by=\"avia_inline_auto\" id=\"style-css-av-av_hr-6887cab09938fd5b7af7c959479b0b66\">\n#top .hr.hr-invisible.av-av_hr-6887cab09938fd5b7af7c959479b0b66{\nheight:50px;\n}\n<\/style>\n<div  class='hr av-av_hr-6887cab09938fd5b7af7c959479b0b66 hr-invisible  avia-builder-el-30  el_after_av_button_big  el_before_av_button_big  avia-builder-el-no-sibling '><span class='hr-inner '><span class=\"hr-inner-style\"><\/span><\/span><\/div><br \/>\n<div  class='avia-button-wrap avia-button-center  avia-builder-el-31  el_after_av_hr  avia-builder-el-last '>\n<style type=\"text\/css\" data-created_by=\"avia_inline_auto\" id=\"style-css-av-kugx1alo-f58631a9237b9c878c2ec7a233dff730\">\n#top #wrap_all .avia-button.av-kugx1alo-f58631a9237b9c878c2ec7a233dff730:hover{\ncolor:white;\ntransition:all 0.4s ease-in-out;\n}\n#top #wrap_all .avia-button.av-kugx1alo-f58631a9237b9c878c2ec7a233dff730:hover .avia-svg-icon svg:first-child{\nfill:white;\nstroke:white;\n}\n<\/style>\n<a href='https:\/\/sosloirevivante.org\/marche-de-leau\/' class='avia-color-green avia-font-color-theme-color avia-button avia-button-fullwidth av-kugx1alo-f58631a9237b9c878c2ec7a233dff730 avia-icon_select-no avia-color-green'  target=\"_blank\"  rel=\"noopener noreferrer\"  aria-label=\"2023 : Marche citoyenne pour un partage d\u2018Eau \u00e9quitable entre la Loire et l\u2019Ard\u00e8che !\"><span class='avia_iconbox_title' >2023 : Marche citoyenne pour un partage d\u2018Eau \u00e9quitable entre la Loire et l\u2019Ard\u00e8che !<\/span><div class='av-button-description av-button-description-below'><p>du 1er au 9 juillet 2023<\/p>\n<\/div><span class='avia_button_background avia-button avia-button-fullwidth avia-color-theme-color'><\/span><\/a><\/div><\/p><\/div>\n<style type=\"text\/css\" data-created_by=\"avia_inline_auto\" id=\"style-css-av-lsgyld-80923ef2d76882d209e4576e7971e722\">\n.flex_column.av-lsgyld-80923ef2d76882d209e4576e7971e722{\nborder-radius:0px 0px 0px 0px;\npadding:0px 0px 0px 0px;\n}\n<\/style>\n<div  class='flex_column av-lsgyld-80923ef2d76882d209e4576e7971e722 av_four_fifth  avia-builder-el-32  el_after_av_one_third  el_before_av_one_fifth  first flex_column_div av-zero-column-padding  column-top-margin'     ><section  class='av_textblock_section av-k60mirww-b47ceea6d1b4b2a4797398aa70eac6bb '   itemscope=\"itemscope\" itemtype=\"https:\/\/schema.org\/CreativeWork\" ><div class='avia_textblock'  itemprop=\"text\" ><p style=\"text-align: right;\">Cette page est mise \u00e0 jour par SOS Loire Vivante &#8211; ERN France.<\/p>\n<p style=\"text-align: right;\"><em>&gt;&gt; retourner sur <a href=\"https:\/\/www.sosloirevivante.org\">le site web exclusivement consacr\u00e9 \u00e0 nos actions sur la Loire<\/a> (SOS Loire Vivante)<br \/>\n<\/em><\/p>\n<p style=\"text-align: right;\"><em>&gt;&gt; rester sur <a href=\"https:\/\/www.ern.org\/fr\/\">le site web des actions nationales et internationales de l&rsquo;association<\/a> (ERN)<\/em><\/p>\n<\/div><\/section><\/div><\/p>\n\n<style type=\"text\/css\" data-created_by=\"avia_inline_auto\" id=\"style-css-av-k8uxl-c4c75b86cee09855ec7cafbce8ad0b17\">\n.flex_column.av-k8uxl-c4c75b86cee09855ec7cafbce8ad0b17{\nborder-radius:0px 0px 0px 0px;\npadding:0px 0px 0px 0px;\n}\n<\/style>\n<div  class='flex_column av-k8uxl-c4c75b86cee09855ec7cafbce8ad0b17 av_one_fifth  avia-builder-el-34  el_after_av_four_fifth  avia-builder-el-last  flex_column_div av-zero-column-padding  column-top-margin'     ><style type=\"text\/css\" data-created_by=\"avia_inline_auto\" id=\"style-css-av-k60l00t3-c7593ae619303c6e8798788e167450ed\">\n.avia-image-container.av-k60l00t3-c7593ae619303c6e8798788e167450ed img.avia_image{\nbox-shadow:none;\n}\n.avia-image-container.av-k60l00t3-c7593ae619303c6e8798788e167450ed .av-image-caption-overlay-center{\ncolor:#ffffff;\n}\n<\/style>\n<div  class='avia-image-container av-k60l00t3-c7593ae619303c6e8798788e167450ed av-styling- avia-align-center  avia-builder-el-35  avia-builder-el-no-sibling '   itemprop=\"image\" itemscope=\"itemscope\" itemtype=\"https:\/\/schema.org\/ImageObject\" ><div class=\"avia-image-container-inner\"><div class=\"avia-image-overlay-wrap\"><img decoding=\"async\" fetchpriority=\"high\" class='wp-image-11148 avia-img-lazy-loading-not-11148 avia_image ' src=\"https:\/\/www.ern.org\/wp-content\/uploads\/2020\/01\/logo_soslv_ern-1-300x122.png\" alt='' title='logo_soslv_ern'  height=\"122\" width=\"300\"  itemprop=\"thumbnailUrl\" srcset=\"https:\/\/www.ern.org\/wp-content\/uploads\/2020\/01\/logo_soslv_ern-1-300x122.png 300w, https:\/\/www.ern.org\/wp-content\/uploads\/2020\/01\/logo_soslv_ern-1.png 500w\" sizes=\"(max-width: 300px) 100vw, 300px\" \/><\/div><\/div><\/div><\/div>\n","protected":false},"excerpt":{"rendered":"","protected":false},"author":4,"featured_media":18080,"parent":0,"menu_order":0,"comment_status":"closed","ping_status":"closed","template":"","meta":{"footnotes":""},"class_list":["post-10273","page","type-page","status-publish","has-post-thumbnail","hentry"],"_links":{"self":[{"href":"https:\/\/www.ern.org\/fr\/wp-json\/wp\/v2\/pages\/10273","targetHints":{"allow":["GET"]}}],"collection":[{"href":"https:\/\/www.ern.org\/fr\/wp-json\/wp\/v2\/pages"}],"about":[{"href":"https:\/\/www.ern.org\/fr\/wp-json\/wp\/v2\/types\/page"}],"author":[{"embeddable":true,"href":"https:\/\/www.ern.org\/fr\/wp-json\/wp\/v2\/users\/4"}],"replies":[{"embeddable":true,"href":"https:\/\/www.ern.org\/fr\/wp-json\/wp\/v2\/comments?post=10273"}],"version-history":[{"count":8,"href":"https:\/\/www.ern.org\/fr\/wp-json\/wp\/v2\/pages\/10273\/revisions"}],"predecessor-version":[{"id":26453,"href":"https:\/\/www.ern.org\/fr\/wp-json\/wp\/v2\/pages\/10273\/revisions\/26453"}],"wp:featuredmedia":[{"embeddable":true,"href":"https:\/\/www.ern.org\/fr\/wp-json\/wp\/v2\/media\/18080"}],"wp:attachment":[{"href":"https:\/\/www.ern.org\/fr\/wp-json\/wp\/v2\/media?parent=10273"}],"curies":[{"name":"wp","href":"https:\/\/api.w.org\/{rel}","templated":true}]}}